{"id":304569,"date":"2023-09-24T13:04:07","date_gmt":"2023-09-24T10:04:07","guid":{"rendered":"http:\/\/aktion.fi\/aktion-osterbotten\/strategia\/"},"modified":"2025-11-07T10:11:45","modified_gmt":"2025-11-07T07:11:45","slug":"strategia","status":"publish","type":"page","link":"https:\/\/aktion.fi\/fi\/tietoameista\/strategia\/","title":{"rendered":"Strategia"},"content":{"rendered":"<p>[et_pb_section fb_built=&#8221;1&#8243; module_id=&#8221;mbantp2&#8243; _builder_version=&#8221;4.22.1&#8243; _module_preset=&#8221;default&#8221; background_color=&#8221;#FFFFFF&#8221; background_image=&#8221;https:\/\/aktion.fi\/wp-content\/uploads\/2023\/09\/Strategia_Aktion-osterbotten.jpg&#8221; module_alignment=&#8221;center&#8221; custom_padding=&#8221;6%|20%|6%|20%|true|true&#8221; saved_tabs=&#8221;all&#8221; global_colors_info=&#8221;{}&#8221;][et_pb_row module_id=&#8221;brdcrms&#8221; _builder_version=&#8221;4.22.1&#8243; _module_preset=&#8221;default&#8221; global_colors_info=&#8221;{}&#8221;][et_pb_column type=&#8221;4_4&#8243; _builder_version=&#8221;4.22.1&#8243; _module_preset=&#8221;default&#8221; global_colors_info=&#8221;{}&#8221;][et_pb_text _builder_version=&#8221;4.22.1&#8243; _module_preset=&#8221;default&#8221; global_colors_info=&#8221;{}&#8221;]<\/p>\n\t\t\t<!-- Flexy Breadcrumb -->\r\n\t\t\t<div class=\"fbc fbc-page\">\r\n\r\n\t\t\t\t<!-- Breadcrumb wrapper -->\r\n\t\t\t\t<div class=\"fbc-wrap\">\r\n\r\n\t\t\t\t\t<!-- Ordered list-->\r\n\t\t\t\t\t<ol class=\"fbc-items\" itemscope itemtype=\"https:\/\/schema.org\/BreadcrumbList\">\r\n\t\t\t\t\t\t            <li itemprop=\"itemListElement\" itemscope itemtype=\"https:\/\/schema.org\/ListItem\">\r\n                <span itemprop=\"name\">\r\n                    <!-- Home Link -->\r\n                    <a itemprop=\"item\" href=\"https:\/\/aktion.fi\">\r\n                    \r\n                                                    <i class=\"fa fa-home\" aria-hidden=\"true\"><\/i>Home                    <\/a>\r\n                <\/span>\r\n                <meta itemprop=\"position\" content=\"1\" \/><!-- Meta Position-->\r\n             <\/li><li><span class=\"fbc-separator\">\/<\/span><\/li><li class=\"active\" itemprop=\"itemListElement\" itemscope itemtype=\"https:\/\/schema.org\/ListItem\"><span itemprop=\"name\" title=\"Blogi\">Blogi<\/span><meta itemprop=\"position\" content=\"2\" \/><\/li>\t\t\t\t\t<\/ol>\r\n\t\t\t\t\t<div class=\"clearfix\"><\/div>\r\n\t\t\t\t<\/div>\r\n\t\t\t<\/div>\r\n\t\t\t\n<p>[\/et_pb_text][\/et_pb_column][\/et_pb_row][et_pb_row module_id=&#8221;inpghdng&#8221; _builder_version=&#8221;4.22.1&#8243; _module_preset=&#8221;default&#8221; global_colors_info=&#8221;{}&#8221;][et_pb_column type=&#8221;4_4&#8243; _builder_version=&#8221;4.22.1&#8243; _module_preset=&#8221;default&#8221; global_colors_info=&#8221;{}&#8221;][et_pb_text _builder_version=&#8221;4.22.1&#8243; _module_preset=&#8221;default&#8221; header_text_color=&#8221;#FFFFFF&#8221; header_font_size=&#8221;60px&#8221; header_font_size_tablet=&#8221;50px&#8221; header_font_size_phone=&#8221;40px&#8221; header_font_size_last_edited=&#8221;on|phone&#8221; header_text_shadow_style=&#8221;preset2&#8243; header_text_shadow_horizontal_length=&#8221;0.01em&#8221; header_text_shadow_vertical_length=&#8221;0.03em&#8221; global_colors_info=&#8221;{}&#8221;]<\/p>\n<h1>Strategia<\/h1>\n<p>[\/et_pb_text][\/et_pb_column][\/et_pb_row][\/et_pb_section][et_pb_section fb_built=&#8221;1&#8243; _builder_version=&#8221;4.22.1&#8243; _module_preset=&#8221;default&#8221; custom_padding=&#8221;80px||||false|false&#8221; global_colors_info=&#8221;{}&#8221;][et_pb_row _builder_version=&#8221;4.22.1&#8243; _module_preset=&#8221;default&#8221; max_width=&#8221;980px&#8221; custom_padding=&#8221;0px||50px||false|false&#8221; border_width_bottom=&#8221;2px&#8221; border_color_bottom=&#8221;#E3DCD5&#8243; locked=&#8221;off&#8221; global_colors_info=&#8221;{}&#8221;][et_pb_column type=&#8221;4_4&#8243; _builder_version=&#8221;4.22.1&#8243; _module_preset=&#8221;default&#8221; global_colors_info=&#8221;{}&#8221;][et_pb_text module_class=&#8221;intro2&#8243; _builder_version=&#8221;4.27.0&#8243; _module_preset=&#8221;default&#8221; text_font=&#8221;|300|||||||&#8221; hover_enabled=&#8221;0&#8243; global_colors_info=&#8221;{}&#8221; sticky_enabled=&#8221;0&#8243; custom_padding=&#8221;||3px|||&#8221;]<\/p>\n<h2>MEID\u00c4N POHJANMAAMME 2030<\/h2>\n<p>Kehitt\u00e4misstrategiamme Meid\u00e4n Pohjanmaamme on Pohjanmaan alueen kehitt\u00e4misen perusta. Strategia kuvailee mit\u00e4 pit\u00e4\u00e4 tehd\u00e4 ja luoda, jotta saavutetaan toivottu tulevaisuus. Meid\u00e4n Pohjanmaamme on kaikkien meid\u00e4n tavoite, jotta luodaan paikka, jossa on turvallista kasvaa ja jossa on edellytyksi\u00e4 rakentaa hyv\u00e4 ja kest\u00e4v\u00e4 tulevaisuus.<\/p>\n<p>Otimme strategiaty\u00f6n pohjaksi YK:n globaalit kest\u00e4v\u00e4n kehityksen Agenda 2030 tavoitteet.*) N\u00e4ist\u00e4 m\u00e4\u00e4ritimme alueemme kannalta oleellisimmiksi kuusi tavoitetta, mutta emme unohtaneet muitakaan.<\/p>\n<p>Halusimme yhteensovittaa ne paikallisen tason kehitt\u00e4misen tarpeisiin osoittaaksemme, ett\u00e4 pienill\u00e4 teoilla voidaan saada aikaan tarvittavia muutoksia.<br \/>Leader-periaatteista verkostoituminen, paikallinen kumppanuus ja alueiden v\u00e4linen ja kansainv\u00e4linen yhteisty\u00f6 korostuvat erityisesti, kun rakennetaan paikallisia ratkaisuja kest\u00e4v\u00e4n kehityksen tavoitteiden saavuttamiseksi.<\/p>\n<p>Leader-periaatteissa korostuvat erityisesti verkostoituminen, paikallinen kumppanuus sek\u00e4 yhteisty\u00f6 alueiden ja kansainv\u00e4lisell\u00e4 tasolla luodessa paikallisia ratkaisuja kest\u00e4vien kehitystavoitteiden saavuttamiseksi.<\/p>\n<p><strong>T\u00e4ll\u00e4 sivulla voit tutustua strategian painopistealueisiin. Kuvaukset sivulla perustuvat kehitt\u00e4misstrategian tiivistelm\u00e4\u00e4n.\u00a0<\/strong><\/p>\n<p>[\/et_pb_text][\/et_pb_column][\/et_pb_row][et_pb_row _builder_version=&#8221;4.27.0&#8243; _module_preset=&#8221;default&#8221; column_structure=&#8221;1_2,1_2&#8243;][et_pb_column _builder_version=&#8221;4.27.0&#8243; _module_preset=&#8221;default&#8221; type=&#8221;1_2&#8243;][et_pb_cta button_text=&#8221;Meid\u00e4n Pohjanmaamme tiivistelm\u00e4&#8221; _builder_version=&#8221;4.27.0&#8243; _module_preset=&#8221;default&#8221; hover_enabled=&#8221;0&#8243; sticky_enabled=&#8221;0&#8243; button_url=&#8221;https:\/\/aktion.fi\/wp-content\/uploads\/2024\/05\/strategian-tiivistelma-fi.pdf&#8221;]<\/p>\n<p>Kehitt\u00e4misstrategian tiivistelm\u00e4n l\u00f6yd\u00e4t t\u00e4\u00e4lt\u00e4<\/p>\n<p>[\/et_pb_cta][\/et_pb_column][et_pb_column _builder_version=&#8221;4.27.0&#8243; _module_preset=&#8221;default&#8221; type=&#8221;1_2&#8243;][et_pb_cta button_text=&#8221;Meid\u00e4n Pohjanmaamme 2030&#8243; _builder_version=&#8221;4.27.0&#8243; _module_preset=&#8221;default&#8221; hover_enabled=&#8221;0&#8243; sticky_enabled=&#8221;0&#8243; button_url=&#8221;https:\/\/aktion.fi\/wp-content\/uploads\/2024\/05\/Meidan-Pohjanmaamme.pdf&#8221;]<\/p>\n<p>T\u00e4\u00e4ll\u00e4 voit tutustua laajempaan kehitt\u00e4misstrategiaan.<\/p>\n<p>[\/et_pb_cta][\/et_pb_column][\/et_pb_row][et_pb_row _builder_version=&#8221;4.22.1&#8243; _module_preset=&#8221;default&#8221; max_width=&#8221;980px&#8221; custom_padding=&#8221;50px||||false|false&#8221; border_color_bottom=&#8221;#E3DCD5&#8243; locked=&#8221;off&#8221; global_colors_info=&#8221;{}&#8221;][et_pb_column type=&#8221;4_4&#8243; _builder_version=&#8221;4.22.1&#8243; _module_preset=&#8221;default&#8221; global_colors_info=&#8221;{}&#8221;][et_pb_text _builder_version=&#8221;4.22.1&#8243; _module_preset=&#8221;default&#8221; text_font=&#8221;|300|||||||&#8221; global_colors_info=&#8221;{}&#8221;]<\/p>\n<h2>Kest\u00e4v\u00e4 kehitys<\/h2>\n<p>[\/et_pb_text][\/et_pb_column][\/et_pb_row][et_pb_row _builder_version=&#8221;4.22.1&#8243; _module_preset=&#8221;default&#8221; max_width=&#8221;980px&#8221; custom_margin=&#8221;||60px||false|false&#8221; custom_padding=&#8221;0px|0px|0px|0px|false|true&#8221; border_width_bottom=&#8221;2px&#8221; border_color_bottom=&#8221;#E3DCD5&#8243; global_colors_info=&#8221;{}&#8221;][et_pb_column type=&#8221;4_4&#8243; _builder_version=&#8221;4.22.1&#8243; _module_preset=&#8221;default&#8221; global_colors_info=&#8221;{}&#8221;][et_pb_slider module_id=&#8221;slider1&#8243; _builder_version=&#8221;4.22.1&#8243; _module_preset=&#8221;default&#8221; global_colors_info=&#8221;{}&#8221;][et_pb_slide heading=&#8221;Tavoite 3 &#8211; Terveytt\u00e4 ja hyvinvointia&#8221; image=&#8221;https:\/\/aktion.fi\/wp-content\/uploads\/2023\/10\/SV3_halsa.jpg&#8221; _builder_version=&#8221;4.22.1&#8243; _module_preset=&#8221;default&#8221; header_text_color=&#8221;#333333&#8243; header_font_size=&#8221;22px&#8221; body_text_color=&#8221;#333333&#8243; background_color=&#8221;#FFFFFF&#8221; background_enable_color=&#8221;on&#8221; custom_padding=&#8221;0px|0px|0px|0px|true|true&#8221; global_colors_info=&#8221;{}&#8221; sticky_transition=&#8221;on&#8221;]<\/p>\n<p>Varmistetaan, ett\u00e4 kaikki voivat el\u00e4\u00e4 terveellist\u00e4 el\u00e4m\u00e4\u00e4, ja edistet\u00e4\u00e4n kaikkien ihmisten hyvinvointia kaikissa ik\u00e4ryhmiss\u00e4.<\/p>\n<p>Strategiamme kannalta erilaiset toimenpiteet ja investoinnit ovat t\u00e4rkeit\u00e4 alueen asukkaiden hyvinvoinnin ja viihtyvyyden edist\u00e4miseksi. Esimerkiksi parantamalla terveytt\u00e4 ja hyvinvointia edist\u00e4vi\u00e4 liikunta- ja vapaa-ajan aktiviteetteja sek\u00e4 kulttuuritoimintaa. Terveyteen ja hyvinvointiin liittyv\u00e4t uudet palvelut ja yhteisty\u00f6mallit ovat my\u00f6s t\u00e4m\u00e4n tavoitteen keskeisi\u00e4 toimenpiteit\u00e4.<\/p>\n<p>AVAINARVOT: tasa-arvo, pysyvyys, itsekunnioitus, suvaitsevaisuus.<\/p>\n<p>[\/et_pb_slide][et_pb_slide heading=&#8221;Tavoite 4 &#8211; Hyv\u00e4 koulutus&#8221; image=&#8221;http:\/\/aktion.fi\/wp-content\/uploads\/2023\/11\/Mal-4.bmp&#8221; _builder_version=&#8221;4.22.1&#8243; _module_preset=&#8221;default&#8221; header_text_color=&#8221;#333333&#8243; header_font_size=&#8221;22px&#8221; body_text_color=&#8221;#333333&#8243; background_color=&#8221;#FFFFFF&#8221; background_enable_color=&#8221;on&#8221; custom_padding=&#8221;0px|0px|0px|0px|true|true&#8221; global_colors_info=&#8221;{}&#8221; sticky_transition=&#8221;on&#8221;]<\/p>\n<p>Meid\u00e4n strategiamme kannalta t\u00e4h\u00e4n liittyvi\u00e4 t\u00e4rkeit\u00e4 tavoitteita ovat erityisesti kaikki sellaiset toimenpiteet, jotka edist\u00e4v\u00e4t kokeiluja ja uuden oppimista. Elinik\u00e4inen oppiminen ei tarkoita v\u00e4ltt\u00e4m\u00e4tt\u00e4 koulun penkill\u00e4 istumista, vaan uutta voi oppia monin eri tavoin ja tietoa saada monista eri l\u00e4hteist\u00e4. Lasten ja nuorten yritt\u00e4jyyskasvatus ja esimerkiksi kest\u00e4v\u00e4\u00e4n kehitykseen liittyv\u00e4n osaamisen vahvistaminen ovat esimerkkej\u00e4 siit\u00e4, miten voimme edist\u00e4\u00e4 t\u00e4m\u00e4n tavoitteen toteutumista.<\/p>\n<p>T\u00c4RKE\u00c4T ARVOT: muutosvalmius, taloudellinen menestys, mukautuvaisuus.<\/p>\n<p>[\/et_pb_slide][et_pb_slide heading=&#8221;Tavoite 8 &#8211; Ihmisarvoista ty\u00f6t\u00e4 ja talouskasvua&#8221; image=&#8221;https:\/\/aktion.fi\/wp-content\/uploads\/2023\/11\/Mal-8.bmp&#8221; _builder_version=&#8221;4.22.1&#8243; _module_preset=&#8221;default&#8221; header_text_color=&#8221;#333333&#8243; header_font_size=&#8221;22px&#8221; body_text_color=&#8221;#333333&#8243; background_color=&#8221;#FFFFFF&#8221; background_enable_color=&#8221;on&#8221; custom_padding=&#8221;0px|0px|0px|0px|true|true&#8221; global_colors_info=&#8221;{}&#8221; sticky_transition=&#8221;on&#8221;]<\/p>\n<p>Tavoitteena on edist\u00e4\u00e4 kaikkia koskevaa talouskasvua, t\u00e4ytt\u00e4 ja tuottavaa ty\u00f6llisyytt\u00e4 sek\u00e4 s\u00e4\u00e4llisi\u00e4 ty\u00f6paikkoja.<\/p>\n<p>Meid\u00e4n strategiamme kannalta erityisen t\u00e4rke\u00e4\u00e4 on alueen yritt\u00e4jyyden edist\u00e4minen ja yritysten erilaiset kehitt\u00e4mistoimet, jotka parantavat yritysten kilpailukyky\u00e4. My\u00f6s yritt\u00e4jyyskasvatus ja kest\u00e4v\u00e4\u00e4 matkailua edist\u00e4v\u00e4t toimet tukevat t\u00e4t\u00e4 tavoitetta.<\/p>\n<p>T\u00c4RKE\u00c4T ARVOT: ahkera ty\u00f6 ja yritt\u00e4jyys, rehellisyys ja spontaanius<\/p>\n<p>[\/et_pb_slide][et_pb_slide heading=&#8221;Tavoite 9 &#8211; Kest\u00e4v\u00e4\u00e4 teollisuutta, innovaatioita ja infrastruktuureja&#8221; image=&#8221;https:\/\/aktion.fi\/wp-content\/uploads\/2023\/11\/Mal-9.bmp&#8221; _builder_version=&#8221;4.22.1&#8243; _module_preset=&#8221;default&#8221; header_text_color=&#8221;#333333&#8243; header_font_size=&#8221;22px&#8221; body_text_color=&#8221;#333333&#8243; background_color=&#8221;#FFFFFF&#8221; background_enable_color=&#8221;on&#8221; custom_padding=&#8221;0px|0px|0px|0px|true|true&#8221; global_colors_info=&#8221;{}&#8221; sticky_transition=&#8221;on&#8221;]<\/p>\n<p>Tavoitteena on rakentaa kest\u00e4v\u00e4\u00e4 infrastruktuuria sek\u00e4 edist\u00e4\u00e4 kest\u00e4v\u00e4\u00e4 teollisuutta ja innovaatioita.<\/p>\n<p>Meid\u00e4n strategiamme kannalta t\u00e4h\u00e4n liittyvi\u00e4 t\u00e4rkeit\u00e4 tavoitteita ovat erityisesti kiertotalouteen liittyv\u00e4t investoinnit ja uudet toimintamallit. My\u00f6s yritysten ja oppilaitosten v\u00e4linen yhteisty\u00f6 tutkimuksen ja innovaatioiden parissa ja hankkeet, jotka parantavat pienten yritysten asemaa ja mahdollisuuksia<\/p>\n<p>T\u00c4RKE\u00c4T ARVOT: Tulevaisuuteen katsominen, kehitt\u00e4mismy\u00f6nteisyys ja rohkeus<\/p>\n<p>[\/et_pb_slide][et_pb_slide heading=&#8221;Tavoite 11 &#8211; Kest\u00e4v\u00e4t kaupungit ja yhteis\u00f6t&#8221; image=&#8221;https:\/\/aktion.fi\/wp-content\/uploads\/2023\/11\/Mal-11.bmp&#8221; _builder_version=&#8221;4.22.1&#8243; _module_preset=&#8221;default&#8221; header_text_color=&#8221;#333333&#8243; header_font_size=&#8221;22px&#8221; body_text_color=&#8221;#333333&#8243; background_color=&#8221;#FFFFFF&#8221; background_enable_color=&#8221;on&#8221; custom_padding=&#8221;0px|0px|0px|0px|true|true&#8221; global_colors_info=&#8221;{}&#8221; sticky_transition=&#8221;on&#8221;]<\/p>\n<p>Tavoitteena on taata turvalliset ja kest\u00e4v\u00e4t kaupungit sek\u00e4 asuinyhdyskunnat.<\/p>\n<p>Meid\u00e4n strategiamme kannalta t\u00e4h\u00e4n liittyvi\u00e4 t\u00e4rkeit\u00e4 tavoitteita ovat yhteis\u00f6llisyytt\u00e4 ja osallisuutta lis\u00e4\u00e4v\u00e4t toimenpiteet. Hankkeet, joilla parannetaan asuinymp\u00e4rist\u00f6jen viihtyisyytt\u00e4, turvallisuutta tai kest\u00e4vyytt\u00e4 toteuttavat t\u00e4t\u00e4 tavoitetta. T\u00e4m\u00e4n tavoitteen alle sijoittuvat my\u00f6s kulttuuri- ja luonnonperint\u00f6\u00e4 suojelevat hankkeet. Meid\u00e4n strategiamme kannalta my\u00f6s hankkeet, joissa edistet\u00e4\u00e4n kaupunkien ja maaseudun v\u00e4list\u00e4 vuoropuhelua ja yhteisty\u00f6t\u00e4, toteuttavat t\u00e4t\u00e4 tavoitetta.<\/p>\n<p>T\u00c4RKE\u00c4T ARVOT: perhemy\u00f6nteisyys, yhteisty\u00f6, l\u00e4pin\u00e4kyvyys, avoimuus, yhteis\u00f6llisyys ja vieraanvaraisuus<\/p>\n<p>[\/et_pb_slide][et_pb_slide heading=&#8221;Tavoite 15 &#8211; Maanp\u00e4\u00e4llinen el\u00e4m\u00e4&#8221; image=&#8221;https:\/\/aktion.fi\/wp-content\/uploads\/2023\/11\/Mal-15.bmp&#8221; _builder_version=&#8221;4.22.1&#8243; _module_preset=&#8221;default&#8221; header_text_color=&#8221;#333333&#8243; header_font_size=&#8221;22px&#8221; body_text_color=&#8221;#333333&#8243; background_color=&#8221;#FFFFFF&#8221; background_enable_color=&#8221;on&#8221; custom_padding=&#8221;0px|0px|0px|0px|true|true&#8221; global_colors_info=&#8221;{}&#8221; sticky_transition=&#8221;on&#8221;]<\/p>\n<p>Tavoitteena on suojella ja palauttaa ennalleen maaekosysteemej\u00e4, edist\u00e4\u00e4 niiden kest\u00e4v\u00e4\u00e4 k\u00e4ytt\u00f6\u00e4 sek\u00e4 pys\u00e4ytt\u00e4\u00e4 maaper\u00e4n k\u00f6yhtyminen ja luonnon monimuotoisuuden h\u00e4vi\u00e4minen.<\/p>\n<p>Toivomme, ett\u00e4 jokaisessa hankkeessa on mietitty v\u00e4hint\u00e4\u00e4n sit\u00e4, millaiset ovat hankkeen ymp\u00e4rist\u00f6vaikutukset. Se, ett\u00e4 hankkeella ei aiheuteta merkitt\u00e4v\u00e4\u00e4 haittaa ymp\u00e4rist\u00f6lle, on v\u00e4himm\u00e4isvaatimus. My\u00f6s esimerkiksi erilaiset tiedonv\u00e4litys- ja koulutushankkeet, jotka edist\u00e4v\u00e4t ymp\u00e4rist\u00f6tietoisuutta ja luonnon monimuotoisuutta, tukevat t\u00e4t\u00e4 tavoitetta.<\/p>\n<p>T\u00c4RKE\u00c4T ARVOT: luonnonl\u00e4heisyys, kantokyvyn kunniottaminen<\/p>\n<p>[\/et_pb_slide][\/et_pb_slider][\/et_pb_column][\/et_pb_row][et_pb_row _builder_version=&#8221;4.22.1&#8243; _module_preset=&#8221;default&#8221; max_width=&#8221;980px&#8221; custom_padding=&#8221;0px||0px||false|false&#8221; border_color_bottom=&#8221;#E3DCD5&#8243; locked=&#8221;off&#8221; global_colors_info=&#8221;{}&#8221;][et_pb_column type=&#8221;4_4&#8243; _builder_version=&#8221;4.22.1&#8243; _module_preset=&#8221;default&#8221; global_colors_info=&#8221;{}&#8221;][et_pb_text _builder_version=&#8221;4.22.1&#8243; _module_preset=&#8221;default&#8221; text_font=&#8221;|300|||||||&#8221; global_colors_info=&#8221;{}&#8221;]<\/p>\n<h1>MEID\u00c4N YST\u00c4V\u00c4LLINEN JA KEST\u00c4V\u00c4 POHJANMAAMME &#8211; TERVETULOA TULEVAISUUS!<\/h1>\n<p>VISIO2030 Pohjanmaan maaseutu on perheyst\u00e4v\u00e4llinen, suvaitsevainen ja ennakkoluuloton. Alueella on rikas kulttuuriel\u00e4m\u00e4, vahva yhteis\u00f6llisyys ja kansainv\u00e4linen ilmapiiri. Pohjanmaan maaseutu tarjoaa puitteet turvalliselle ja kest\u00e4v\u00e4lle el\u00e4m\u00e4lle ja rohkealle yritt\u00e4jyydelle l\u00e4hell\u00e4 kaikkea ja on my\u00f6s rohkeasti uudistuva ja omanlainen.<\/p>\n<p>[\/et_pb_text][et_pb_image src=&#8221;https:\/\/aktion.fi\/wp-content\/uploads\/2023\/11\/Strategivisualisering_sRGB-scaled.jpg&#8221; title_text=&#8221;Strategivisualisering_sRGB&#8221; _builder_version=&#8221;4.22.1&#8243; _module_preset=&#8221;default&#8221; custom_margin=&#8221;30px||||false|false&#8221; global_colors_info=&#8221;{}&#8221;][\/et_pb_image][\/et_pb_column][\/et_pb_row][et_pb_row _builder_version=&#8221;4.22.1&#8243; _module_preset=&#8221;default&#8221; global_colors_info=&#8221;{}&#8221;][et_pb_column type=&#8221;4_4&#8243; _builder_version=&#8221;4.22.1&#8243; _module_preset=&#8221;default&#8221; global_colors_info=&#8221;{}&#8221;][et_pb_text _builder_version=&#8221;4.22.1&#8243; _module_preset=&#8221;default&#8221; max_width=&#8221;980px&#8221; module_alignment=&#8221;center&#8221; custom_margin=&#8221;40px||||false|false&#8221; custom_padding=&#8221;50px||||false|false&#8221; border_width_top=&#8221;2px&#8221; border_color_top=&#8221;#E3DCD5&#8243; global_colors_info=&#8221;{}&#8221;]<\/p>\n<h2 class=\"wpb_heading wpb_accordion_heading\">PAINOPISTEALUEET<\/h2>\n<p>[\/et_pb_text][\/et_pb_column][\/et_pb_row][et_pb_row column_structure=&#8221;1_4,1_4,1_4,1_4&#8243; _builder_version=&#8221;4.22.1&#8243; _module_preset=&#8221;default&#8221; max_width=&#8221;980px&#8221; global_colors_info=&#8221;{}&#8221;][et_pb_column type=&#8221;1_4&#8243; _builder_version=&#8221;4.22.1&#8243; _module_preset=&#8221;default&#8221; global_colors_info=&#8221;{}&#8221;][et_pb_text _builder_version=&#8221;4.22.1&#8243; _module_preset=&#8221;default&#8221; background_color=&#8221;#E3DCD5&#8243; height=&#8221;222px&#8221; global_colors_info=&#8221;{}&#8221;]<\/p>\n<h5 style=\"text-align: center;\"><\/h5>\n<h5 style=\"text-align: center;\">El\u00e4v\u00e4 ja uudistuva Pohjanmaa<\/h5>\n<ul>\n<li style=\"list-style-type: none;\">\n<ul>\n<li>Nuorten yritt\u00e4jyys<\/li>\n<li>Yhteis\u00f6lliyys<\/li>\n<li>Ymp\u00e4rist\u00f6tietoisuus<\/li>\n<li>Kansainv\u00e4lisyys<\/li>\n<\/ul>\n<\/li>\n<\/ul>\n<p>[\/et_pb_text][\/et_pb_column][et_pb_column type=&#8221;1_4&#8243; _builder_version=&#8221;4.22.1&#8243; _module_preset=&#8221;default&#8221; global_colors_info=&#8221;{}&#8221;][et_pb_text _builder_version=&#8221;4.22.1&#8243; _module_preset=&#8221;default&#8221; background_color=&#8221;#E3DCD5&#8243; height=&#8221;222px&#8221; global_colors_info=&#8221;{}&#8221;]<\/p>\n<h5 style=\"text-align: center;\"><\/h5>\n<h5 style=\"text-align: center;\">Innovatiivinen ja rohkea yritt\u00e4jyys Pohjanmaalla<\/h5>\n<ul>\n<li style=\"list-style-type: none;\">\n<ul>\n<li>Kilpailukyky<\/li>\n<li>Yhteis\u00f6llisyys<\/li>\n<li>Kiertotalous ja ymp\u00e4rist\u00f6osaaminen<\/li>\n<\/ul>\n<\/li>\n<\/ul>\n<p>[\/et_pb_text][\/et_pb_column][et_pb_column type=&#8221;1_4&#8243; _builder_version=&#8221;4.22.1&#8243; _module_preset=&#8221;default&#8221; global_colors_info=&#8221;{}&#8221;][et_pb_text _builder_version=&#8221;4.22.1&#8243; _module_preset=&#8221;default&#8221; background_color=&#8221;#E3DCD5&#8243; height=&#8221;222px&#8221; global_colors_info=&#8221;{}&#8221;]<\/p>\n<h5 style=\"text-align: center;\"><\/h5>\n<h5 style=\"text-align: center;\">Pohjanmaan \u00e4lyk\u00e4s maaseutu<\/h5>\n<ul>\n<li style=\"list-style-type: none;\">\n<ul>\n<li>Omavaraisuus ja varautuminen<\/li>\n<li>Verkostoituminen ja yhteisty\u00f6<\/li>\n<li>Ennakointi- ja tulevaisuustaidot<\/li>\n<\/ul>\n<\/li>\n<\/ul>\n<p>[\/et_pb_text][\/et_pb_column][et_pb_column type=&#8221;1_4&#8243; _builder_version=&#8221;4.22.1&#8243; _module_preset=&#8221;default&#8221; global_colors_info=&#8221;{}&#8221;][et_pb_text _builder_version=&#8221;4.22.1&#8243; _module_preset=&#8221;default&#8221; background_color=&#8221;#E3DCD5&#8243; height=&#8221;222px&#8221; global_colors_info=&#8221;{}&#8221;]<\/p>\n<h5 style=\"text-align: center;\"><\/h5>\n<h5 style=\"text-align: center;\">Yhteis\u00f6llinen ja vieraanvarainen Pohjanmaa<\/h5>\n<ul>\n<li style=\"list-style-type: none;\">\n<ul>\n<li>Uudistuminen<\/li>\n<li>Digiosaaminen<\/li>\n<li>Kulttuuriperinn\u00f6n vahvistaminen<\/li>\n<\/ul>\n<\/li>\n<\/ul>\n<p>&nbsp;<\/p>\n<p>&nbsp;<\/p>\n<p>[\/et_pb_text][\/et_pb_column][\/et_pb_row][et_pb_row _builder_version=&#8221;4.22.1&#8243; _module_preset=&#8221;default&#8221; global_colors_info=&#8221;{}&#8221;][et_pb_column type=&#8221;4_4&#8243; _builder_version=&#8221;4.22.1&#8243; _module_preset=&#8221;default&#8221; global_colors_info=&#8221;{}&#8221;][et_pb_text _builder_version=&#8221;4.22.1&#8243; _module_preset=&#8221;default&#8221; max_width=&#8221;980px&#8221; module_alignment=&#8221;center&#8221; custom_margin=&#8221;40px||||false|false&#8221; custom_padding=&#8221;50px||||false|false&#8221; border_width_top=&#8221;2px&#8221; border_color_top=&#8221;#E3DCD5&#8243; global_colors_info=&#8221;{}&#8221;]<\/p>\n<h2 class=\"wpb_heading wpb_accordion_heading\">PAINOPISTEALUEET<\/h2>\n<p>[\/et_pb_text][et_pb_tabs _builder_version=&#8221;4.22.1&#8243; _module_preset=&#8221;default&#8221; global_colors_info=&#8221;{}&#8221;][et_pb_tab title=&#8221;Nuoret&#8221; _builder_version=&#8221;4.22.1&#8243; _module_preset=&#8221;default&#8221; global_colors_info=&#8221;{}&#8221;]<\/p>\n<h4>El\u00e4v\u00e4 ja uudistuva Pohjanmaa<\/h4>\n<p>Tuemme yhteis\u00f6llisyytt\u00e4 ja tuelvaisuustaitoja:<br \/>&#8211; Panostetaan paluumuuttajien houkuttelemiseen.<br \/>&#8211; Edistet\u00e4\u00e4n kieli- ja kulttuurirajat ylitt\u00e4v\u00e4\u00e4 kommunikaatiota ja tekemist\u00e4 kaikissa ik\u00e4ryhmiss\u00e4.<br \/>&#8211; Oteaan nuoret mukaan maaseudun kehitt\u00e4miseen jalkauttamalla kehitt\u00e4mistoimia kouluihin ja paikkoihin, joissa nuoret ovat. Ideaty\u00f6pajoja nuorille kyliss\u00e4.<br \/>&#8211; Tuetaan nuorten omaa n\u00e4kymist\u00e4 ja tapaa toimia ilman valmiiksi m\u00e4\u00e4ritettyj\u00e4 odotuksia ja oletuksia.<\/p>\n<p>Edist\u00e4mme nuorten yritt\u00e4jyytt\u00e4 niin ett\u00e4:<br \/>&#8211; Lis\u00e4t\u00e4\u00e4n nuorten tiet\u00e4myst\u00e4 ja kiinnostusta ruoantuotantoon.<\/p>\n<p>&#8211; Yritt\u00e4jyyskasvatuksen vahvistaminen mm. luomalla foorumeja ja toimintamalleja nuorten ja yritt\u00e4jien kohtaamiselle.<br \/>&#8211; Tuetaan nuorten yritt\u00e4jyytt\u00e4 ja yhteisty\u00f6n kehitt\u00e4mist\u00e4 eri toimijoiden kesken.<br \/>Ymp\u00e4rist\u00f6tietoisuus ja kansainv\u00e4lisyys ovat my\u00f6s t\u00e4rkeit\u00e4:<br \/>-Tarjotaan nuorille mahdollisuuksia osallistua kuntien v\u00e4liseen yhteisty\u00f6h\u00f6n ymp\u00e4rist\u00f6n ja ilmaston hyv\u00e4ksi.<br \/>&#8211; Edistet\u00e4\u00e4n nuorten kansainv\u00e4lisyytt\u00e4 ja alueen kiinnostavuutta kansainv\u00e4listen nuorten keskuudessa.<\/p>\n<p><em>\u201dHyvinvoiva ja Pohjanmaalla viihtyv\u00e4 nuoriso uudistaa maakuntaa aktiivisesti ja kasvattaa kansainv\u00e4list\u00e4 verkostoa. Nuoret kartuttavat osaamista ja kokemusta omassa maakunnassa, mutta hakevat niit\u00e4 my\u00f6s muilta alueilta ja jopa ulkomailta, mutta vahvat pohjalaiset juuret vet\u00e4v\u00e4t heid\u00e4t takaisin viimeist\u00e4\u00e4n, kun on aika rakentaa el\u00e4m\u00e4\u00e4n jotain pysyv\u00e4mp\u00e4\u00e4.\u201d<\/em><\/p>\n<p><em><img loading=\"lazy\" decoding=\"async\" src=\"http:\/\/aktion.fi\/wp-content\/uploads\/2023\/11\/02-ingen-hunger-300x300.png\" width=\"116\" height=\"116\" alt=\"\" class=\"wp-image-304890 alignnone size-medium\"><img loading=\"lazy\" decoding=\"async\" src=\"http:\/\/aktion.fi\/wp-content\/uploads\/2023\/11\/Mal-3.bmp\" width=\"116\" height=\"116\" alt=\"\" class=\"wp-image-304840 alignnone size-full\"><img loading=\"lazy\" decoding=\"async\" src=\"http:\/\/aktion.fi\/wp-content\/uploads\/2023\/11\/04_god_utbildning-300x300.png\" width=\"116\" height=\"116\" alt=\"\" class=\"wp-image-304896 alignnone size-medium\"><img loading=\"lazy\" decoding=\"async\" src=\"http:\/\/aktion.fi\/wp-content\/uploads\/2023\/11\/Mal-5.bmp\" width=\"116\" height=\"116\" alt=\"\" class=\"wp-image-304846 alignnone size-medium\"><img loading=\"lazy\" decoding=\"async\" src=\"http:\/\/aktion.fi\/wp-content\/uploads\/2023\/11\/Mal-8.bmp\" width=\"116\" height=\"116\" alt=\"\" class=\"wp-image-304855 alignnone size-medium\"><\/em><\/p>\n<p><em><img loading=\"lazy\" decoding=\"async\" src=\"http:\/\/aktion.fi\/wp-content\/uploads\/2023\/11\/Mal-10.bmp\" width=\"116\" height=\"116\" alt=\"\" class=\"wp-image-304862 alignnone size-medium\"><img loading=\"lazy\" decoding=\"async\" src=\"http:\/\/aktion.fi\/wp-content\/uploads\/2023\/11\/Mal-11.bmp\" width=\"116\" height=\"116\" alt=\"\" class=\"wp-image-304865 alignnone size-medium\"><img loading=\"lazy\" decoding=\"async\" src=\"http:\/\/aktion.fi\/wp-content\/uploads\/2023\/11\/Mal-14.bmp\" width=\"116\" height=\"116\" alt=\"\" class=\"wp-image-304874 alignnone size-medium\"><img loading=\"lazy\" decoding=\"async\" src=\"http:\/\/aktion.fi\/wp-content\/uploads\/2023\/11\/Mal-16.bmp\" width=\"116\" height=\"116\" alt=\"\" class=\"wp-image-304880 alignnone size-medium\">                <\/em><\/p>\n<p>&nbsp;<\/p>\n<p>&nbsp;<\/p>\n<p>[\/et_pb_tab][et_pb_tab title=&#8221;Yritt\u00e4j\u00e4t&#8221; _builder_version=&#8221;4.22.1&#8243; _module_preset=&#8221;default&#8221; global_colors_info=&#8221;{}&#8221;]<\/p>\n<h4>Innovatiivinen ja rohkea yritt\u00e4jyys Pohjanmaalla<\/h4>\n<p>Pohjanmaa on yritt\u00e4jien maakunta ja me haluamme vahvistaa sen kilpailukyky\u00e4:<br \/>-Tuetaan aloittavia yritt\u00e4ji\u00e4 ja yrityksi\u00e4, jotka haluavat uudistaa olemassa olevaa yritystoimintaa.<br \/>&#8211; Tuetaan l\u00e4hiruokaan ja lyhyisiin ruokaketjuihin liittyvi\u00e4 ketteri\u00e4 kokeiluja ja innovaatioita.<br \/>&#8211; Edistet\u00e4\u00e4n innovaatiokulttuuria maaseudulla.<br \/>&#8211; Kehitet\u00e4\u00e4n ja hy\u00f6dynnet\u00e4\u00e4n alueen monipuolisia matkailumahdollisuuksia.<\/p>\n<p>Yhteis\u00f6llisyys ja tasa-arvo tukevat yritt\u00e4jyytt\u00e4 ja auttavat ratkaisemaan ty\u00f6voimapulaa, tavoitteina on my\u00f6s:<br \/>&#8211; Kannustaa tytt\u00f6j\u00e4 teknologia-alalle ja rohkaistaan naisia yritt\u00e4jyyteen.<br \/>&#8211; Kehitet\u00e4\u00e4n maaseudun innovaatiokeskittymi\u00e4, jotka hy\u00f6dynt\u00e4v\u00e4t olemassa olevaa infraa ja luovat uutta ker\u00e4\u00e4m\u00e4ll\u00e4 yhteen toimijoita.<br \/>&#8211; Vahvistetaan alueen yritysten kiertotalous- ja ymp\u00e4rist\u00f6osaamista ja niiden tuomien uusien liiketoimintamahdollisuuksien hy\u00f6dynt\u00e4mist\u00e4.<\/p>\n<p><em>\u201dPohjanmaan elinkeinorakenne on monipuolinen. Paikkariippumaton yritt\u00e4jyys mahdollistaa globaalit asiakkuudet. Matkailu, luovat alat ja l\u00e4hiruoan tuottajat luovat uusia yhteisty\u00f6malleja. Elinkeinotoiminta on vahvasti verkottunutta ja kehittyy kansainv\u00e4lisesti. Uusia yrityksi\u00e4 perustetaan ja vanhat vaihtavat omistajia. \u201d<\/em><\/p>\n<p><em><img loading=\"lazy\" decoding=\"async\" src=\"http:\/\/aktion.fi\/wp-content\/uploads\/2023\/11\/02-ingen-hunger-300x300.png\" width=\"116\" height=\"116\" alt=\"\" class=\"wp-image-304890 alignnone size-medium\"><img loading=\"lazy\" decoding=\"async\" src=\"http:\/\/aktion.fi\/wp-content\/uploads\/2023\/11\/04_god_utbildning-300x300.png\" width=\"116\" height=\"116\" alt=\"\" class=\"wp-image-304896 alignnone size-medium\"><img loading=\"lazy\" decoding=\"async\" src=\"http:\/\/aktion.fi\/wp-content\/uploads\/2023\/11\/Mal-5.bmp\" width=\"116\" height=\"116\" alt=\"\" class=\"wp-image-304846 alignnone size-medium\"><img loading=\"lazy\" decoding=\"async\" src=\"http:\/\/aktion.fi\/wp-content\/uploads\/2023\/11\/Mal-8.bmp\" width=\"116\" height=\"116\" alt=\"\" class=\"wp-image-304855 alignnone size-medium\"><\/em><\/p>\n<p><em><img loading=\"lazy\" decoding=\"async\" src=\"http:\/\/aktion.fi\/wp-content\/uploads\/2023\/11\/Mal-9.bmp\" width=\"116\" height=\"116\" alt=\"\" class=\"wp-image-304859 alignnone size-full\"><img loading=\"lazy\" decoding=\"async\" src=\"http:\/\/aktion.fi\/wp-content\/uploads\/2023\/11\/Mal-11.bmp\" width=\"116\" height=\"116\" alt=\"\" class=\"wp-image-304865 alignnone size-medium\"><img loading=\"lazy\" decoding=\"async\" src=\"http:\/\/aktion.fi\/wp-content\/uploads\/2023\/11\/Mal-12.bmp\" width=\"116\" height=\"116\" alt=\"\" class=\"wp-image-304868 alignnone size-medium\"><img loading=\"lazy\" decoding=\"async\" src=\"http:\/\/aktion.fi\/wp-content\/uploads\/2023\/11\/Mal-13.bmp\" width=\"116\" height=\"116\" alt=\"\" class=\"wp-image-304871 alignnone size-full\">               <\/em><\/p>\n<p>&nbsp;<\/p>\n<p>&nbsp;<\/p>\n<p>[\/et_pb_tab][et_pb_tab title=&#8221;\u00c4lyk\u00e4s maaseutu&#8221; _builder_version=&#8221;4.22.1&#8243; _module_preset=&#8221;default&#8221; global_colors_info=&#8221;{}&#8221;]<\/p>\n<h4>Pohjanmaan \u00e4lyk\u00e4s maaseutu<\/h4>\n<p>Maaseutualueet kaikkialla kohtaavat samankaltaisia haasteita; v\u00e4est\u00f6 ik\u00e4\u00e4ntyy, palvelut ja ty\u00f6paikat siirtyv\u00e4t suurempiin keskuksiin, harrastusmahdollisuudet v\u00e4henev\u00e4t. Parhaimmillaan yhteisty\u00f6 mahdollistaa sosiaaliset innovaatiot, jotka voivat ratkaista monia ongelmia. Paikallisyhteis\u00f6jen vahvistaminen luo uudenlaisia l\u00e4hi-ilmi\u00f6it\u00e4. Toimenpiteet, jotka tukevat \u00e4lyk\u00e4st\u00e4 maaseutua:<br \/>Omavaraisuus ja varautuminen<br \/>&#8211; Vahvistetaan alueen omavaraisuutta ja siihen liittyv\u00e4\u00e4 osaamista.<br \/>&#8211; Varmistetaan ruokaturva kehitt\u00e4m\u00e4ll\u00e4 olemassa olevaa ruoantuotantoa.<br \/>&#8211; Kasvatetaan Pohjanmaan maaseutualueiden energiaomavaraisuutta ja puhtaan energian osuutta.<br \/>Verkostoituminen ja yhteisty\u00f6<br \/>&#8211; Tuetaan yhteiskunnallista yritt\u00e4jyytt\u00e4 ja erilaisten alustojen hy\u00f6dynt\u00e4mist\u00e4.<\/p>\n<p>&#8211; Synnytet\u00e4\u00e4n uusia sosiaalisia innovaatioita tuomalla yhteen eri sektorien toimijoita.<br \/>&#8211; Kehitet\u00e4\u00e4n asumisen uusia muotoja, esim. yhteis\u00f6llinen asuminen, minitalot, autiotalojen k\u00e4ytt\u00f6\u00f6nottaminen.<br \/>&#8211; Vahvistetaan yhteisty\u00f6t\u00e4 alueen yhdistysten ja yritysten kesken.<br \/>Ennakointi ja tulevaisuustaidot<br \/>&#8211; Vahvistetaan luonnon hyvinvointivaikutusten hy\u00f6dynt\u00e4mist\u00e4.<br \/>&#8211; Luodaan uusia keinoja helpottaa maahan- ja maallemuuttajien integroitumista.<br \/>&#8211; Vahvistetaan osallisuuden ja toimijuuden kokemusta.<br \/>&#8211; Vahvistetaan maaseutualueiden digikyvykkyytt\u00e4 ja valmiutta hy\u00f6dynt\u00e4\u00e4 erilaisia teknologisia ratkaisuja.<\/p>\n<p><em>\u201dPohjanmaan \u00e4lykk\u00e4iden kylien verkosto kattaa suurimman osan maakunnan maaseutualueista.<\/em><br \/><em>Kylien vahva ja kest\u00e4v\u00e4 sosiaalinen p\u00e4\u00e4oma luo vahvoja verkostoja ja sosiaalisia innovaatioita. \u00c4lyk\u00e4s maaseutu panostaa tulevaisuustaitoihin ja seuraa aktiivisesti toimintaymp\u00e4rist\u00f6n muutoksia.\u201d<\/em><\/p>\n<p><em><img loading=\"lazy\" decoding=\"async\" src=\"http:\/\/aktion.fi\/wp-content\/uploads\/2023\/11\/01-ingen-fattigdom-300x300.png\" width=\"116\" height=\"116\" alt=\"\" class=\"wp-image-304887 alignnone size-medium\"><img loading=\"lazy\" decoding=\"async\" src=\"http:\/\/aktion.fi\/wp-content\/uploads\/2023\/11\/02-ingen-hunger-300x300.png\" width=\"116\" height=\"116\" alt=\"\" class=\"wp-image-304890 alignnone size-medium\"><img loading=\"lazy\" decoding=\"async\" src=\"http:\/\/aktion.fi\/wp-content\/uploads\/2023\/11\/Mal-3.bmp\" width=\"116\" height=\"116\" alt=\"\" class=\"wp-image-304840 alignnone size-full\"><img loading=\"lazy\" decoding=\"async\" src=\"http:\/\/aktion.fi\/wp-content\/uploads\/2023\/11\/04_god_utbildning-300x300.png\" width=\"116\" height=\"116\" alt=\"\" class=\"wp-image-304896 alignnone size-medium\"><\/em><\/p>\n<p><em><img loading=\"lazy\" decoding=\"async\" src=\"http:\/\/aktion.fi\/wp-content\/uploads\/2023\/11\/Mal-7.bmp\" width=\"116\" height=\"116\" alt=\"\" class=\"wp-image-304852 alignnone size-full\"><img loading=\"lazy\" decoding=\"async\" src=\"http:\/\/aktion.fi\/wp-content\/uploads\/2023\/11\/Mal-9.bmp\" width=\"116\" height=\"116\" alt=\"\" class=\"wp-image-304859 alignnone size-full\"><img loading=\"lazy\" decoding=\"async\" src=\"http:\/\/aktion.fi\/wp-content\/uploads\/2023\/11\/Mal-11.bmp\" width=\"116\" height=\"116\" alt=\"\" class=\"wp-image-304865 alignnone size-medium\"><img loading=\"lazy\" decoding=\"async\" src=\"http:\/\/aktion.fi\/wp-content\/uploads\/2023\/11\/Mal-15.bmp\" width=\"116\" height=\"116\" alt=\"\" class=\"wp-image-304877 alignnone size-full\"><img loading=\"lazy\" decoding=\"async\" src=\"http:\/\/aktion.fi\/wp-content\/uploads\/2023\/11\/17_genomforande_och_partnerskap-300x300.png\" width=\"116\" height=\"116\" alt=\"\" class=\"wp-image-304913 alignnone size-medium\">               <\/em><\/p>\n<p>&nbsp;<\/p>\n<p>&nbsp;<\/p>\n<p>[\/et_pb_tab][et_pb_tab title=&#8221;Kyl\u00e4t ja yhdistykset&#8221; _builder_version=&#8221;4.22.1&#8243; _module_preset=&#8221;default&#8221; global_colors_info=&#8221;{}&#8221;]<\/p>\n<h4>Yhteis\u00f6llinen ja vieraanvarainen Pohjanmaa<\/h4>\n<p>V\u00e4est\u00f6n ik\u00e4\u00e4ntyminen ja nuorten muuttaminen pois maaseutualueilta haastavat monia maaseudun yhdistyksi\u00e4 miettim\u00e4\u00e4n omaa toimintaansa uudelleen. Tarvitaan uudistumista ja digiosaamista.<br \/>&#8211; Vahvistetaan kylien ja yhdistysten roolia l\u00e4hiruokaketjuissa ja ruokaturvassa.<br \/>&#8211; Autetaan yhdistyksi\u00e4 tunnistamaan omat erityisosaamiset ja vahvuudet.<br \/>&#8211; Tuetaan yhteis\u00f6llisyyden ja osallisuuden kehitt\u00e4mist\u00e4 erityisesti kotoutumisen ja toimijuuden n\u00e4k\u00f6kulmista.<br \/>&#8211; Parannetaan yhdistysten digiosaamista ja ehk\u00e4ist\u00e4\u00e4n sen avulla digisyrj\u00e4ytymist\u00e4.<\/p>\n<p>Kulttuuriperinn\u00f6n vahvistaminen mahdollistetaan:<br \/>&#8211; Parantamalla luonto- ja virkistysalueiden viihtyvyytt\u00e4 ja saavutettavuutta. Tukemalla toimenpiteit\u00e4, joilla kyl\u00e4t ja yhdistykset parantavat l\u00e4hiluonnon tilaa.<br \/>&#8211; Edistet\u00e4m\u00e4ll\u00e4 erilaisten kylille t\u00e4rkeiden yhteenliittymien sek\u00e4 osuuskuntien, kuten osakaskuntien, tiekuntien, ojitusyhteis\u00f6jen sek\u00e4 esim. vesiosuuskuntien jatkuvuutta lis\u00e4\u00e4m\u00e4ll\u00e4 nuorten asukkaiden tiet\u00e4myst\u00e4 n\u00e4iden toiminnasta.<br \/>&#8211; Edist\u00e4m\u00e4ll\u00e4 kulttuuri- ja perinnemaisemien, muinaisj\u00e4\u00e4nn\u00f6sten hy\u00f6dynt\u00e4mist\u00e4 matkailussa ja alueen paikallisidentiteetin vahvistamisessa.<\/p>\n<p><em>\u201dPohjanmaan yhteis\u00f6llisyys ja vastaanottavaisuus tukevat sosiokulttuurista monimuotoisuutta ja inklusiivisuutta. Maakunnan vahva ja kest\u00e4v\u00e4 sosiaalinen p\u00e4\u00e4oma luo vahvoja verkostoja ja sosiaalisia innovaatioita.\u201d<\/em><\/p>\n<p><em><img loading=\"lazy\" decoding=\"async\" src=\"http:\/\/aktion.fi\/wp-content\/uploads\/2023\/11\/02-ingen-hunger-300x300.png\" width=\"116\" height=\"116\" alt=\"\" class=\"wp-image-304890 alignnone size-medium\"><\/em><em><img loading=\"lazy\" decoding=\"async\" src=\"http:\/\/aktion.fi\/wp-content\/uploads\/2023\/11\/Mal-3.bmp\" width=\"116\" height=\"116\" alt=\"\" class=\"wp-image-304840 alignnone size-full\"><img loading=\"lazy\" decoding=\"async\" src=\"http:\/\/aktion.fi\/wp-content\/uploads\/2023\/11\/04_god_utbildning-300x300.png\" width=\"116\" height=\"116\" alt=\"\" class=\"wp-image-304896 alignnone size-medium\"><\/em><em><img loading=\"lazy\" decoding=\"async\" src=\"http:\/\/aktion.fi\/wp-content\/uploads\/2023\/11\/Mal-11.bmp\" width=\"116\" height=\"116\" alt=\"\" class=\"wp-image-304865 alignnone size-medium\"><img loading=\"lazy\" decoding=\"async\" src=\"http:\/\/aktion.fi\/wp-content\/uploads\/2023\/11\/Mal-12.bmp\" width=\"116\" height=\"116\" alt=\"\" class=\"wp-image-304868 alignnone size-medium\"><img loading=\"lazy\" decoding=\"async\" src=\"http:\/\/aktion.fi\/wp-content\/uploads\/2023\/11\/Mal-14.bmp\" width=\"116\" height=\"116\" alt=\"\" class=\"wp-image-304874 alignnone size-medium\"><img loading=\"lazy\" decoding=\"async\" src=\"http:\/\/aktion.fi\/wp-content\/uploads\/2023\/11\/Mal-15.bmp\" width=\"116\" height=\"116\" alt=\"\" class=\"wp-image-304877 alignnone size-full\">               <\/em><\/p>\n<p>&nbsp;<\/p>\n<p>&nbsp;<\/p>\n<p>[\/et_pb_tab][\/et_pb_tabs][\/et_pb_column][\/et_pb_row][et_pb_row column_structure=&#8221;1_3,2_3&#8243; _builder_version=&#8221;4.22.1&#8243; _module_preset=&#8221;default&#8221; global_colors_info=&#8221;{}&#8221;][et_pb_column type=&#8221;1_3&#8243; _builder_version=&#8221;4.22.1&#8243; _module_preset=&#8221;default&#8221; global_colors_info=&#8221;{}&#8221;][\/et_pb_column][et_pb_column type=&#8221;2_3&#8243; _builder_version=&#8221;4.22.1&#8243; _module_preset=&#8221;default&#8221; global_colors_info=&#8221;{}&#8221;][et_pb_text _builder_version=&#8221;4.22.1&#8243; _module_preset=&#8221;default&#8221; global_colors_info=&#8221;{}&#8221;]<\/p>\n<h4><\/h4>\n<p>&nbsp;<\/p>\n<p>&nbsp;<\/p>\n<p>[\/et_pb_text][\/et_pb_column][\/et_pb_row][\/et_pb_section]<\/p>\n","protected":false},"excerpt":{"rendered":"<p>\t\t\t<!-- Flexy Breadcrumb -->\r\n\t\t\t<div class=\"fbc fbc-page\">\r\n\r\n\t\t\t\t<!-- Breadcrumb wrapper -->\r\n\t\t\t\t<div class=\"fbc-wrap\">\r\n\r\n\t\t\t\t\t<!-- Ordered list-->\r\n\t\t\t\t\t<ol class=\"fbc-items\" itemscope itemtype=\"https:\/\/schema.org\/BreadcrumbList\">\r\n\t\t\t\t\t\t            <li itemprop=\"itemListElement\" itemscope itemtype=\"https:\/\/schema.org\/ListItem\">\r\n                <span itemprop=\"name\">\r\n                    <!-- Home Link -->\r\n                    <a itemprop=\"item\" href=\"https:\/\/aktion.fi\">\r\n                    \r\n                                                    <i class=\"fa fa-home\" aria-hidden=\"true\"><\/i>Home                    <\/a>\r\n                <\/span>\r\n                <meta itemprop=\"position\" content=\"1\" \/><!-- Meta Position-->\r\n             <\/li><li><span class=\"fbc-separator\">\/<\/span><\/li><li class=\"active\" itemprop=\"itemListElement\" itemscope itemtype=\"https:\/\/schema.org\/ListItem\"><span itemprop=\"name\" title=\"Blogi\">Blogi<\/span><meta itemprop=\"position\" content=\"2\" \/><\/li>\t\t\t\t\t<\/ol>\r\n\t\t\t\t\t<div class=\"clearfix\"><\/div>\r\n\t\t\t\t<\/div>\r\n\t\t\t<\/div>\r\n\t\t\tStrategiaMEID\u00c4N POHJANMAAMME 2030 Kehitt\u00e4misstrategiamme Meid\u00e4n Pohjanmaamme on Pohjanmaan alueen kehitt\u00e4misen perusta. Strategia kuvailee mit\u00e4 pit\u00e4\u00e4 tehd\u00e4 ja luoda, jotta saavutetaan toivottu tulevaisuus. Meid\u00e4n Pohjanmaamme on kaikkien meid\u00e4n tavoite, jotta luodaan [&hellip;]<\/p>\n","protected":false},"author":2,"featured_media":0,"parent":304551,"menu_order":0,"comment_status":"closed","ping_status":"closed","template":"","meta":{"_acf_changed":false,"_et_pb_use_builder":"on","_et_pb_old_content":"","_et_gb_content_width":"","footnotes":""},"class_list":["post-304569","page","type-page","status-publish","hentry"],"acf":[],"_links":{"self":[{"href":"https:\/\/aktion.fi\/fi\/wp-json\/wp\/v2\/pages\/304569","targetHints":{"allow":["GET"]}}],"collection":[{"href":"https:\/\/aktion.fi\/fi\/wp-json\/wp\/v2\/pages"}],"about":[{"href":"https:\/\/aktion.fi\/fi\/wp-json\/wp\/v2\/types\/page"}],"author":[{"embeddable":true,"href":"https:\/\/aktion.fi\/fi\/wp-json\/wp\/v2\/users\/2"}],"replies":[{"embeddable":true,"href":"https:\/\/aktion.fi\/fi\/wp-json\/wp\/v2\/comments?post=304569"}],"version-history":[{"count":5,"href":"https:\/\/aktion.fi\/fi\/wp-json\/wp\/v2\/pages\/304569\/revisions"}],"predecessor-version":[{"id":312653,"href":"https:\/\/aktion.fi\/fi\/wp-json\/wp\/v2\/pages\/304569\/revisions\/312653"}],"up":[{"embeddable":true,"href":"https:\/\/aktion.fi\/fi\/wp-json\/wp\/v2\/pages\/304551"}],"wp:attachment":[{"href":"https:\/\/aktion.fi\/fi\/wp-json\/wp\/v2\/media?parent=304569"}],"curies":[{"name":"wp","href":"https:\/\/api.w.org\/{rel}","templated":true}]}}