{"id":304580,"date":"2023-09-27T11:55:07","date_gmt":"2023-09-27T08:55:07","guid":{"rendered":"http:\/\/aktion.fi\/etusivu\/"},"modified":"2026-02-18T13:52:54","modified_gmt":"2026-02-18T10:52:54","slug":"etusivu","status":"publish","type":"page","link":"https:\/\/aktion.fi\/fi\/","title":{"rendered":"Etusivu"},"content":{"rendered":"<p>[et_pb_section fb_built=&#8221;1&#8243; fullwidth=&#8221;on&#8221; custom_padding_last_edited=&#8221;on|desktop&#8221; module_id=&#8221;mbantp1&#8243; _builder_version=&#8221;4.27.5&#8243; _module_preset=&#8221;default&#8221; background_color=&#8221;#FFFFFF&#8221; background_image=&#8221;https:\/\/aktion.fi\/wp-content\/uploads\/2026\/01\/Maaseutuilijat-Anna-15-scaled.jpg&#8221; module_alignment=&#8221;center&#8221; min_height_tablet=&#8221;&#8221; min_height_phone=&#8221;&#8221; min_height_last_edited=&#8221;on|desktop&#8221; custom_padding=&#8221;10%|20%|10%|20%|true|true&#8221; custom_padding_tablet=&#8221;|15%||15%|true|true&#8221; custom_padding_phone=&#8221;|15%||15%|true|true&#8221; saved_tabs=&#8221;all&#8221; global_colors_info=&#8221;{}&#8221;][et_pb_fullwidth_header title=&#8221;Aktion \u00d6sterbotten&#8221; title_last_edited=&#8221;off|desktop&#8221; _builder_version=&#8221;4.22.1&#8243; _module_preset=&#8221;default&#8221; title_text_align=&#8221;center&#8221; title_font_size=&#8221;60px&#8221; content_font=&#8221;|300|||||||&#8221; content_font_size=&#8221;20px&#8221; content_line_height=&#8221;1.55em&#8221; background_color=&#8221;RGBA(0,0,0,0.3)&#8221; background_enable_image=&#8221;off&#8221; module_alignment=&#8221;center&#8221; custom_padding=&#8221;0px||0px||true|false&#8221; filter_saturate=&#8221;80%&#8221; filter_brightness=&#8221;134%&#8221; title_font_size_tablet=&#8221;50px&#8221; title_font_size_phone=&#8221;40px&#8221; title_font_size_last_edited=&#8221;on|phone&#8221; title_text_shadow_style=&#8221;preset2&#8243; title_text_shadow_horizontal_length=&#8221;0.01em&#8221; title_text_shadow_vertical_length=&#8221;0.03em&#8221; global_colors_info=&#8221;{}&#8221;]<\/p>\n<p style=\"text-align: center;\">Aktion \u00d6sterbotten toimii kehityksen moottorina ja yhteisty\u00f6j\u00e4rjest\u00f6n\u00e4 organisaatioille, yhdistyksille ja yrityksille Pohjanmaan 13 kaksikielisess\u00e4 kunnassa sek\u00e4 Kokkolassa Keski-Pohjanmaalla. Aktion \u00d6sterbottenissa on Leader-toiminnan lis\u00e4ksi kyl\u00e4toimintaa sek\u00e4 kalatoimintaryhm\u00e4.<br \/><a href=\"#our-op\"><span class=\"arrow_carrot-down\"><\/span><\/a><\/p>\n<p style=\"text-align: center;\">[\/et_pb_fullwidth_header][\/et_pb_section][et_pb_section fb_built=&#8221;1&#8243; module_id=&#8221;our-op&#8221; _builder_version=&#8221;4.22.1&#8243; _module_preset=&#8221;default&#8221; custom_padding=&#8221;70px||70px||true|false&#8221; locked=&#8221;off&#8221; global_colors_info=&#8221;{}&#8221;][et_pb_row _builder_version=&#8221;4.22.1&#8243; _module_preset=&#8221;default&#8221; custom_padding=&#8221;0px||0px||true|false&#8221; global_colors_info=&#8221;{}&#8221;][et_pb_column type=&#8221;4_4&#8243; _builder_version=&#8221;4.22.1&#8243; _module_preset=&#8221;default&#8221; global_colors_info=&#8221;{}&#8221;][et_pb_text _builder_version=&#8221;4.22.1&#8243; _module_preset=&#8221;default&#8221; custom_margin=&#8221;||40px||false|false&#8221; header_2_font_size_tablet=&#8221;22px&#8221; header_2_font_size_phone=&#8221;22px&#8221; header_2_font_size_last_edited=&#8221;on|tablet&#8221; global_colors_info=&#8221;{}&#8221;]<\/p>\n<h2 style=\"text-align: center;\">Mit\u00e4 teemme<\/h2>\n<p>[\/et_pb_text][\/et_pb_column][\/et_pb_row][et_pb_row column_structure=&#8221;1_4,1_4,1_4,1_4&#8243; _builder_version=&#8221;4.22.1&#8243; _module_preset=&#8221;default&#8221; custom_padding=&#8221;0px||0px||true|false&#8221; global_colors_info=&#8221;{}&#8221;][et_pb_column type=&#8221;1_4&#8243; _builder_version=&#8221;4.22.1&#8243; _module_preset=&#8221;default&#8221; global_colors_info=&#8221;{}&#8221;][et_pb_blurb title=&#8221;Yrityksille&#8221; url=&#8221;https:\/\/aktion.fi\/fi\/yritykset\/&#8221; image=&#8221;https:\/\/aktion.fi\/wp-content\/uploads\/2024\/04\/Blue-White-Modern-Business-Facebook-Cover1.png&#8221; module_class=&#8221;blbtp1&#8243; _builder_version=&#8221;4.27.4&#8243; _module_preset=&#8221;default&#8221; header_level=&#8221;h3&#8243; header_text_color=&#8221;#0070A8&#8243; body_font=&#8221;|300|||||||&#8221; link_option_url=&#8221;https:\/\/aktion.fi\/fi\/yritykset\/&#8221; global_colors_info=&#8221;{}&#8221;]<\/p>\n<div class=\"et_pb_module et_pb_blurb et_pb_blurb_0 blbtp1 et_pb_text_align_left et_pb_blurb_position_top et_pb_bg_layout_light\">\n<div class=\"et_pb_blurb_content\">\n<div class=\"et_pb_blurb_container\">\n<div class=\"et_pb_blurb_description\">\n<p>Voit saada LEADER-tukea maaseudulla sijaitsevan yrityksesi perustamiseen, kehitt\u00e4miseen ja investointeihin.<\/p>\n<\/div>\n<\/div>\n<\/div>\n<\/div>\n<p>[\/et_pb_blurb][\/et_pb_column][et_pb_column type=&#8221;1_4&#8243; _builder_version=&#8221;4.22.1&#8243; _module_preset=&#8221;default&#8221; global_colors_info=&#8221;{}&#8221;][et_pb_blurb title=&#8221;Kehitt\u00e4j\u00e4lle<br \/>\n&#8221; url=&#8221;https:\/\/aktion.fi\/fi\/yhteisot\/&#8221; image=&#8221;https:\/\/aktion.fi\/wp-content\/uploads\/2024\/04\/2.png&#8221; module_class=&#8221;blbtp1&#8243; _builder_version=&#8221;4.27.4&#8243; _module_preset=&#8221;default&#8221; header_level=&#8221;h3&#8243; header_text_color=&#8221;#0070A8&#8243; body_font=&#8221;|300|||||||&#8221; link_option_url=&#8221;https:\/\/aktion.fi\/fi\/yhteisot\/&#8221; locked=&#8221;off&#8221; global_colors_info=&#8221;{}&#8221;]<\/p>\n<div class=\"et_pb_module et_pb_blurb et_pb_blurb_1 blbtp1 et_pb_text_align_left et_pb_blurb_position_top et_pb_bg_layout_light\">\n<div class=\"et_pb_blurb_content\">\n<div class=\"et_pb_blurb_container\">\n<div class=\"et_pb_blurb_description\">\n<p>Voitte saada LEADER-tukea toimintanne kehitt\u00e4miseen sek\u00e4 investointitukien, ett\u00e4 erilaisten kehitt\u00e4mistukien kautta.<\/p>\n<\/div>\n<\/div>\n<\/div>\n<\/div>\n<p>[\/et_pb_blurb][\/et_pb_column][et_pb_column type=&#8221;1_4&#8243; _builder_version=&#8221;4.22.1&#8243; _module_preset=&#8221;default&#8221; global_colors_info=&#8221;{}&#8221;][et_pb_blurb title=&#8221;Kyl\u00e4t&#8221; url=&#8221;https:\/\/aktion.fi\/fi\/kylat\/&#8221; image=&#8221;https:\/\/aktion.fi\/wp-content\/uploads\/2024\/04\/3.png&#8221; module_class=&#8221;blbtp1&#8243; _builder_version=&#8221;4.27.4&#8243; _module_preset=&#8221;default&#8221; header_level=&#8221;h3&#8243; header_text_color=&#8221;#0070A8&#8243; body_font=&#8221;|300|||||||&#8221; link_option_url=&#8221;https:\/\/aktion.fi\/fi\/kylat\/&#8221; locked=&#8221;off&#8221; global_colors_info=&#8221;{}&#8221;]<\/p>\n<div class=\"et_pb_module et_pb_blurb et_pb_blurb_2 blbtp1 et_pb_text_align_left et_pb_blurb_position_top et_pb_bg_layout_light\">\n<div class=\"et_pb_blurb_content\">\n<div class=\"et_pb_blurb_container\">\n<div class=\"et_pb_blurb_description\">\n<p>Pohjanmaalla on yli 300 aktiivista kyl\u00e4\u00e4. Aktion \u00d6sterbotten r.f. on kylien katto-organisaatio Pohjanmaalla.<\/p>\n<\/div>\n<\/div>\n<\/div>\n<\/div>\n<p>[\/et_pb_blurb][\/et_pb_column][et_pb_column type=&#8221;1_4&#8243; _builder_version=&#8221;4.22.1&#8243; _module_preset=&#8221;default&#8221; global_colors_info=&#8221;{}&#8221;][et_pb_blurb title=&#8221;Kalaleader&#8221; url=&#8221;https:\/\/aktion.fi\/fi\/kalatalous\/&#8221; image=&#8221;https:\/\/aktion.fi\/wp-content\/uploads\/2024\/04\/Blue-White-Modern-Business-Facebook-Cover2.png&#8221; module_class=&#8221;blbtp1&#8243; _builder_version=&#8221;4.27.4&#8243; _module_preset=&#8221;default&#8221; header_level=&#8221;h3&#8243; header_text_color=&#8221;#0070A8&#8243; body_font=&#8221;|300|||||||&#8221; link_option_url=&#8221;https:\/\/aktion.fi\/fi\/kalatalous\/&#8221; locked=&#8221;off&#8221; global_colors_info=&#8221;{}&#8221;]<\/p>\n<div class=\"et_pb_module et_pb_blurb et_pb_blurb_3 blbtp1 et_pb_text_align_left et_pb_blurb_position_top et_pb_bg_layout_light\">\n<div class=\"et_pb_blurb_content\">\n<div class=\"et_pb_blurb_container\">\n<div class=\"et_pb_blurb_description\">\n<p>KAG Rannikkotoimintaryhm\u00e4 on osa Aktion \u00d6sterbottenia ja johtaa KALA-LEADER toimintaa Pohjanmaan rannikolla.<\/p>\n<\/div>\n<\/div>\n<\/div>\n<\/div>\n<p>[\/et_pb_blurb][\/et_pb_column][\/et_pb_row][\/et_pb_section][et_pb_section fb_built=&#8221;1&#8243; module_id=&#8221;featsectp1&#8243; _builder_version=&#8221;4.22.1&#8243; _module_preset=&#8221;default&#8221; custom_padding=&#8221;20px||80px||false|false&#8221; locked=&#8221;off&#8221; global_colors_info=&#8221;{}&#8221;][et_pb_row column_structure=&#8221;1_2,1_2&#8243; make_equal=&#8221;on&#8221; _builder_version=&#8221;4.22.1&#8243; _module_preset=&#8221;default&#8221; background_image=&#8221;https:\/\/aktion.fi\/wp-content\/uploads\/2024\/04\/IMG_8553.jpg&#8221; custom_padding=&#8221;0px|0px|0px|0px|true|true&#8221; global_colors_info=&#8221;{}&#8221;][et_pb_column type=&#8221;1_2&#8243; module_class=&#8221;feat-box-tp1&#8243; _builder_version=&#8221;4.22.1&#8243; _module_preset=&#8221;default&#8221; background_image=&#8221;https:\/\/aktion.fi\/wp-content\/uploads\/2024\/04\/IMG_8553.jpg&#8221; custom_padding=&#8221;50px|50px|50px|50px|true|true&#8221; global_colors_info=&#8221;{}&#8221;][\/et_pb_column][et_pb_column type=&#8221;1_2&#8243; module_class=&#8221;feat-box-tp2&#8243; _builder_version=&#8221;4.22.1&#8243; _module_preset=&#8221;default&#8221; background_color=&#8221;#f5f1ed&#8221; custom_padding=&#8221;50px|50px|50px|50px|true|true&#8221; global_colors_info=&#8221;{}&#8221;][et_pb_text _builder_version=&#8221;4.27.4&#8243; _module_preset=&#8221;default&#8221; text_font=&#8221;|300|||||||&#8221; text_line_height=&#8221;1.8em&#8221; link_option_url=&#8221;https:\/\/aktion.fi\/fi\/tietoameista\/yhdistyksemme\/&#8221; global_colors_info=&#8221;{}&#8221;]<\/p>\n<h2><a href=\"https:\/\/aktion.fi\/fi\/tietoameista\/yhdistyksemme\/\">Aktion \u00d6sterbotten<\/a><\/h2>\n<div class=\"et_pb_module et_pb_text et_pb_text_1 et_pb_text_align_left et_pb_bg_layout_light\">\n<div class=\"et_pb_text_inner\">\n<p>Aktion \u00d6sterbottenin toiminta-alue on laaja. Se kattaa 13 Pohjanmaan kaksikielist\u00e4 kuntaa sek\u00e4 Kokkolan Keski-Pohjanmaalla. Aktion \u00d6sterbottenin toiminnan ydin on paikallisyhteis\u00f6iss\u00e4, kuten kyliss\u00e4. Haluamme my\u00f6s yll\u00e4pit\u00e4\u00e4 pohjalaista yritt\u00e4j\u00e4henke\u00e4. Yhdistys toimii innovatiivisena siltana kaupunkien (esim. Kokkola ja Vaasa) ja niit\u00e4 ymp\u00e4r\u00f6iv\u00e4n maaseudun v\u00e4lill\u00e4 samalla ylitt\u00e4en kielirajoja.<\/p>\n<\/div>\n<\/div>\n<p>[\/et_pb_text][et_pb_button button_url=&#8221;https:\/\/aktion.fi\/fi\/tietoameista\/yhdistyksemme\/&#8221; button_text=&#8221;Lue lis\u00e4\u00e4&#8221; button_alignment=&#8221;center&#8221; _builder_version=&#8221;4.27.4&#8243; _module_preset=&#8221;default&#8221; custom_button=&#8221;on&#8221; button_text_color=&#8221;#000000&#8243; button_bg_color=&#8221;RGBA(255,255,255,0)&#8221; button_border_width=&#8221;2px&#8221; button_border_radius=&#8221;15px&#8221; global_colors_info=&#8221;{}&#8221;][\/et_pb_button][\/et_pb_column][\/et_pb_row][et_pb_row column_structure=&#8221;1_2,1_2&#8243; make_equal=&#8221;on&#8221; module_class=&#8221;rgt-img1&#8243; _builder_version=&#8221;4.27.5&#8243; _module_preset=&#8221;default&#8221; custom_padding=&#8221;0px|0px|0px|0px|true|true&#8221; global_colors_info=&#8221;{}&#8221;][et_pb_column type=&#8221;1_2&#8243; module_class=&#8221;feat-box-tp1&#8243; _builder_version=&#8221;4.22.1&#8243; _module_preset=&#8221;default&#8221; background_color=&#8221;#f5f1ed&#8221; background_enable_image=&#8221;off&#8221; custom_padding=&#8221;50px|50px|50px|50px|true|true&#8221; global_colors_info=&#8221;{}&#8221;][et_pb_text _builder_version=&#8221;4.27.5&#8243; _module_preset=&#8221;default&#8221; text_font=&#8221;|300|||||||&#8221; text_line_height=&#8221;1.8em&#8221; link_option_url=&#8221;https:\/\/aktion.fi\/fi\/tietoameista\/liity-jaseneksi\/&#8221; global_colors_info=&#8221;{}&#8221;]<\/p>\n<h5 class=\"style-scope ytd-watch-metadata\"><yt-formatted-string force-default-style=\"\" class=\"style-scope ytd-watch-metadata\" title=\"Vi utvecklar landsbygden tillsammans - Leader Aktion \u00d6sterbotten - Kehitet\u00e4\u00e4n maaseutua yhdess\u00e4 \u2013\">Kehitet\u00e4\u00e4n maaseutua yhdess\u00e4 &#8211; Leader Aktion \u00d6sterbotten<\/yt-formatted-string><\/h5>\n<div class=\"et_pb_module et_pb_text et_pb_text_2 et_pb_text_align_left et_pb_bg_layout_light\">\n<div class=\"et_pb_text_inner\">\n<p><span>Onko teill\u00e4 unelma tai idea, jonka haluaisitte toteuttaa t\u00e4\u00e4ll\u00e4 Pohjanmaalla? Jos olette maaseudulla toimiva yritys tai yhdistys, joka haluaa kehitty\u00e4 ja kehitt\u00e4\u00e4, ottakaa yhteytt\u00e4 meihin, alueen Leader-ryhm\u00e4\u00e4n. <\/span><\/p>\n<\/div>\n<\/div>\n<p>[\/et_pb_text][\/et_pb_column][et_pb_column type=&#8221;1_2&#8243; module_class=&#8221;feat-box-tp2&#8243; _builder_version=&#8221;4.27.5&#8243; _module_preset=&#8221;default&#8221; background_color=&#8221;#E3DCD5&#8243; background_enable_image=&#8221;off&#8221; custom_padding=&#8221;50px|50px|50px|50px|true|true&#8221; global_colors_info=&#8221;{}&#8221;][et_pb_video src=&#8221;https:\/\/youtu.be\/TOPbzXxPHVk?si=2UQ340w0kXuU1uxH&#8221; _builder_version=&#8221;4.27.5&#8243; _module_preset=&#8221;default&#8221; global_colors_info=&#8221;{}&#8221;][\/et_pb_video][\/et_pb_column][\/et_pb_row][et_pb_row column_structure=&#8221;1_2,1_2&#8243; make_equal=&#8221;on&#8221; _builder_version=&#8221;4.22.1&#8243; _module_preset=&#8221;default&#8221; custom_padding=&#8221;0px|0px|0px|0px|true|true&#8221; global_colors_info=&#8221;{}&#8221;][et_pb_column type=&#8221;1_2&#8243; module_class=&#8221;feat-box-tp1&#8243; _builder_version=&#8221;4.22.1&#8243; _module_preset=&#8221;default&#8221; background_image=&#8221;https:\/\/aktion.fi\/wp-content\/uploads\/2024\/04\/IMG_4072-scaled.jpeg&#8221; custom_padding=&#8221;50px|50px|50px|50px|true|true&#8221; global_colors_info=&#8221;{}&#8221;][\/et_pb_column][et_pb_column type=&#8221;1_2&#8243; module_class=&#8221;feat-box-tp2&#8243; _builder_version=&#8221;4.22.1&#8243; _module_preset=&#8221;default&#8221; background_color=&#8221;#f5f1ed&#8221; custom_padding=&#8221;50px|50px|50px|50px|true|true&#8221; global_colors_info=&#8221;{}&#8221;][et_pb_text _builder_version=&#8221;4.27.5&#8243; _module_preset=&#8221;default&#8221; text_font=&#8221;|300|||||||&#8221; text_line_height=&#8221;1.8em&#8221; link_option_url=&#8221;https:\/\/maaseutuverkosto.fi\/sv\/projektregister\/?hanke_leaderryhma=sv_aktion-osterbotten-r-f&#038;hanke_leaderryhma=sv_aktion-osterbotten-rf&#8221; global_colors_info=&#8221;{}&#8221;]<\/p>\n<h2><a href=\"https:\/\/maaseutuverkosto.fi\/sv\/projektregister\/?hanke_leaderryhma=sv_aktion-osterbotten-r-f&amp;hanke_leaderryhma=sv_aktion-osterbotten-rf\">Hankerekisteri<\/a><\/h2>\n<p>Millaisia kehitt\u00e4mishankkeita toteutetaan Pohjanmaalla EU:n maaseuturahaston tuella?<br \/>Sen n\u00e4et Maaseutuverkoston hankerekisterist\u00e4. Sielt\u00e4 l\u00f6yd\u00e4t sek\u00e4 k\u00e4ynniss\u00e4 olevat ett\u00e4 toteutetut hankkeet Aktion \u00d6sterbottenin alueelta, ja muuttamalla hakuasetuksia voit tarkastella esimerkkej\u00e4 my\u00f6s muualta Suomesta.<\/p>\n<p>&nbsp;<\/p>\n<p>[\/et_pb_text][et_pb_button button_url=&#8221;https:\/\/maaseutuverkosto.fi\/sv\/projektregister\/?hanke_leaderryhma=sv_aktion-osterbotten-r-f&#038;hanke_leaderryhma=sv_aktion-osterbotten-rf&#8221; button_text=&#8221;Lue lis\u00e4\u00e4&#8221; button_alignment=&#8221;center&#8221; _builder_version=&#8221;4.27.4&#8243; _module_preset=&#8221;default&#8221; custom_button=&#8221;on&#8221; button_text_color=&#8221;#000000&#8243; button_bg_color=&#8221;RGBA(255,255,255,0)&#8221; button_border_width=&#8221;2px&#8221; button_border_radius=&#8221;15px&#8221; global_colors_info=&#8221;{}&#8221;][\/et_pb_button][\/et_pb_column][\/et_pb_row][et_pb_row column_structure=&#8221;1_2,1_2&#8243; make_equal=&#8221;on&#8221; module_class=&#8221;rgt-img1&#8243; _builder_version=&#8221;4.27.0&#8243; _module_preset=&#8221;default&#8221; custom_padding=&#8221;0px|0px|0px|0px|true|true&#8221; locked=&#8221;off&#8221; global_colors_info=&#8221;{}&#8221;][et_pb_column type=&#8221;1_2&#8243; module_class=&#8221;feat-box-tp1&#8243; _builder_version=&#8221;4.22.1&#8243; _module_preset=&#8221;default&#8221; background_color=&#8221;#f5f1ed&#8221; background_enable_image=&#8221;off&#8221; custom_padding=&#8221;50px|50px|50px|50px|true|true&#8221; global_colors_info=&#8221;{}&#8221;][et_pb_text _builder_version=&#8221;4.22.1&#8243; _module_preset=&#8221;default&#8221; text_font=&#8221;|300|||||||&#8221; text_line_height=&#8221;1.8em&#8221; global_colors_info=&#8221;{}&#8221;]<\/p>\n<h2>Omat hankkeemme<\/h2>\n<p>[\/et_pb_text][et_pb_menu menu_id=&#8221;184&#8243; _builder_version=&#8221;4.27.5&#8243; _module_preset=&#8221;default&#8221; global_colors_info=&#8221;{}&#8221;][\/et_pb_menu][et_pb_button button_url=&#8221;https:\/\/aktion.fi\/fi\/tietoameista\/omat-hankkeet\/&#8221; button_text=&#8221;Lue lis\u00e4\u00e4&#8221; button_alignment=&#8221;center&#8221; _builder_version=&#8221;4.27.4&#8243; _module_preset=&#8221;default&#8221; custom_button=&#8221;on&#8221; button_text_color=&#8221;#000000&#8243; button_bg_color=&#8221;RGBA(255,255,255,0)&#8221; button_border_width=&#8221;2px&#8221; button_border_radius=&#8221;15px&#8221; global_colors_info=&#8221;{}&#8221;][\/et_pb_button][\/et_pb_column][et_pb_column type=&#8221;1_2&#8243; module_class=&#8221;feat-box-tp2&#8243; _builder_version=&#8221;4.27.0&#8243; _module_preset=&#8221;default&#8221; background_color=&#8221;#E3DCD5&#8243; background_image=&#8221;https:\/\/aktion.fi\/wp-content\/uploads\/2024\/09\/kotisivukuvake-3.png&#8221; custom_padding=&#8221;50px|50px|50px|50px|true|true&#8221; global_colors_info=&#8221;{}&#8221;][\/et_pb_column][\/et_pb_row][et_pb_row column_structure=&#8221;1_2,1_2&#8243; make_equal=&#8221;on&#8221; _builder_version=&#8221;4.27.5&#8243; _module_preset=&#8221;default&#8221; custom_padding=&#8221;0px|0px|0px|0px|true|true&#8221; global_colors_info=&#8221;{}&#8221;][et_pb_column type=&#8221;1_2&#8243; module_class=&#8221;feat-box-tp1&#8243; _builder_version=&#8221;4.27.5&#8243; _module_preset=&#8221;default&#8221; background_image=&#8221;https:\/\/aktion.fi\/wp-content\/uploads\/2026\/01\/5-scaled.jpg&#8221; custom_padding=&#8221;50px|50px|50px|50px|true|true&#8221; global_colors_info=&#8221;{}&#8221;][\/et_pb_column][et_pb_column type=&#8221;1_2&#8243; module_class=&#8221;feat-box-tp2&#8243; _builder_version=&#8221;4.22.1&#8243; _module_preset=&#8221;default&#8221; background_color=&#8221;#f5f1ed&#8221; custom_padding=&#8221;50px|50px|50px|50px|true|true&#8221; global_colors_info=&#8221;{}&#8221;][et_pb_text _builder_version=&#8221;4.27.4&#8243; _module_preset=&#8221;default&#8221; text_font=&#8221;|300|||||||&#8221; text_line_height=&#8221;1.8em&#8221; link_option_url=&#8221;https:\/\/aktion.fi\/fi\/tietoameista\/liity-jaseneksi\/&#8221; global_colors_info=&#8221;{}&#8221;]<\/p>\n<h2><a href=\"https:\/\/aktion.fi\/fi\/tietoameista\/liity-jaseneksi\/\">Liity j\u00e4seneksi<\/a><\/h2>\n<div class=\"et_pb_module et_pb_text et_pb_text_2 et_pb_text_align_left et_pb_bg_layout_light\">\n<div class=\"et_pb_text_inner\">\n<p>Haluatko olla mukana ja vaikuttaa maaseudun elinolosuhteisiin? Oletko sit\u00e4 mielt\u00e4, ett\u00e4 ty\u00f6mahdollisuuksia tarvitaan kaupunkien ulkopuoellakin? Kuinka t\u00e4rke\u00e4\u00e4 on se, ett\u00e4 ihmiset voivat olla yrittelij\u00e4it\u00e4 siell\u00e4 miss\u00e4 he asuvat?<\/p>\n<\/div>\n<\/div>\n<p>[\/et_pb_text][et_pb_button button_url=&#8221;https:\/\/aktion.fi\/fi\/tietoameista\/liity-jaseneksi\/&#8221; button_text=&#8221;Lue lis\u00e4\u00e4&#8221; button_alignment=&#8221;center&#8221; _builder_version=&#8221;4.27.4&#8243; _module_preset=&#8221;default&#8221; custom_button=&#8221;on&#8221; button_text_color=&#8221;#000000&#8243; button_bg_color=&#8221;RGBA(255,255,255,0)&#8221; button_border_width=&#8221;2px&#8221; button_border_radius=&#8221;15px&#8221; global_colors_info=&#8221;{}&#8221;][\/et_pb_button][\/et_pb_column][\/et_pb_row][\/et_pb_section][et_pb_section fb_built=&#8221;1&#8243; module_id=&#8221;feat-pst-wrp1&#8243; _builder_version=&#8221;4.22.1&#8243; _module_preset=&#8221;default&#8221; custom_padding=&#8221;10px||30px||false|false&#8221; global_colors_info=&#8221;{}&#8221;][et_pb_row column_structure=&#8221;1_2,1_2&#8243; _builder_version=&#8221;4.22.1&#8243; _module_preset=&#8221;default&#8221; custom_margin=&#8221;0px||0px||true|false&#8221; custom_padding=&#8221;0px||0px||true|false&#8221; global_colors_info=&#8221;{}&#8221;][et_pb_column type=&#8221;1_2&#8243; _builder_version=&#8221;4.22.1&#8243; _module_preset=&#8221;default&#8221; global_colors_info=&#8221;{}&#8221;][et_pb_text _builder_version=&#8221;4.22.1&#8243; _module_preset=&#8221;default&#8221; custom_margin=&#8221;0px||0px||false|false&#8221; custom_padding=&#8221;0px||0px||false|false&#8221; global_colors_info=&#8221;{}&#8221;]<\/p>\n<h2>Ajankohtaista<\/h2>\n<p>[\/et_pb_text][\/et_pb_column][et_pb_column type=&#8221;1_2&#8243; _builder_version=&#8221;4.22.1&#8243; _module_preset=&#8221;default&#8221; global_colors_info=&#8221;{}&#8221;][et_pb_button button_url=&#8221;https:\/\/aktion.fi\/fi\/blogi\/&#8221; button_text=&#8221;Kaikki artikkelit&#8221; button_alignment=&#8221;right&#8221; module_class=&#8221;rmbtnlnk1&#8243; _builder_version=&#8221;4.22.1&#8243; _module_preset=&#8221;default&#8221; custom_button=&#8221;on&#8221; button_text_size=&#8221;16px&#8221; button_bg_color=&#8221;RGBA(255,255,255,0)&#8221; button_border_width=&#8221;0px&#8221; button_icon=&#8221;&#x35;||divi||400&#8243; button_on_hover=&#8221;off&#8221; custom_padding=&#8221;0px|0px|0px|0px|false|false&#8221; locked=&#8221;off&#8221; global_colors_info=&#8221;{}&#8221;][\/et_pb_button][\/et_pb_column][\/et_pb_row][et_pb_row _builder_version=&#8221;4.27.0&#8243; _module_preset=&#8221;default&#8221; global_colors_info=&#8221;{}&#8221;][et_pb_column type=&#8221;4_4&#8243; _builder_version=&#8221;4.27.0&#8243; _module_preset=&#8221;default&#8221; global_colors_info=&#8221;{}&#8221;][et_pb_blog fullwidth=&#8221;off&#8221; posts_number=&#8221;3&#8243; meta_date=&#8221;j . m . Y&#8221; show_categories=&#8221;off&#8221; show_excerpt=&#8221;off&#8221; show_pagination=&#8221;off&#8221; module_id=&#8221;fet-pst&#8221; _builder_version=&#8221;4.27.0&#8243; _module_preset=&#8221;default&#8221; header_font=&#8221;||||||||&#8221; header_text_color=&#8221;#0070A8&#8243; header_font_size=&#8221;16px&#8221; header_line_height=&#8221;1.5em&#8221; body_font=&#8221;|300|||||||&#8221; meta_font=&#8221;||on||||||&#8221; meta_text_color=&#8221;#333333&#8243; meta_font_size=&#8221;14px&#8221; custom_margin=&#8221;0px||0px||false|false&#8221; custom_padding=&#8221;0px||0px||false|false&#8221; global_colors_info=&#8221;{}&#8221;][\/et_pb_blog][\/et_pb_column][\/et_pb_row][\/et_pb_section]<\/p>\n","protected":false},"excerpt":{"rendered":"<p>Aktion \u00d6sterbotten toimii kehityksen moottorina ja yhteisty\u00f6j\u00e4rjest\u00f6n\u00e4 organisaatioille, yhdistyksille ja yrityksille Pohjanmaan 13 kaksikielisess\u00e4 kunnassa sek\u00e4 Kokkolassa Keski-Pohjanmaalla. Aktion \u00d6sterbottenissa on Leader-toiminnan lis\u00e4ksi kyl\u00e4toimintaa sek\u00e4 kalatoimintaryhm\u00e4. Mit\u00e4 teemme Voit saada [&hellip;]<\/p>\n","protected":false},"author":2,"featured_media":0,"parent":0,"menu_order":0,"comment_status":"closed","ping_status":"closed","template":"","meta":{"_acf_changed":false,"_et_pb_use_builder":"on","_et_pb_old_content":"","_et_gb_content_width":"","footnotes":""},"class_list":["post-304580","page","type-page","status-publish","hentry"],"acf":[],"_links":{"self":[{"href":"https:\/\/aktion.fi\/fi\/wp-json\/wp\/v2\/pages\/304580","targetHints":{"allow":["GET"]}}],"collection":[{"href":"https:\/\/aktion.fi\/fi\/wp-json\/wp\/v2\/pages"}],"about":[{"href":"https:\/\/aktion.fi\/fi\/wp-json\/wp\/v2\/types\/page"}],"author":[{"embeddable":true,"href":"https:\/\/aktion.fi\/fi\/wp-json\/wp\/v2\/users\/2"}],"replies":[{"embeddable":true,"href":"https:\/\/aktion.fi\/fi\/wp-json\/wp\/v2\/comments?post=304580"}],"version-history":[{"count":5,"href":"https:\/\/aktion.fi\/fi\/wp-json\/wp\/v2\/pages\/304580\/revisions"}],"predecessor-version":[{"id":313307,"href":"https:\/\/aktion.fi\/fi\/wp-json\/wp\/v2\/pages\/304580\/revisions\/313307"}],"wp:attachment":[{"href":"https:\/\/aktion.fi\/fi\/wp-json\/wp\/v2\/media?parent=304580"}],"curies":[{"name":"wp","href":"https:\/\/api.w.org\/{rel}","templated":true}]}}