{"id":304621,"date":"2023-09-24T13:00:12","date_gmt":"2023-09-24T10:00:12","guid":{"rendered":"http:\/\/aktion.fi\/vuoden-kyla-nimitykset\/"},"modified":"2025-10-29T12:43:39","modified_gmt":"2025-10-29T09:43:39","slug":"vuoden-kyla-nimitykset","status":"publish","type":"page","link":"https:\/\/aktion.fi\/fi\/kylat\/vuoden-kyla-nimitykset\/","title":{"rendered":"Vuoden kyl\u00e4"},"content":{"rendered":"<p>[et_pb_section fb_built=&#8221;1&#8243; module_id=&#8221;mbantp2&#8243; _builder_version=&#8221;4.22.1&#8243; _module_preset=&#8221;default&#8221; background_color=&#8221;#FFFFFF&#8221; background_image=&#8221;https:\/\/aktion.fi\/wp-content\/uploads\/2023\/10\/Vuoden-kyla-nimitykset.jpg&#8221; module_alignment=&#8221;center&#8221; custom_padding=&#8221;6%|20%|6%|20%|true|true&#8221; saved_tabs=&#8221;all&#8221; global_colors_info=&#8221;{}&#8221;][et_pb_row module_id=&#8221;brdcrms&#8221; _builder_version=&#8221;4.22.1&#8243; _module_preset=&#8221;default&#8221; global_colors_info=&#8221;{}&#8221;][et_pb_column type=&#8221;4_4&#8243; _builder_version=&#8221;4.22.1&#8243; _module_preset=&#8221;default&#8221; global_colors_info=&#8221;{}&#8221;][et_pb_text _builder_version=&#8221;4.22.1&#8243; _module_preset=&#8221;default&#8221; global_colors_info=&#8221;{}&#8221;]<\/p>\n\t\t\t<!-- Flexy Breadcrumb -->\r\n\t\t\t<div class=\"fbc fbc-page\">\r\n\r\n\t\t\t\t<!-- Breadcrumb wrapper -->\r\n\t\t\t\t<div class=\"fbc-wrap\">\r\n\r\n\t\t\t\t\t<!-- Ordered list-->\r\n\t\t\t\t\t<ol class=\"fbc-items\" itemscope itemtype=\"https:\/\/schema.org\/BreadcrumbList\">\r\n\t\t\t\t\t\t            <li itemprop=\"itemListElement\" itemscope itemtype=\"https:\/\/schema.org\/ListItem\">\r\n                <span itemprop=\"name\">\r\n                    <!-- Home Link -->\r\n                    <a itemprop=\"item\" href=\"https:\/\/aktion.fi\">\r\n                    \r\n                                                    <i class=\"fa fa-home\" aria-hidden=\"true\"><\/i>Home                    <\/a>\r\n                <\/span>\r\n                <meta itemprop=\"position\" content=\"1\" \/><!-- Meta Position-->\r\n             <\/li><li><span class=\"fbc-separator\">\/<\/span><\/li><li class=\"active\" itemprop=\"itemListElement\" itemscope itemtype=\"https:\/\/schema.org\/ListItem\"><span itemprop=\"name\" title=\"Blogi\">Blogi<\/span><meta itemprop=\"position\" content=\"2\" \/><\/li>\t\t\t\t\t<\/ol>\r\n\t\t\t\t\t<div class=\"clearfix\"><\/div>\r\n\t\t\t\t<\/div>\r\n\t\t\t<\/div>\r\n\t\t\t\n<p>[\/et_pb_text][\/et_pb_column][\/et_pb_row][et_pb_row module_id=&#8221;inpghdng&#8221; _builder_version=&#8221;4.22.1&#8243; _module_preset=&#8221;default&#8221; global_colors_info=&#8221;{}&#8221;][et_pb_column type=&#8221;4_4&#8243; _builder_version=&#8221;4.22.1&#8243; _module_preset=&#8221;default&#8221; global_colors_info=&#8221;{}&#8221;][et_pb_text _builder_version=&#8221;4.22.1&#8243; _module_preset=&#8221;default&#8221; header_text_color=&#8221;#FFFFFF&#8221; header_font_size=&#8221;60px&#8221; header_font_size_tablet=&#8221;50px&#8221; header_font_size_phone=&#8221;40px&#8221; header_font_size_last_edited=&#8221;on|phone&#8221; header_text_shadow_style=&#8221;preset2&#8243; header_text_shadow_horizontal_length=&#8221;0.01em&#8221; header_text_shadow_vertical_length=&#8221;0.03em&#8221; global_colors_info=&#8221;{}&#8221;]<\/p>\n<h1>Vuoden nimitykset<\/h1>\n<p>[\/et_pb_text][\/et_pb_column][\/et_pb_row][\/et_pb_section][et_pb_section fb_built=&#8221;1&#8243; _builder_version=&#8221;4.22.1&#8243; _module_preset=&#8221;default&#8221; custom_padding=&#8221;0px||0px||false|false&#8221; global_colors_info=&#8221;{}&#8221;][et_pb_row _builder_version=&#8221;4.22.1&#8243; _module_preset=&#8221;default&#8221; global_colors_info=&#8221;{}&#8221;][et_pb_column type=&#8221;4_4&#8243; _builder_version=&#8221;4.22.1&#8243; _module_preset=&#8221;default&#8221; global_colors_info=&#8221;{}&#8221;][et_pb_heading title=&#8221;Vuoden nimietykset 2025&#8243; _builder_version=&#8221;4.22.1&#8243; _module_preset=&#8221;default&#8221; global_colors_info=&#8221;{}&#8221;][\/et_pb_heading][\/et_pb_column][\/et_pb_row][et_pb_row column_structure=&#8221;1_4,1_4,1_4,1_4&#8243; _builder_version=&#8221;4.22.1&#8243; _module_preset=&#8221;default&#8221; custom_margin=&#8221;||20px||false|false&#8221; custom_padding=&#8221;0px||80px||false|false&#8221; border_width_bottom=&#8221;2px&#8221; border_color_bottom=&#8221;#E3DCD5&#8243; global_colors_info=&#8221;{}&#8221;][et_pb_column type=&#8221;1_4&#8243; _builder_version=&#8221;4.22.1&#8243; _module_preset=&#8221;default&#8221; global_colors_info=&#8221;{}&#8221;][et_pb_image src=&#8221;https:\/\/aktion.fi\/wp-content\/uploads\/2025\/08\/Arets-by-Forsby.png&#8221; title_text=&#8221;Vuoden kyl\u00e4 Forsby&#8221; align=&#8221;center&#8221; _builder_version=&#8221;4.27.4&#8243; _module_preset=&#8221;default&#8221; locked=&#8221;off&#8221; global_colors_info=&#8221;{}&#8221;][\/et_pb_image][et_pb_text _builder_version=&#8221;4.22.1&#8243; _module_preset=&#8221;default&#8221; header_2_font=&#8221;|300|||||||&#8221; header_2_font_size=&#8221;20px&#8221; custom_margin=&#8221;||0px||false|false&#8221; locked=&#8221;off&#8221; global_colors_info=&#8221;{}&#8221;]<\/p>\n<h2 style=\"text-align: center;\">Vuoden kyl\u00e4<\/h2>\n<p>[\/et_pb_text][et_pb_blurb title=&#8221;Forsby&#8221; _builder_version=&#8221;4.27.4&#8243; _module_preset=&#8221;default&#8221; header_level=&#8221;h3&#8243; header_font=&#8221;|600|||||||&#8221; header_text_align=&#8221;center&#8221; header_text_color=&#8221;#0070A8&#8243; header_font_size=&#8221;22px&#8221; body_font=&#8221;|300|||||||&#8221; locked=&#8221;off&#8221; global_colors_info=&#8221;{}&#8221;]<\/p>\n<p data-start=\"97\" data-end=\"292\"><em>Forsby osoittaa, ett\u00e4 maaseutu el\u00e4\u00e4 \u2013 vahva yhteis\u00f6llisyys, vilkkaat tapahtumat ja panostukset asumiseen tekev\u00e4t siit\u00e4 edell\u00e4k\u00e4vij\u00e4n.<\/em><\/p>\n<p>[\/et_pb_blurb][et_pb_button button_url=&#8221;https:\/\/aktion.fi\/fi\/vuoden-kyla-2025-forsby\/&#8221; button_text=&#8221;Lue lis\u00e4\u00e4&#8221; button_alignment=&#8221;center&#8221; module_class=&#8221;rmbtnlnk6&#8243; _builder_version=&#8221;4.27.4&#8243; _module_preset=&#8221;default&#8221; custom_button=&#8221;on&#8221; button_text_size=&#8221;16px&#8221; button_bg_color=&#8221;RGBA(255,255,255,0)&#8221; button_border_width=&#8221;0px&#8221; button_icon=&#8221;&#x35;||divi||400&#8243; button_on_hover=&#8221;off&#8221; custom_padding=&#8221;0px|0px|0px|0px|false|false&#8221; locked=&#8221;off&#8221; global_colors_info=&#8221;{}&#8221;][\/et_pb_button][\/et_pb_column][et_pb_column type=&#8221;1_4&#8243; _builder_version=&#8221;4.22.1&#8243; _module_preset=&#8221;default&#8221; global_colors_info=&#8221;{}&#8221;][et_pb_image src=&#8221;https:\/\/aktion.fi\/wp-content\/uploads\/2025\/08\/Arets-lokalaktor-Storhannus.png&#8221; title_text=&#8221;Vuoden paikallistoimija Storhannus&#8221; align=&#8221;center&#8221; _builder_version=&#8221;4.27.4&#8243; _module_preset=&#8221;default&#8221; global_colors_info=&#8221;{}&#8221;][\/et_pb_image][et_pb_text _builder_version=&#8221;4.27.0&#8243; _module_preset=&#8221;default&#8221; header_2_font=&#8221;|300|||||||&#8221; header_2_font_size=&#8221;20px&#8221; custom_margin=&#8221;||0px||false|false&#8221; global_colors_info=&#8221;{}&#8221;]<\/p>\n<h2 style=\"text-align: center;\">Vuoden paikallistoimija<\/h2>\n<p>[\/et_pb_text][et_pb_blurb title=&#8221;Carina Storhannus&#8221; _builder_version=&#8221;4.27.4&#8243; _module_preset=&#8221;default&#8221; header_level=&#8221;h3&#8243; header_font=&#8221;|600|||||||&#8221; header_text_align=&#8221;center&#8221; header_text_color=&#8221;#0070A8&#8243; header_font_size=&#8221;22px&#8221; body_font=&#8221;|300|||||||&#8221; global_colors_info=&#8221;{}&#8221;]<\/p>\n<p data-start=\"294\" data-end=\"466\"><em>Carina on tarmokas tekij\u00e4, joka innostuksellaan ja aloitteellisuudellaan vie koko seutua eteenp\u00e4in.<\/em><\/p>\n<p data-start=\"294\" data-end=\"466\"><em><\/em><\/p>\n<p data-start=\"468\" data-end=\"641\">\n<p>[\/et_pb_blurb][et_pb_button button_url=&#8221;https:\/\/aktion.fi\/fi\/vuoden-paikallistoimija-2025-carina-storhannus\/&#8221; button_text=&#8221;Lue lis\u00e4\u00e4&#8221; button_alignment=&#8221;center&#8221; module_class=&#8221;rmbtnlnk6&#8243; _builder_version=&#8221;4.27.4&#8243; _module_preset=&#8221;default&#8221; custom_button=&#8221;on&#8221; button_text_size=&#8221;16px&#8221; button_bg_color=&#8221;RGBA(255,255,255,0)&#8221; button_border_width=&#8221;0px&#8221; button_icon=&#8221;&#x35;||divi||400&#8243; button_on_hover=&#8221;off&#8221; custom_padding=&#8221;0px|0px|0px|0px|false|false&#8221; locked=&#8221;off&#8221; global_colors_info=&#8221;{}&#8221;][\/et_pb_button][\/et_pb_column][et_pb_column type=&#8221;1_4&#8243; _builder_version=&#8221;4.27.4&#8243; _module_preset=&#8221;default&#8221; global_colors_info=&#8221;{}&#8221;][et_pb_image src=&#8221;https:\/\/aktion.fi\/wp-content\/uploads\/2025\/08\/Arets-unga-lokalaktor.png&#8221; title_text=&#8221;Vuoden nuori maaseututoimija&#8221; align=&#8221;center&#8221; _builder_version=&#8221;4.27.4&#8243; _module_preset=&#8221;default&#8221; global_colors_info=&#8221;{}&#8221;][\/et_pb_image][et_pb_text _builder_version=&#8221;4.22.1&#8243; _module_preset=&#8221;default&#8221; header_2_font=&#8221;|300|||||||&#8221; header_2_font_size=&#8221;20px&#8221; custom_margin=&#8221;||0px||false|false&#8221; locked=&#8221;off&#8221; global_colors_info=&#8221;{}&#8221;]<\/p>\n<h2 style=\"text-align: center;\">Vuoden nuori maaseututoimija<\/h2>\n<p>[\/et_pb_text][et_pb_blurb title=&#8221;Andr\u00e9 Engelholm&#8221; _builder_version=&#8221;4.27.4&#8243; _module_preset=&#8221;default&#8221; header_level=&#8221;h3&#8243; header_font=&#8221;|600|||||||&#8221; header_text_align=&#8221;center&#8221; header_text_color=&#8221;#0070A8&#8243; header_font_size=&#8221;22px&#8221; body_font=&#8221;|300|||||||&#8221; locked=&#8221;off&#8221; global_colors_info=&#8221;{}&#8221;]<\/p>\n<p data-start=\"643\" data-end=\"821\"><em>Andr\u00e9 on luotettava ja omistautunut voima Lappfj\u00e4rds UF:ssa, jonka talkooty\u00f6 ja kehityspanos ovat olleet ratkaisevia.<\/em><\/p>\n<p data-start=\"643\" data-end=\"821\"><em><\/em><\/p>\n<p data-start=\"823\" data-end=\"901\" data-is-last-node=\"\" data-is-only-node=\"\">\n<p>[\/et_pb_blurb][et_pb_button button_url=&#8221;https:\/\/aktion.fi\/fi\/vuoden-nuori-paikallistoimija-2025-andre-engelholm\/&#8221; url_new_window=&#8221;on&#8221; button_text=&#8221;Lue lis\u00e4\u00e4&#8221; button_alignment=&#8221;center&#8221; module_class=&#8221;rmbtnlnk6&#8243; _builder_version=&#8221;4.27.4&#8243; _module_preset=&#8221;default&#8221; custom_button=&#8221;on&#8221; button_text_size=&#8221;16px&#8221; button_bg_color=&#8221;RGBA(255,255,255,0)&#8221; button_border_width=&#8221;0px&#8221; button_icon=&#8221;&#x35;||divi||400&#8243; button_on_hover=&#8221;off&#8221; custom_padding=&#8221;0px|0px|0px|0px|false|false&#8221; locked=&#8221;off&#8221; global_colors_info=&#8221;{}&#8221;][\/et_pb_button][\/et_pb_column][et_pb_column type=&#8221;1_4&#8243; _builder_version=&#8221;4.27.4&#8243; _module_preset=&#8221;default&#8221; global_colors_info=&#8221;{}&#8221;][et_pb_image src=&#8221;https:\/\/aktion.fi\/wp-content\/uploads\/2025\/08\/Arets-landsbygdsansikte-KAJ.png&#8221; title_text=&#8221;Vuoden maaseutukasvo KAJ&#8221; align=&#8221;center&#8221; _builder_version=&#8221;4.27.4&#8243; _module_preset=&#8221;default&#8221; global_colors_info=&#8221;{}&#8221;][\/et_pb_image][et_pb_text _builder_version=&#8221;4.22.1&#8243; _module_preset=&#8221;default&#8221; header_2_font=&#8221;|300|||||||&#8221; header_2_font_size=&#8221;20px&#8221; custom_margin=&#8221;||0px||false|false&#8221; locked=&#8221;off&#8221; global_colors_info=&#8221;{}&#8221;]<\/p>\n<h2 style=\"text-align: center;\">Vuoden maaseutukasvo<\/h2>\n<p>[\/et_pb_text][et_pb_blurb title=&#8221;Huumoriryhm\u00e4 KAJ&#8221; _builder_version=&#8221;4.27.4&#8243; _module_preset=&#8221;default&#8221; header_level=&#8221;h3&#8243; header_font=&#8221;|600|||||||&#8221; header_text_align=&#8221;center&#8221; header_text_color=&#8221;#0070A8&#8243; header_font_size=&#8221;22px&#8221; body_font=&#8221;|300|||||||&#8221; locked=&#8221;off&#8221; global_colors_info=&#8221;{}&#8221;]<\/p>\n<p data-start=\"468\" data-end=\"641\"><em>KAJ on huumorin, l\u00e4mm\u00f6n ja ter\u00e4vien havaintojen kautta nostanut Pohjanmaan ja suomenruotsalaisuuden kartalle.<\/em><\/p>\n<p data-start=\"468\" data-end=\"641\"><em><\/em><\/p>\n<p data-start=\"468\" data-end=\"641\"><em><\/em><\/p>\n<p data-start=\"643\" data-end=\"821\">\n<p>[\/et_pb_blurb][et_pb_button button_url=&#8221;https:\/\/aktion.fi\/fi\/vuoden-maaseutukasvo-2025-humorgruppen-kaj\/&#8221; url_new_window=&#8221;on&#8221; button_text=&#8221;Lue lis\u00e4\u00e4&#8221; button_alignment=&#8221;center&#8221; module_class=&#8221;rmbtnlnk6&#8243; _builder_version=&#8221;4.27.4&#8243; _module_preset=&#8221;default&#8221; custom_button=&#8221;on&#8221; button_text_size=&#8221;16px&#8221; button_bg_color=&#8221;RGBA(255,255,255,0)&#8221; button_border_width=&#8221;0px&#8221; button_icon=&#8221;&#x35;||divi||400&#8243; button_on_hover=&#8221;off&#8221; custom_padding=&#8221;0px|0px|0px|0px|false|false&#8221; locked=&#8221;off&#8221; global_colors_info=&#8221;{}&#8221;][\/et_pb_button][\/et_pb_column][\/et_pb_row][\/et_pb_section][et_pb_section fb_built=&#8221;1&#8243; _builder_version=&#8221;4.22.1&#8243; _module_preset=&#8221;default&#8221; custom_padding=&#8221;0px||0px||false|false&#8221; global_colors_info=&#8221;{}&#8221;][et_pb_row _builder_version=&#8221;4.22.1&#8243; _module_preset=&#8221;default&#8221; max_width=&#8221;980px&#8221; custom_padding=&#8221;0px||50px||false|false&#8221; border_color_bottom=&#8221;#E3DCD5&#8243; locked=&#8221;off&#8221; global_colors_info=&#8221;{}&#8221;][et_pb_column type=&#8221;4_4&#8243; _builder_version=&#8221;4.22.1&#8243; _module_preset=&#8221;default&#8221; global_colors_info=&#8221;{}&#8221;][et_pb_text module_class=&#8221;intro2&#8243; _builder_version=&#8221;4.22.1&#8243; _module_preset=&#8221;default&#8221; text_font=&#8221;|300|||||||&#8221; global_colors_info=&#8221;{}&#8221;]<\/p>\n<p>Joka vuosi Aktion \u00d6sterbotten valitsee Vuoden paikallistoimijan, Vuoden maaseutukasvon ja Vuoden nuoren paikallistoimijan Pohjanmaalla. Vuoden kyl\u00e4 valitaan vuosittain yhteisty\u00f6ss\u00e4 Pohjanmaan liiton kanssa. Pohjanmaalla on paljon p\u00e4tevi\u00e4 osaajia, auta meit\u00e4 vain l\u00f6yt\u00e4m\u00e4\u00e4n heid\u00e4t. T\u00e4yt\u00e4 lomake ilmoittaaksesi meille ne henkil\u00f6t\/ryhm\u00e4t, jotka mielest\u00e4nne ansaitsevat palkinnot.<\/p>\n<p>[\/et_pb_text][\/et_pb_column][\/et_pb_row][et_pb_row column_structure=&#8221;1_4,1_4,1_4,1_4&#8243; _builder_version=&#8221;4.22.1&#8243; _module_preset=&#8221;default&#8221; min_height=&#8221;244.4px&#8221; custom_margin=&#8221;||20px||false|false&#8221; custom_padding=&#8221;0px||0px||false|false&#8221; border_width_bottom=&#8221;2px&#8221; border_color_bottom=&#8221;#E3DCD5&#8243; global_colors_info=&#8221;{}&#8221;][et_pb_column type=&#8221;1_4&#8243; _builder_version=&#8221;4.22.1&#8243; _module_preset=&#8221;default&#8221; global_colors_info=&#8221;{}&#8221;][et_pb_blurb title=&#8221;Vuoden kyl\u00e4&#8221; _builder_version=&#8221;4.22.1&#8243; _module_preset=&#8221;default&#8221; header_level=&#8221;h3&#8243; header_font=&#8221;|600|||||||&#8221; header_text_align=&#8221;center&#8221; header_text_color=&#8221;#0070A8&#8243; header_font_size=&#8221;22px&#8221; body_font=&#8221;|300|||||||&#8221; locked=&#8221;off&#8221; global_colors_info=&#8221;{}&#8221;]<\/p>\n<p style=\"text-align: center;\">Tavoitteena on l\u00f6yt\u00e4\u00e4 hyvi\u00e4 esimerkkej\u00e4 aktiivisista kylist\u00e4, joilla on menestyksek\u00e4s kyl\u00e4toiminta. Vuoden kyl\u00e4 valitaan kylien hakemusten perusteella.<\/p>\n<p style=\"text-align: center;\">Alueellisten Vuoden kyl\u00e4 -valintojen joukosta Suomen Kyl\u00e4t ry valitsee vuosittain valtakunnallisen Vuoden kyl\u00e4 -palkinnon saajan.<\/p>\n<p>[\/et_pb_blurb][\/et_pb_column][et_pb_column type=&#8221;1_4&#8243; _builder_version=&#8221;4.22.1&#8243; _module_preset=&#8221;default&#8221; global_colors_info=&#8221;{}&#8221;][et_pb_blurb title=&#8221;Vuoden paikallistoimija&#8221; _builder_version=&#8221;4.27.0&#8243; _module_preset=&#8221;default&#8221; header_level=&#8221;h3&#8243; header_font=&#8221;|600|||||||&#8221; header_text_align=&#8221;center&#8221; header_text_color=&#8221;#0070A8&#8243; header_font_size=&#8221;22px&#8221; body_font=&#8221;|300|||||||&#8221; global_colors_info=&#8221;{}&#8221;]<\/p>\n<p style=\"text-align: center;\">Vuoden paikallistoimija on henkil\u00f6, joka on edist\u00e4nyt valtakunnallista tai paikallista kyl\u00e4toimintaa ja saavuttanut erinomaisia tuloksia erityisesti Leader-toiminnassa, kyl\u00e4toiminnassa tai muussa paikallisessa kehitt\u00e4misty\u00f6ss\u00e4.<\/p>\n<p>[\/et_pb_blurb][\/et_pb_column][et_pb_column type=&#8221;1_4&#8243; _builder_version=&#8221;4.22.1&#8243; _module_preset=&#8221;default&#8221; global_colors_info=&#8221;{}&#8221;][et_pb_blurb title=&#8221;Vuoden maaseutukasvo&#8221; _builder_version=&#8221;4.22.1&#8243; _module_preset=&#8221;default&#8221; header_level=&#8221;h3&#8243; header_font=&#8221;|600|||||||&#8221; header_text_align=&#8221;center&#8221; header_text_color=&#8221;#0070A8&#8243; header_font_size=&#8221;22px&#8221; body_font=&#8221;|300|||||||&#8221; locked=&#8221;off&#8221; global_colors_info=&#8221;{}&#8221;]<\/p>\n<p style=\"text-align: center;\">Vuoden maaseutukasvo on tunnettu henkil\u00f6, joka on toiminnallaan tehnyt maaseudusta tunnetun positiivisella tavalla.<\/p>\n<p>[\/et_pb_blurb][\/et_pb_column][et_pb_column type=&#8221;1_4&#8243; _builder_version=&#8221;4.22.1&#8243; _module_preset=&#8221;default&#8221; global_colors_info=&#8221;{}&#8221;][et_pb_blurb title=&#8221;Vuoden nuori maaseututoimija&#8221; _builder_version=&#8221;4.22.1&#8243; _module_preset=&#8221;default&#8221; header_level=&#8221;h3&#8243; header_font=&#8221;|600|||||||&#8221; header_text_align=&#8221;center&#8221; header_text_color=&#8221;#0070A8&#8243; header_font_size=&#8221;22px&#8221; body_font=&#8221;|300|||||||&#8221; locked=&#8221;off&#8221; global_colors_info=&#8221;{}&#8221;]<\/p>\n<p style=\"text-align: center;\">Totta kai! T\u00e4ss\u00e4 hieman hienos\u00e4\u00e4detty versio: Vuoden nuori paikallistoimija on henkil\u00f6, joka edist\u00e4\u00e4 kyl\u00e4toimintaa merkitt\u00e4vill\u00e4 ja pitk\u00e4j\u00e4nteisill\u00e4 teoilla omalla alueellaan tai laajemmin. Henkil\u00f6n tulisi olla alle 30-vuotias<\/p>\n<p>[\/et_pb_blurb][\/et_pb_column][\/et_pb_row][et_pb_row column_structure=&#8221;1_4,1_4,1_4,1_4&#8243; _builder_version=&#8221;4.22.1&#8243; _module_preset=&#8221;default&#8221; global_colors_info=&#8221;{}&#8221;][et_pb_column type=&#8221;1_4&#8243; _builder_version=&#8221;4.22.1&#8243; _module_preset=&#8221;default&#8221; global_colors_info=&#8221;{}&#8221;][et_pb_button button_url=&#8221;https:\/\/forms.gle\/kqs7AsfL1e7B2p6F8&#8243; button_text=&#8221;Anna nimitysehdotus&#8221; button_alignment=&#8221;center&#8221; _builder_version=&#8221;4.27.4&#8243; _module_preset=&#8221;default&#8221; global_colors_info=&#8221;{}&#8221;][\/et_pb_button][\/et_pb_column][et_pb_column type=&#8221;1_4&#8243; _builder_version=&#8221;4.22.1&#8243; _module_preset=&#8221;default&#8221; global_colors_info=&#8221;{}&#8221;][et_pb_button button_text=&#8221;Anna nimitysehdotus&#8221; button_alignment=&#8221;center&#8221; _builder_version=&#8221;4.27.4&#8243; _module_preset=&#8221;default&#8221; global_colors_info=&#8221;{}&#8221;][\/et_pb_button][\/et_pb_column][et_pb_column type=&#8221;1_4&#8243; _builder_version=&#8221;4.22.1&#8243; _module_preset=&#8221;default&#8221; global_colors_info=&#8221;{}&#8221;][et_pb_button button_text=&#8221;Anna nimitysehdotus&#8221; button_alignment=&#8221;center&#8221; _builder_version=&#8221;4.27.4&#8243; _module_preset=&#8221;default&#8221; global_colors_info=&#8221;{}&#8221;][\/et_pb_button][\/et_pb_column][et_pb_column type=&#8221;1_4&#8243; _builder_version=&#8221;4.22.1&#8243; _module_preset=&#8221;default&#8221; global_colors_info=&#8221;{}&#8221;][et_pb_button button_text=&#8221;Anna nimitysehdotus&#8221; button_alignment=&#8221;center&#8221; _builder_version=&#8221;4.27.4&#8243; _module_preset=&#8221;default&#8221; global_colors_info=&#8221;{}&#8221;][\/et_pb_button][\/et_pb_column][\/et_pb_row][\/et_pb_section][et_pb_section fb_built=&#8221;1&#8243; _builder_version=&#8221;4.22.1&#8243; _module_preset=&#8221;default&#8221; global_colors_info=&#8221;{}&#8221;][et_pb_row _builder_version=&#8221;4.22.1&#8243; _module_preset=&#8221;default&#8221; global_colors_info=&#8221;{}&#8221;][et_pb_column type=&#8221;4_4&#8243; _builder_version=&#8221;4.22.1&#8243; _module_preset=&#8221;default&#8221; global_colors_info=&#8221;{}&#8221;][et_pb_text _builder_version=&#8221;4.22.1&#8243; _module_preset=&#8221;default&#8221; global_colors_info=&#8221;{}&#8221;]<\/p>\n<h2 style=\"text-align: center;\">Aiemmat nimitykset<\/h2>\n<p>[\/et_pb_text][\/et_pb_column][\/et_pb_row][et_pb_row _builder_version=&#8221;4.22.1&#8243; _module_preset=&#8221;default&#8221; background_color=&#8221;#E3DCD5&#8243; custom_padding=&#8221;10px||0px||false|false&#8221; border_radii=&#8221;off|12px|12px||&#8221; global_colors_info=&#8221;{}&#8221;][et_pb_column type=&#8221;4_4&#8243; _builder_version=&#8221;4.22.1&#8243; _module_preset=&#8221;default&#8221; global_colors_info=&#8221;{}&#8221;][et_pb_text _builder_version=&#8221;4.22.1&#8243; _module_preset=&#8221;default&#8221; custom_padding=&#8221;20px|30px||30px|false|true&#8221; global_colors_info=&#8221;{}&#8221;]<\/p>\n<h4 style=\"text-align: center;\">Vuoden kyl\u00e4<\/h4>\n<p>[\/et_pb_text][\/et_pb_column][\/et_pb_row][et_pb_row column_structure=&#8221;1_4,1_4,1_4,1_4&#8243; _builder_version=&#8221;4.22.1&#8243; _module_preset=&#8221;default&#8221; background_color=&#8221;#E3DCD5&#8243; custom_padding=&#8221;|30px|30px|30px|false|true&#8221; border_radii=&#8221;off|||12px|12px&#8221; global_colors_info=&#8221;{}&#8221;][et_pb_column type=&#8221;1_4&#8243; _builder_version=&#8221;4.22.1&#8243; _module_preset=&#8221;default&#8221; global_colors_info=&#8221;{}&#8221;][et_pb_text _builder_version=&#8221;4.27.4&#8243; _module_preset=&#8221;default&#8221; text_line_height=&#8221;1em&#8221; global_colors_info=&#8221;{}&#8221;]<\/p>\n<p>2024, <a href=\"https:\/\/aktion.fi\/fi\/vuodenkyla2024\/\">Norrn\u00e4s, N\u00e4rpi\u00f6<\/a><\/p>\n<p>2023, <a href=\"https:\/\/aktion.fi\/fi\/oxkangar-vuoden-kyla-pohjanmaalla-2023\/\"><span>Oxkangar, V\u00f6yri<\/span><\/a><\/p>\n<p>2022 <a href=\"https:\/\/aktion.fi\/aretsby2022\/\">Skaftung, Kristiinankaupunki<\/a><\/p>\n<p>2021 Petalax, Maalahti<\/p>\n<p>2020 <a href=\"https:\/\/aktion.fi\/arets-utnamningar-2020\/\">Komossa, V\u00f6yri<\/a><\/p>\n<p>2019 Kovjoki, Uusikaarlepyy<\/p>\n<p>[\/et_pb_text][\/et_pb_column][et_pb_column type=&#8221;1_4&#8243; _builder_version=&#8221;4.22.1&#8243; _module_preset=&#8221;default&#8221; global_colors_info=&#8221;{}&#8221;][et_pb_text _builder_version=&#8221;4.27.4&#8243; _module_preset=&#8221;default&#8221; text_line_height=&#8221;1em&#8221; locked=&#8221;off&#8221; global_colors_info=&#8221;{}&#8221;]<\/p>\n<p>2018 Singsby, Mustasaari<\/p>\n<p>2017 Rangsby, N\u00e4rpi\u00f6<\/p>\n<p>2016 S\u00f6dra Vallgrund, Mustasaari<\/p>\n<p>2015 Jokikyl\u00e4t, Mustasaari<\/p>\n<p>2014 Nederpurmo, Peders\u00f6re<\/p>\n<p>2013 Berg\u00f6, Maalahti<\/p>\n<p>&nbsp;<\/p>\n<p>[\/et_pb_text][\/et_pb_column][et_pb_column type=&#8221;1_4&#8243; _builder_version=&#8221;4.22.1&#8243; _module_preset=&#8221;default&#8221; global_colors_info=&#8221;{}&#8221;][et_pb_text _builder_version=&#8221;4.27.4&#8243; _module_preset=&#8221;default&#8221; text_line_height=&#8221;1em&#8221; locked=&#8221;off&#8221; global_colors_info=&#8221;{}&#8221;]<\/p>\n<p>2012 S\u00e4rkimo-Brudsund, V\u00f6yri<\/p>\n<p>2011 Harrstr\u00f6m, Korsn\u00e4s<\/p>\n<p>2010 P\u00e4nn\u00e4inen, Peders\u00f6re<\/p>\n<p>2009 Hankmon kyl\u00e4t, Mustasaari<\/p>\n<p>2008 Sm\u00e5b\u00f6nders, Kruunupyy<\/p>\n<p>2007 Perus, Kristiinankaupunki<\/p>\n<p>[\/et_pb_text][\/et_pb_column][et_pb_column type=&#8221;1_4&#8243; _builder_version=&#8221;4.22.1&#8243; _module_preset=&#8221;default&#8221; global_colors_info=&#8221;{}&#8221;][et_pb_text _builder_version=&#8221;4.27.4&#8243; _module_preset=&#8221;default&#8221; text_line_height=&#8221;1em&#8221; locked=&#8221;off&#8221; global_colors_info=&#8221;{}&#8221;]<\/p>\n<p>2006 Moikip\u00e4\u00e4, Korsn\u00e4s<\/p>\n<p>2005 \u00d6ja, Kokkola<\/p>\n<p>2004 Lapv\u00e4\u00e4rtti, Kristiinankaupunki<\/p>\n<p>2003 Sundom, Vaasa<\/p>\n<p>2002 Henriksdal, Kristiinankaupunki<\/p>\n<p>2001 Kortj\u00e4rvi, Kruunupyy<\/p>\n<p>[\/et_pb_text][\/et_pb_column][\/et_pb_row][\/et_pb_section][et_pb_section fb_built=&#8221;1&#8243; _builder_version=&#8221;4.22.1&#8243; _module_preset=&#8221;default&#8221; global_colors_info=&#8221;{}&#8221;][et_pb_row column_structure=&#8221;1_4,1_4,1_4,1_4&#8243; _builder_version=&#8221;4.27.4&#8243; _module_preset=&#8221;default&#8221; background_color=&#8221;#E3DCD5&#8243; custom_padding=&#8221;0px||0px||false|false&#8221; border_radii=&#8221;off|12px|12px||&#8221; ab_subject=&#8221;on&#8221; ab_subject_id=&#8221;1&#8243; global_colors_info=&#8221;{}&#8221;][et_pb_column type=&#8221;1_4&#8243; _builder_version=&#8221;4.22.1&#8243; _module_preset=&#8221;default&#8221; global_colors_info=&#8221;{}&#8221;][et_pb_text _builder_version=&#8221;4.25.2&#8243; _module_preset=&#8221;default&#8221; custom_padding=&#8221;20px|30px||30px|false|true&#8221; global_colors_info=&#8221;{}&#8221;]<\/p>\n<h4 style=\"text-align: left;\">\u00c5rets lokalakt\u00f6r \/ <strong>landsbygdsakt\u00f6r <\/strong> <\/h4>\n<p>[\/et_pb_text][\/et_pb_column][et_pb_column type=&#8221;1_4&#8243; _builder_version=&#8221;4.22.1&#8243; _module_preset=&#8221;default&#8221; global_colors_info=&#8221;{}&#8221;][et_pb_text _builder_version=&#8221;4.27.4&#8243; _module_preset=&#8221;default&#8221; custom_padding=&#8221;20px|30px||30px|false|true&#8221; global_colors_info=&#8221;{}&#8221;]<\/p>\n<h4 style=\"text-align: left;\"><strong>Vuoden maaseutu-kasvo<\/strong><\/h4>\n<p>[\/et_pb_text][\/et_pb_column][et_pb_column type=&#8221;1_4&#8243; _builder_version=&#8221;4.22.1&#8243; _module_preset=&#8221;default&#8221; global_colors_info=&#8221;{}&#8221;][et_pb_text _builder_version=&#8221;4.27.4&#8243; _module_preset=&#8221;default&#8221; custom_padding=&#8221;20px|30px||30px|false|true&#8221; global_colors_info=&#8221;{}&#8221;]<\/p>\n<h4 style=\"text-align: left;\"><strong>Vuoden nuori maaseututoimija <\/strong><\/h4>\n<p>[\/et_pb_text][\/et_pb_column][et_pb_column type=&#8221;1_4&#8243; _builder_version=&#8221;4.22.1&#8243; _module_preset=&#8221;default&#8221; global_colors_info=&#8221;{}&#8221;][et_pb_text _builder_version=&#8221;4.27.4&#8243; _module_preset=&#8221;default&#8221; custom_padding=&#8221;20px|30px||30px|false|true&#8221; global_colors_info=&#8221;{}&#8221;]<\/p>\n<h4 style=\"text-align: left;\"><strong>Kyl\u00e4toiminnan tienn\u00e4ytt\u00e4j\u00e4<\/strong><\/h4>\n<p>[\/et_pb_text][\/et_pb_column][\/et_pb_row][et_pb_row column_structure=&#8221;1_4,1_4,1_4,1_4&#8243; _builder_version=&#8221;4.25.2&#8243; _module_preset=&#8221;default&#8221; background_color=&#8221;#E3DCD5&#8243; custom_padding=&#8221;0px||0px||false|false&#8221; border_radii=&#8221;off|12px|12px||&#8221; ab_subject=&#8221;on&#8221; ab_subject_id=&#8221;2&#8243; global_colors_info=&#8221;{}&#8221;][et_pb_column type=&#8221;1_4&#8243; _builder_version=&#8221;4.22.1&#8243; _module_preset=&#8221;default&#8221; global_colors_info=&#8221;{}&#8221;][et_pb_text _builder_version=&#8221;4.25.2&#8243; _module_preset=&#8221;default&#8221; custom_padding=&#8221;20px|30px||30px|false|true&#8221; global_colors_info=&#8221;{}&#8221;]<\/p>\n<h4 style=\"text-align: left;\">Vuoden paikallistoimija<\/h4>\n<p>[\/et_pb_text][\/et_pb_column][et_pb_column type=&#8221;1_4&#8243; _builder_version=&#8221;4.22.1&#8243; _module_preset=&#8221;default&#8221; global_colors_info=&#8221;{}&#8221;][et_pb_text _builder_version=&#8221;4.25.2&#8243; _module_preset=&#8221;default&#8221; custom_padding=&#8221;20px|30px||30px|false|true&#8221; global_colors_info=&#8221;{}&#8221;]<\/p>\n<h4 style=\"text-align: left;\">Vuoden maaseutukasvo<\/h4>\n<p>[\/et_pb_text][et_pb_text _builder_version=&#8221;4.25.2&#8243; _module_preset=&#8221;default&#8221; custom_padding=&#8221;20px|30px||30px|false|true&#8221; ab_goal=&#8221;on&#8221; global_colors_info=&#8221;{}&#8221;]<\/p>\n<h4 style=\"text-align: left;\">Vuoden maaseutukasvo<\/h4>\n<p>[\/et_pb_text][\/et_pb_column][et_pb_column type=&#8221;1_4&#8243; _builder_version=&#8221;4.22.1&#8243; _module_preset=&#8221;default&#8221; global_colors_info=&#8221;{}&#8221;][et_pb_text _builder_version=&#8221;4.25.2&#8243; _module_preset=&#8221;default&#8221; custom_padding=&#8221;20px|30px||30px|false|true&#8221; global_colors_info=&#8221;{}&#8221;]<\/p>\n<h4 style=\"text-align: left;\">Vuoden nuori maaseututoimija<\/h4>\n<p>[\/et_pb_text][\/et_pb_column][et_pb_column type=&#8221;1_4&#8243; _builder_version=&#8221;4.22.1&#8243; _module_preset=&#8221;default&#8221; global_colors_info=&#8221;{}&#8221;][et_pb_text _builder_version=&#8221;4.25.2&#8243; _module_preset=&#8221;default&#8221; width=&#8221;100%&#8221; custom_padding=&#8221;20px|0px||0px|false|true&#8221; global_colors_info=&#8221;{}&#8221;]<\/p>\n<h4><span>Kyl\u00e4toiminnan tienn\u00e4ytt\u00e4j\u00e4<\/span><\/h4>\n<p>[\/et_pb_text][\/et_pb_column][\/et_pb_row][et_pb_row column_structure=&#8221;1_4,1_4,1_4,1_4&#8243; _builder_version=&#8221;4.22.1&#8243; _module_preset=&#8221;default&#8221; background_color=&#8221;#E3DCD5&#8243; custom_padding=&#8221;|30px|30px|30px|false|true&#8221; border_radii=&#8221;off|||12px|12px&#8221; global_colors_info=&#8221;{}&#8221;][et_pb_column type=&#8221;1_4&#8243; _builder_version=&#8221;4.22.1&#8243; _module_preset=&#8221;default&#8221; global_colors_info=&#8221;{}&#8221;][et_pb_text _builder_version=&#8221;4.27.4&#8243; _module_preset=&#8221;default&#8221; text_line_height=&#8221;1em&#8221; global_colors_info=&#8221;{}&#8221;]<\/p>\n<p><a href=\"https:\/\/aktion.fi\/fi\/vuodenpaikallistoimija2024\/\">2024 Markus Wilson<\/a><\/p>\n<p><a href=\"https:\/\/aktion.fi\/aretslokalaktor2023\/\">2023 Sabina \u00d6sterbro<\/a><\/p>\n<p><a href=\"https:\/\/aktion.fi\/aretslandsbygdsaktor2022\/\">2022 Thomas Enroth<\/a><\/p>\n<p><a href=\"https:\/\/aktion.fi\/utnamningar2021\/\">2021 Molpe Sj\u00f6r\u00e4ddare<\/a><\/p>\n<p>2019 KAJ<\/p>\n<p><a href=\"https:\/\/aktion.fi\/gladjande-nyheter-for-osterbotten-rekos-grundare-thomas-snellman-utsags-till-arets-landsbygdsprofil-vid-lokaali-festseminarium-i-nyslott-2-9-2018\/\">2018 Thomas Snellman<\/a><\/p>\n<p>2017 Alfred Backa<\/p>\n<p>2016 Ulla-Maj Wideroos<\/p>\n<p>2015 Anita Storm<\/p>\n<p>2014 Mats Brandt<\/p>\n<p>2013 Kaarlo Lepist\u00f6<\/p>\n<p>&nbsp;<\/p>\n<p>&nbsp;<\/p>\n<p>[\/et_pb_text][\/et_pb_column][et_pb_column type=&#8221;1_4&#8243; _builder_version=&#8221;4.22.1&#8243; _module_preset=&#8221;default&#8221; global_colors_info=&#8221;{}&#8221;][et_pb_text _builder_version=&#8221;4.27.4&#8243; _module_preset=&#8221;default&#8221; text_line_height=&#8221;1em&#8221; global_colors_info=&#8221;{}&#8221;]<\/p>\n<p><a href=\"https:\/\/aktion.fi\/fi\/vuodenmaaseutukasvo2024\/\">2024 Sofia Bj\u00f6rklund<\/a><\/p>\n<p><a href=\"https:\/\/aktion.fi\/landsbygdsansikte2023\/\">2023 Markus Smeds<\/a><\/p>\n<p><a href=\"https:\/\/aktion.fi\/aretslandsbygdsansikte2022\/\">2022 Nilla Kjellsdotter<\/a><\/p>\n<p><a href=\"https:\/\/aktion.fi\/utnamningar2021\/\">2021 KAJ <\/a><\/p>\n<p>&nbsp;<\/p>\n<p>&nbsp;<\/p>\n<p>[\/et_pb_text][\/et_pb_column][et_pb_column type=&#8221;1_4&#8243; _builder_version=&#8221;4.27.4&#8243; _module_preset=&#8221;default&#8221; global_colors_info=&#8221;{}&#8221;][et_pb_text _builder_version=&#8221;4.27.4&#8243; _module_preset=&#8221;default&#8221; text_line_height=&#8221;1em&#8221; custom_padding=&#8221;|||37px||&#8221; global_colors_info=&#8221;{}&#8221;]<\/p>\n<p><a href=\"https:\/\/aktion.fi\/fi\/nuoripaikallistoimija2024\/\">2024 Martin Nybacka<\/a><\/p>\n<p><a href=\"https:\/\/aktion.fi\/ungalokalaktor2023\/\">2023 Joel Svenlin<\/a><\/p>\n<p><a href=\"https:\/\/aktion.fi\/aretsungalokalaktor2022\/\">2022 Isabel Flemming<\/a><\/p>\n<p>&nbsp;<\/p>\n<p>[\/et_pb_text][\/et_pb_column][et_pb_column type=&#8221;1_4&#8243; _builder_version=&#8221;4.22.1&#8243; _module_preset=&#8221;default&#8221; global_colors_info=&#8221;{}&#8221;][et_pb_text _builder_version=&#8221;4.27.4&#8243; _module_preset=&#8221;default&#8221; text_line_height=&#8221;1em&#8221; custom_padding=&#8221;|||34px||&#8221; global_colors_info=&#8221;{}&#8221;]<\/p>\n<p><a href=\"https:\/\/aktion.fi\/2022\/06\/13\/vagvisare2022\/\">2022 Simon Berglund<\/a><\/p>\n<p><a href=\"https:\/\/aktion.fi\/utnamningar2021\/\">2021 Kenneth Nordberg<\/a><\/p>\n<p>2019 Katta Svenfelt<\/p>\n<p>2018 Elisabeth Henriksson<\/p>\n<p>2017 Alf Burman<\/p>\n<p>2016 Lasse Eriksson<\/p>\n<p>2015 Stig Beijar<\/p>\n<p>2014 Ole Norrback<\/p>\n<p>2013 Ann-Sofi Backgren<\/p>\n<p>[\/et_pb_text][\/et_pb_column][\/et_pb_row][\/et_pb_section][et_pb_section fb_built=&#8221;1&#8243; _builder_version=&#8221;4.22.1&#8243; _module_preset=&#8221;default&#8221; custom_padding=&#8221;||80px||false|false&#8221; global_colors_info=&#8221;{}&#8221;][\/et_pb_section]<\/p>\n","protected":false},"excerpt":{"rendered":"<p>\t\t\t<!-- Flexy Breadcrumb -->\r\n\t\t\t<div class=\"fbc fbc-page\">\r\n\r\n\t\t\t\t<!-- Breadcrumb wrapper -->\r\n\t\t\t\t<div class=\"fbc-wrap\">\r\n\r\n\t\t\t\t\t<!-- Ordered list-->\r\n\t\t\t\t\t<ol class=\"fbc-items\" itemscope itemtype=\"https:\/\/schema.org\/BreadcrumbList\">\r\n\t\t\t\t\t\t            <li itemprop=\"itemListElement\" itemscope itemtype=\"https:\/\/schema.org\/ListItem\">\r\n                <span itemprop=\"name\">\r\n                    <!-- Home Link -->\r\n                    <a itemprop=\"item\" href=\"https:\/\/aktion.fi\">\r\n                    \r\n                                                    <i class=\"fa fa-home\" aria-hidden=\"true\"><\/i>Home                    <\/a>\r\n                <\/span>\r\n                <meta itemprop=\"position\" content=\"1\" \/><!-- Meta Position-->\r\n             <\/li><li><span class=\"fbc-separator\">\/<\/span><\/li><li class=\"active\" itemprop=\"itemListElement\" itemscope itemtype=\"https:\/\/schema.org\/ListItem\"><span itemprop=\"name\" title=\"Blogi\">Blogi<\/span><meta itemprop=\"position\" content=\"2\" \/><\/li>\t\t\t\t\t<\/ol>\r\n\t\t\t\t\t<div class=\"clearfix\"><\/div>\r\n\t\t\t\t<\/div>\r\n\t\t\t<\/div>\r\n\t\t\tVuoden nimityksetVuoden kyl\u00e4Forsby osoittaa, ett\u00e4 maaseutu el\u00e4\u00e4 \u2013 vahva yhteis\u00f6llisyys, vilkkaat tapahtumat ja panostukset asumiseen tekev\u00e4t siit\u00e4 edell\u00e4k\u00e4vij\u00e4n.Vuoden paikallistoimijaCarina on tarmokas tekij\u00e4, joka innostuksellaan ja aloitteellisuudellaan vie koko seutua eteenp\u00e4in. [&hellip;]<\/p>\n","protected":false},"author":2,"featured_media":0,"parent":305447,"menu_order":0,"comment_status":"closed","ping_status":"closed","template":"","meta":{"_acf_changed":false,"_et_pb_use_builder":"on","_et_pb_old_content":"","_et_gb_content_width":"","footnotes":""},"class_list":["post-304621","page","type-page","status-publish","hentry"],"acf":[],"_links":{"self":[{"href":"https:\/\/aktion.fi\/fi\/wp-json\/wp\/v2\/pages\/304621","targetHints":{"allow":["GET"]}}],"collection":[{"href":"https:\/\/aktion.fi\/fi\/wp-json\/wp\/v2\/pages"}],"about":[{"href":"https:\/\/aktion.fi\/fi\/wp-json\/wp\/v2\/types\/page"}],"author":[{"embeddable":true,"href":"https:\/\/aktion.fi\/fi\/wp-json\/wp\/v2\/users\/2"}],"replies":[{"embeddable":true,"href":"https:\/\/aktion.fi\/fi\/wp-json\/wp\/v2\/comments?post=304621"}],"version-history":[{"count":5,"href":"https:\/\/aktion.fi\/fi\/wp-json\/wp\/v2\/pages\/304621\/revisions"}],"predecessor-version":[{"id":312650,"href":"https:\/\/aktion.fi\/fi\/wp-json\/wp\/v2\/pages\/304621\/revisions\/312650"}],"up":[{"embeddable":true,"href":"https:\/\/aktion.fi\/fi\/wp-json\/wp\/v2\/pages\/305447"}],"wp:attachment":[{"href":"https:\/\/aktion.fi\/fi\/wp-json\/wp\/v2\/media?parent=304621"}],"curies":[{"name":"wp","href":"https:\/\/api.w.org\/{rel}","templated":true}]}}