{"id":304633,"date":"2023-09-24T12:56:04","date_gmt":"2023-09-24T12:56:04","guid":{"rendered":"http:\/\/aktion.fi\/yhteisot\/kehitys-ja-yhteistyo\/"},"modified":"2024-06-27T04:43:06","modified_gmt":"2024-06-27T04:43:06","slug":"kehitys-ja-yhteistyo","status":"publish","type":"page","link":"https:\/\/aktion.fi\/fi\/yhteisot\/kehitys-ja-yhteistyo\/","title":{"rendered":"Kehitys ja yhteisty\u00f6"},"content":{"rendered":"<p>[et_pb_section fb_built=&#8221;1&#8243; module_id=&#8221;mbantp2&#8243; _builder_version=&#8221;4.22.1&#8243; _module_preset=&#8221;default&#8221; background_color=&#8221;#FFFFFF&#8221; background_image=&#8221;http:\/\/aktion.fi\/wp-content\/uploads\/2023\/10\/samarbete-och-utveckling.jpg&#8221; module_alignment=&#8221;center&#8221; custom_padding=&#8221;6%|20%|6%|20%|true|true&#8221; saved_tabs=&#8221;all&#8221; global_colors_info=&#8221;{}&#8221;][et_pb_row module_id=&#8221;brdcrms&#8221; _builder_version=&#8221;4.22.1&#8243; _module_preset=&#8221;default&#8221; global_colors_info=&#8221;{}&#8221;][et_pb_column type=&#8221;4_4&#8243; _builder_version=&#8221;4.22.1&#8243; _module_preset=&#8221;default&#8221; global_colors_info=&#8221;{}&#8221;][et_pb_text _builder_version=&#8221;4.22.1&#8243; _module_preset=&#8221;default&#8221; global_colors_info=&#8221;{}&#8221;]<\/p>\n\t\t\t<!-- Flexy Breadcrumb -->\r\n\t\t\t<div class=\"fbc fbc-page\">\r\n\r\n\t\t\t\t<!-- Breadcrumb wrapper -->\r\n\t\t\t\t<div class=\"fbc-wrap\">\r\n\r\n\t\t\t\t\t<!-- Ordered list-->\r\n\t\t\t\t\t<ol class=\"fbc-items\" itemscope itemtype=\"https:\/\/schema.org\/BreadcrumbList\">\r\n\t\t\t\t\t\t            <li itemprop=\"itemListElement\" itemscope itemtype=\"https:\/\/schema.org\/ListItem\">\r\n                <span itemprop=\"name\">\r\n                    <!-- Home Link -->\r\n                    <a itemprop=\"item\" href=\"https:\/\/aktion.fi\">\r\n                    \r\n                                                    <i class=\"fa fa-home\" aria-hidden=\"true\"><\/i>Home                    <\/a>\r\n                <\/span>\r\n                <meta itemprop=\"position\" content=\"1\" \/><!-- Meta Position-->\r\n             <\/li><li><span class=\"fbc-separator\">\/<\/span><\/li><li class=\"active\" itemprop=\"itemListElement\" itemscope itemtype=\"https:\/\/schema.org\/ListItem\"><span itemprop=\"name\" title=\"Blogi\">Blogi<\/span><meta itemprop=\"position\" content=\"2\" \/><\/li>\t\t\t\t\t<\/ol>\r\n\t\t\t\t\t<div class=\"clearfix\"><\/div>\r\n\t\t\t\t<\/div>\r\n\t\t\t<\/div>\r\n\t\t\t\n<p>[\/et_pb_text][\/et_pb_column][\/et_pb_row][et_pb_row module_id=&#8221;inpghdng&#8221; _builder_version=&#8221;4.22.1&#8243; _module_preset=&#8221;default&#8221; global_colors_info=&#8221;{}&#8221;][et_pb_column type=&#8221;4_4&#8243; _builder_version=&#8221;4.22.1&#8243; _module_preset=&#8221;default&#8221; global_colors_info=&#8221;{}&#8221;][et_pb_text _builder_version=&#8221;4.22.1&#8243; _module_preset=&#8221;default&#8221; header_text_color=&#8221;#FFFFFF&#8221; header_font_size=&#8221;60px&#8221; header_font_size_tablet=&#8221;50px&#8221; header_font_size_phone=&#8221;40px&#8221; header_font_size_last_edited=&#8221;on|phone&#8221; header_text_shadow_style=&#8221;preset2&#8243; header_text_shadow_horizontal_length=&#8221;0.01em&#8221; header_text_shadow_vertical_length=&#8221;0.03em&#8221; global_colors_info=&#8221;{}&#8221;]<\/p>\n<h1>Kehitys ja yhteisty\u00f6<\/h1>\n<p>[\/et_pb_text][\/et_pb_column][\/et_pb_row][\/et_pb_section][et_pb_section fb_built=&#8221;1&#8243; _builder_version=&#8221;4.22.1&#8243; _module_preset=&#8221;default&#8221; custom_padding=&#8221;80px||||false|false&#8221; global_colors_info=&#8221;{}&#8221;][et_pb_row column_structure=&#8221;1_2,1_2&#8243; _builder_version=&#8221;4.22.1&#8243; _module_preset=&#8221;default&#8221; width=&#8221;100%&#8221; custom_padding=&#8221;27px|||||&#8221; locked=&#8221;off&#8221; global_colors_info=&#8221;{}&#8221;][et_pb_column type=&#8221;1_2&#8243; _builder_version=&#8221;4.22.1&#8243; _module_preset=&#8221;default&#8221; global_colors_info=&#8221;{}&#8221;][et_pb_text _builder_version=&#8221;4.22.1&#8243; _module_preset=&#8221;default&#8221; text_font=&#8221;|300|||||||&#8221; global_colors_info=&#8221;{}&#8221;]<\/p>\n<div class=\"landing-header\">\n<div class=\"header-text\">\n<h1>Yritysten, elinkeinojen ja maaseudun palvelujen kehitt\u00e4misen yhteisty\u00f6hankkeet<\/h1>\n<\/div>\n<\/div>\n<p class=\"py\"><span><\/span><\/p>\n<p class=\"py\"><span><\/span><\/p>\n<p class=\"py\"><span>Monipuoliset mahdollisuudet kehitt\u00e4\u00e4 elinkeinoja ja palveluja maaseudulla. Yhteisty\u00f6hanke voi olla paikallinen, alueellinen, alueiden v\u00e4linen, valtakunnallinen tai kansainv\u00e4linen. <\/span><\/p>\n<p class=\"py\"><span>Tukitaso vaihtelee: korkeintaan 60, 80 tai 100 % Yritysryhm\u00e4- ja viljelij\u00e4ryhm\u00e4hankkeet 75 %<\/span><\/p>\n<p class=\"py\"><span>Tukea voidaan my\u00f6nt\u00e4\u00e4, mik\u00e4li hankkeen tavoitteena on edist\u00e4\u00e4 tai kehitt\u00e4\u00e4 yhteisty\u00f6n kautta<\/span><\/p>\n<ul>\n<li class=\"py\">nuorten maanviljelyn aloittamista tai liiketoiminnan harjoittamista sek\u00e4 yritystoiminnan mahdollisuuksia maaseudulla,<\/li>\n<li class=\"py\">maaseudun sosioekonoomista rakennetta ja toimintaymp\u00e4rist\u00f6\u00e4,<\/li>\n<li class=\"py\">suunnitelmia ja ratkaisuja \u00e4lykk\u00e4ille kylille.<\/li>\n<\/ul>\n<p>[\/et_pb_text][et_pb_button button_url=&#8221;https:\/\/www.ruokavirasto.fi\/sv\/stod\/tjanster-och-naringsutveckling-pa-landsbygden\/utveckling-och-samarbete\/samarbetsprojekt-for-utveckling-av-foretag-naringar-och-landsbygdens-tjanster\/&#8221; button_text=&#8221;Lue lis\u00e4\u00e4&#8221; module_class=&#8221;rmbtnlnk1&#8243; _builder_version=&#8221;4.22.1&#8243; _module_preset=&#8221;default&#8221; custom_button=&#8221;on&#8221; button_text_size=&#8221;16px&#8221; button_bg_color=&#8221;RGBA(255,255,255,0)&#8221; button_border_width=&#8221;0px&#8221; button_icon=&#8221;&#x35;||divi||400&#8243; button_on_hover=&#8221;off&#8221; custom_padding=&#8221;0px|0px|0px|0px|false|false&#8221; locked=&#8221;off&#8221; global_colors_info=&#8221;{}&#8221;][\/et_pb_button][\/et_pb_column][et_pb_column type=&#8221;1_2&#8243; _builder_version=&#8221;4.22.1&#8243; _module_preset=&#8221;default&#8221; global_colors_info=&#8221;{}&#8221;][et_pb_accordion _builder_version=&#8221;4.22.1&#8243; _module_preset=&#8221;default&#8221; toggle_level=&#8221;h6&#8243; body_font_size=&#8221;14px&#8221; global_colors_info=&#8221;{}&#8221;][et_pb_accordion_item title=&#8221;Nuorten viljelij\u00f6iden ja yritystoiminnan yhteisty\u00f6&#8221; open=&#8221;on&#8221; _builder_version=&#8221;4.22.1&#8243; _module_preset=&#8221;default&#8221; global_colors_info=&#8221;{}&#8221;]<\/p>\n<p>Yhteisty\u00f6projektissa nuorten maanviljelij\u00f6iden ja yritystoiminnan parissa kehitet\u00e4\u00e4n uusia k\u00e4yt\u00e4nt\u00f6j\u00e4, tuotteita ja palveluja innovaatioiden avulla.<\/p>\n<p>Projektien avulla uudistetaan maaseutualueiden taloutta ja monipuolistetaan niiden taloutta, turvataan uusien maatalousyritt\u00e4jien toiminta ja helpotetaan sukupolvenvaihdoksia ja omistajanvaihdoksia. Projektit lis\u00e4\u00e4v\u00e4t yhteisty\u00f6t\u00e4 ja kehitt\u00e4v\u00e4t uusia ratkaisuja.<\/p>\n<ul><\/ul>\n<p>[\/et_pb_accordion_item][et_pb_accordion_item title=&#8221;Maaseudun palvelujen ja toimintaymp\u00e4rist\u00f6n yhteisty\u00f6&#8221; _builder_version=&#8221;4.22.1&#8243; _module_preset=&#8221;default&#8221; global_colors_info=&#8221;{}&#8221; open=&#8221;off&#8221;]<\/p>\n<p>Hankkeella turvataan ja kehitet\u00e4\u00e4n maaseudun palveluja sek\u00e4 uudistetaan ja monipuolistetaan maaseutualueiden taloutta. Tavoitteena on yhteisty\u00f6n kautta l\u00f6yt\u00e4\u00e4 uusia ratkaisuja.<\/p>\n<p>Hankkeessa voidaan esimerkiksi toteuttaa tapahtuma, joka parantaa kyl\u00e4n yhteishenke\u00e4 tai teett\u00e4\u00e4 kyl\u00e4lle maisemanhoitosuunnitelma tai jokin muu yleist\u00e4 viihtyvyytt\u00e4 parantava suunnitelma. Hankkeella voidaan my\u00f6s kehitt\u00e4\u00e4 matkailua, esimerkiksi metsien virkistysk\u00e4ytt\u00f6\u00e4 ja luontopohjaisia hyvinvointipalveluita. Lis\u00e4ksi hankkeella voidaan luoda biotaloudesta ty\u00f6llisyytt\u00e4 ja kasvua esimerkiksi edist\u00e4m\u00e4ll\u00e4 biojalostamoiden ja muiden alan yritysten yhteisty\u00f6t\u00e4.<\/p>\n<p>[\/et_pb_accordion_item][et_pb_accordion_item title=&#8221;\u00c4lyk\u00e4s kyl\u00e4 &#8211; yhteisty\u00f6&#8221; _builder_version=&#8221;4.22.1&#8243; _module_preset=&#8221;default&#8221; global_colors_info=&#8221;{}&#8221; open=&#8221;off&#8221;]<\/p>\n<p>\u00c4lyk\u00e4s kyl\u00e4 -hankkeessa toimii v\u00e4hint\u00e4\u00e4n kaksi toimijaa yhdess\u00e4 l\u00f6yt\u00e4\u00e4kseen ratkaisuja haasteisiin.<\/p>\n<p>Tukea voi saada kyl\u00e4yhdistys tai muu kyl\u00e4toimija, yhdistus, osuuskunta tai kunta. Toimijat voivat olla esimerkiksi kyli\u00e4 tai kuntia tai vaikkapa kyl\u00e4 ja kehitt\u00e4j\u00e4organisaatio yhdess\u00e4.<\/p>\n<p>\u00c4lykk\u00e4\u00e4t kyl\u00e4t -hankkeella edistet\u00e4\u00e4n uudistumista, uusia ratkaisuja, rohkeita kokeiluja, uusia kumppanuuksia ja verkostoitumista niin aluetasolla kuin valtakunnallisesti ja kansainv\u00e4lisestikin.<\/p>\n<p>\u00c4lykk\u00e4\u00e4t kyl\u00e4t -hanke on useamman vuoden projekti, johon voi liitty\u00e4 yleishy\u00f6dyllisi\u00e4 investointeja. Tuki investointeihin haetaan erikseen.<\/p>\n<p>Hankkeeseen liittyv\u00e4t innovaatiot voivat olla sosiaalisia, taloudellisia tai ymp\u00e4rist\u00f6n tilaa parantavia.<\/p>\n<p>Tukea voi saada jopa 100% hyv\u00e4ksytt\u00e4vist\u00e4 kustannuksista.<\/p>\n<p>[\/et_pb_accordion_item][et_pb_accordion_item title=&#8221;Tukialue&#8221; _builder_version=&#8221;4.22.1&#8243; _module_preset=&#8221;default&#8221; global_colors_info=&#8221;{}&#8221; open=&#8221;off&#8221;]<\/p>\n<p><a title=\"Tukikartta\" href=\"https:\/\/hkp.maanmittauslaitos.fi\/hkp\/published\/fi\/c2e07f2d-4f70-49ad-ae1a-5853fe7d03e1\">T\u00e4st\u00e4 kartasta voit<\/a><span> tarkistaa sijaitseeko yrityksesi tuettavalla alueella. Alueet joille rahoitusta ei voida my\u00f6nt\u00e4\u00e4 on merkitty karttaa mustalla ja valkoisella. Jos klikkaat karttaa, saat lis\u00e4tietoja paikasta: alueen Leader-ryhm\u00e4st\u00e4 ja alueen sijainnista kaupunki-maaseutuluokituksessa.<\/span><\/p>\n<p>[\/et_pb_accordion_item][et_pb_accordion_item title=&#8221;Kehitt\u00e4mishankkeen hyv\u00e4ksytt\u00e4v\u00e4t kustannukset&#8221; _builder_version=&#8221;4.22.1&#8243; _module_preset=&#8221;default&#8221; global_colors_info=&#8221;{}&#8221; open=&#8221;off&#8221;]<\/p>\n<p class=\"py\">St\u00f6d kan beviljas f\u00f6r f\u00f6ljande beh\u00f6vliga och sk\u00e4liga kostnader f\u00f6r ett utvecklingsprojekt:<\/p>\n<ul>\n<li class=\"py\">henkil\u00f6st\u00f6kulut<\/li>\n<li class=\"py\">matkakulut<\/li>\n<li class=\"py\">ostopalveluista aiheutuvat hankintakulut<\/li>\n<li class=\"py\">vuokrakulut,<\/li>\n<li class=\"py\">pienhankinnat ja kohtuulliset tarjoilukustannukset hankkeen kokous-, koulutus- ja tiedotustilaisuuksissa<\/li>\n<li class=\"py\">arpeelliset ja kohtuulliset kustannukset, jotka liittyv\u00e4t kansainv\u00e4liseen yhteisty\u00f6h\u00f6n ja aiheutuvat ulkopuolisten asiantuntijoiden kutsumisesta suomalaisen osapuolen j\u00e4rjest\u00e4miin tilaisuuksiin sek\u00e4 kustannukset, jotka liittyv\u00e4t hankkeeseen sis\u00e4ltyv\u00e4n kansainv\u00e4lisen yhteisty\u00f6n koordinointiin muussa valtiossa toimivan yhteisty\u00f6kumppanin kanssa<\/li>\n<li class=\"py\">pilottihankkeissa tarvittavien v\u00e4lineiden ja laitteiden poistot silt\u00e4 osin ja silt\u00e4 ajalta kuin niit\u00e4 k\u00e4ytet\u00e4\u00e4n hankkeessa<\/li>\n<li class=\"py\">muut kehitt\u00e4mishankkeen toteuttamisesta aiheutuvat tarpeelliset ja kohtuulliset kustannukset<\/li>\n<\/ul>\n<p>.<\/p>\n<p>[\/et_pb_accordion_item][et_pb_accordion_item title=&#8221;Tuen ulkopuolelle j\u00e4\u00e4v\u00e4t kustannukset&#8221; _builder_version=&#8221;4.22.1&#8243; _module_preset=&#8221;default&#8221; global_colors_info=&#8221;{}&#8221; open=&#8221;off&#8221;]<\/p>\n<ul>\n<li>sellaisten hankintojen kustannuksiin, jotka on tehty hakijalta, hakijayhteis\u00f6ss\u00e4 p\u00e4\u00e4t\u00f6svaltaa k\u00e4ytt\u00e4v\u00e4lt\u00e4 henkil\u00f6lt\u00e4 tai h\u00e4nen perheenj\u00e4senelt\u00e4\u00e4n tai h\u00e4nen tai h\u00e4nen perheenj\u00e4senens\u00e4 m\u00e4\u00e4r\u00e4ysvallassa olevalta yritykselt\u00e4, jollei hankinnasta ole hankittu riitt\u00e4v\u00e4sti tarjouksia muilta asianmukaisilta tahoilta<\/li>\n<li>korkoihin, provisioihin ja varainsiirtoveroon sek\u00e4 muihin investoinnin tai muun toimenpiteen rahoituksesta aiheutuviin kustannuksiin<\/li>\n<li>leasingkustannuksiin, jos sopimuksen kohteena oleva kone tai laite sopimusehtojen mukaisesti siirtyy hakijan omistukseen<\/li>\n<li>osamaksulla hankittavan koneen tai laitteen maksueriin, jos hankitun omaisuuden omistusoikeus ei siirry hankkeen toteutusaikana<\/li>\n<li>tietoliikenneverkkoinvestoinnin yhteydess\u00e4 tilaajaliittym\u00e4n rakentamisesta johtuviin kustannuksiin, jotka aiheutuvat liittym\u00e4n viimeisen 100 metrin rakentamisesta laskettuna yksityisen loppuk\u00e4ytt\u00e4j\u00e4n asuinrakennuksen tai toimipaikan sein\u00e4st\u00e4<\/li>\n<li>arvonlis\u00e4veroon, joka ei j\u00e4\u00e4 hakijan lopulliseksi kustannukseksi, jos hakija ei esit\u00e4 selvityst\u00e4 siit\u00e4, ett\u00e4 kustannuksesta ei ole mahdollista saada arvonlis\u00e4veron v\u00e4hennyst\u00e4 tai palautusta<\/li>\n<li>kustannuksiin, jotka eiv\u00e4t j\u00e4\u00e4 hakijan lopulliseksi menoksi palautuksen, hyvityksen tai muun vastaavan syyn johdosta<\/li>\n<li>kustannuksiin, jotka aiheutuvat hakijan muusta kuin hankkeen toteuttamiseen liittyv\u00e4st\u00e4 s\u00e4\u00e4nn\u00f6llisest\u00e4 tavanomaisesta toiminnasta tai siihen liittyv\u00e4st\u00e4 suhdetoiminnasta<\/li>\n<li>palkkoihin ja palkkioihin silt\u00e4 osin, kuin ne ylitt\u00e4v\u00e4t vastaavasta teht\u00e4v\u00e4st\u00e4 yleisesti maksettavan palkan ja palkkion m\u00e4\u00e4r\u00e4n<\/li>\n<li>muihin palkkaukseen kuuluviin kustannuksiin kuin lakis\u00e4\u00e4teisist\u00e4 tai ty\u00f6nantajaa velvoittavasta ty\u00f6ehtosopimuksesta johtuviin kustannuksiin<\/li>\n<li>matkakustannuksiin silt\u00e4 osin, kuin ne ylitt\u00e4v\u00e4t m\u00e4\u00e4r\u00e4n, joka korvattaisiin matkan suorittamisen aikana voimassa olevan valtion matkustuss\u00e4\u00e4nn\u00f6n mukaan<\/li>\n<li>sellaisen ty\u00f6ntekij\u00e4n palkkauksesta aiheutuviin kustannuksiin, joka ei ole tukea haettaessa ollut hakijan vakinaisen viran haltija tai toistaiseksi voimassa olevassa ty\u00f6suhteessa oleva ty\u00f6ntekij\u00e4, jos hankkeen ty\u00f6ntekij\u00e4n ty\u00f6panos koko hankkeen alkuper\u00e4isess\u00e4 tukip\u00e4\u00e4t\u00f6ksess\u00e4 hyv\u00e4ksytyll\u00e4 toteuttamisajalta ylitt\u00e4\u00e4 yhden henkil\u00f6ty\u00f6vuoden eik\u00e4 kyseinen virka tai toimi ole ollut julkisesti haettavana<\/li>\n<li>virkamiehen matkakustannuksiin ja kokouspalkkioihin, jos teht\u00e4v\u00e4 kuuluu virkamiehen viranhoitoon.<\/li>\n<\/ul>\n<ul><\/ul>\n<p>[\/et_pb_accordion_item][et_pb_accordion_item title=&#8221;Hyv\u00e4ksytt\u00e4vien kustannusten kohtuullisuus&#8221; _builder_version=&#8221;4.22.1&#8243; _module_preset=&#8221;default&#8221; global_colors_info=&#8221;{}&#8221; open=&#8221;off&#8221;]<\/p>\n<p><span>Tukip\u00e4\u00e4t\u00f6st\u00e4 teht\u00e4ess\u00e4 on pyritt\u00e4v\u00e4 varmistamaan, ett\u00e4 toimenpiteen kustannusarvio on kohtuullinen silt\u00e4 osin kuin se on mahdollista. Jos hankintaan ei sovelleta julkisista hankinnoista ja k\u00e4ytt\u00f6oikeussopimuksista annettua lakia (1397\/2016), kustannusten kohtuullisuuden arvioinnissa voidaan k\u00e4ytt\u00e4\u00e4 viitekustannuksia <\/span><\/p>\n<p><span>Jos viitekustannuksia ei ole k\u00e4ytett\u00e4viss\u00e4, tuen hakijan tulee toimittaa v\u00e4hint\u00e4\u00e4n 3 000 euron suuruisissa hankinnoissa selvitys tavanomaisesta hintatasosta, riitt\u00e4v\u00e4 m\u00e4\u00e4r\u00e4 tarjouksia tai muu selvitys, jonka perusteella kustannusten kohtuullisuus on mahdollista arvioida. Tavanomaisella hintatasolla tarkoitetaan tavaran- tai palveluntoimittajien yleisesti k\u00e4ytt\u00e4mi\u00e4 hintoja. <\/span><\/p>\n<p><span>Alle 3 000 euron suuruisissa hankinnoissa viranomaisen on varmistettava hankinnan kustannusten kohtuullisuus, jos hankinnan kustannusten kohtuullisuutta on syyt\u00e4 ep\u00e4ill\u00e4.<\/span><\/p>\n<p>[\/et_pb_accordion_item][\/et_pb_accordion][\/et_pb_column][\/et_pb_row][et_pb_row _builder_version=&#8221;4.22.1&#8243; _module_preset=&#8221;default&#8221; max_width=&#8221;980px&#8221; custom_padding=&#8221;0px||50px||false|false&#8221; border_color_bottom=&#8221;#E3DCD5&#8243; locked=&#8221;off&#8221; global_colors_info=&#8221;{}&#8221;][et_pb_column type=&#8221;4_4&#8243; _builder_version=&#8221;4.22.1&#8243; _module_preset=&#8221;default&#8221; global_colors_info=&#8221;{}&#8221;][et_pb_divider _builder_version=&#8221;4.22.1&#8243; _module_preset=&#8221;default&#8221; global_colors_info=&#8221;{}&#8221;][\/et_pb_divider][\/et_pb_column][\/et_pb_row][et_pb_row column_structure=&#8221;1_2,1_2&#8243; _builder_version=&#8221;4.22.1&#8243; _module_preset=&#8221;default&#8221; width=&#8221;100%&#8221; custom_padding=&#8221;27px|||||&#8221; locked=&#8221;off&#8221; global_colors_info=&#8221;{}&#8221;][et_pb_column type=&#8221;1_2&#8243; _builder_version=&#8221;4.22.1&#8243; _module_preset=&#8221;default&#8221; global_colors_info=&#8221;{}&#8221;][et_pb_text _builder_version=&#8221;4.22.1&#8243; _module_preset=&#8221;default&#8221; text_font=&#8221;|300|||||||&#8221; global_colors_info=&#8221;{}&#8221;]<\/p>\n<div class=\"landing-header\">\n<div class=\"header-text\">\n<div class=\"landing-header\">\n<div class=\"header-text\">\n<h1>Ymp\u00e4rist\u00f6- ja ilmastoyhteisty\u00f6hankkeet<\/h1>\n<\/div>\n<\/div>\n<div class=\"content-area content-area--gray\">\n<div class=\"content\">\n<div class=\"links\">\n<div class=\"link-card-wrapper\">\n<div class=\"link-card\"><\/div>\n<\/div>\n<\/div>\n<\/div>\n<\/div>\n<p class=\"py\"><span>Monipuoliset mahdollisuudet kehitt\u00e4\u00e4 elinkeinoja ja palveluja maaseudulla. Yhteisty\u00f6hanke voi olla paikallinen, alueellinen, alueiden v\u00e4linen, valtakunnallinen tai kansainv\u00e4linen. <\/span><\/p>\n<p class=\"py\"><span>Tukitaso vaihtelee: korkeintaan 60, 80 tai 100 % Yritysryhm\u00e4- ja viljelij\u00e4ryhm\u00e4hankkeet 75 %<\/span><\/p>\n<p class=\"py\"><span>Tukea voidaan my\u00f6nt\u00e4\u00e4, mik\u00e4li hankkeen tavoitteena on edist\u00e4\u00e4 tai kehitt\u00e4\u00e4 yhteisty\u00f6n kautta<\/span><\/p>\n<ul>\n<li class=\"py\">toimenpiteit\u00e4 ilmastonmuutoksen hillitsemiseksi ja ilmastonmuutokseen sopeutumiseksi.<\/li>\n<li class=\"py\">luonnonvarojen kest\u00e4v\u00e4\u00e4 hallintaa ja luonnon monimuotoisuuden s\u00e4ilytt\u00e4mist\u00e4.<\/li>\n<\/ul>\n<p><span style=\"font-size: 16px; font-weight: 300;\">Tukea voidaan my\u00f6nt\u00e4\u00e4, mik\u00e4li hankkeen tavoitteena on edist\u00e4\u00e4 tai kehitt\u00e4\u00e4 yhteisty\u00f6n kautta<\/span><\/div>\n<\/div>\n<p>[\/et_pb_text][et_pb_button button_url=&#8221;https:\/\/www.ruokavirasto.fi\/sv\/stod\/tjanster-och-naringsutveckling-pa-landsbygden\/utveckling-och-samarbete\/miljo&#8211;och-klimatsamarbetsprojekt\/&#8221; button_text=&#8221;Lue lis\u00e4\u00e4&#8221; module_class=&#8221;rmbtnlnk1&#8243; _builder_version=&#8221;4.22.1&#8243; _module_preset=&#8221;default&#8221; custom_button=&#8221;on&#8221; button_text_size=&#8221;16px&#8221; button_bg_color=&#8221;RGBA(255,255,255,0)&#8221; button_border_width=&#8221;0px&#8221; button_icon=&#8221;&#x35;||divi||400&#8243; button_on_hover=&#8221;off&#8221; custom_padding=&#8221;0px|0px|0px|0px|false|false&#8221; locked=&#8221;off&#8221; global_colors_info=&#8221;{}&#8221;][\/et_pb_button][\/et_pb_column][et_pb_column type=&#8221;1_2&#8243; _builder_version=&#8221;4.22.1&#8243; _module_preset=&#8221;default&#8221; global_colors_info=&#8221;{}&#8221;][et_pb_accordion _builder_version=&#8221;4.22.1&#8243; _module_preset=&#8221;default&#8221; toggle_level=&#8221;h6&#8243; body_font_size=&#8221;14px&#8221; global_colors_info=&#8221;{}&#8221;][et_pb_accordion_item title=&#8221;Ilmastoty\u00f6&#8221; open=&#8221;on&#8221; _builder_version=&#8221;4.22.1&#8243; _module_preset=&#8221;default&#8221; global_colors_info=&#8221;{}&#8221;]<\/p>\n<p> Ilmastoyhteisty\u00f6hankkeessa lis\u00e4t\u00e4\u00e4n tiet\u00e4myst\u00e4 <b>ilmastonmuutoksesta<\/b>, <b>riskien<\/b> ja <b>sopeutumistarpeiden<\/b> tunnistamisesta ja <b>menetelmist\u00e4<\/b>, kansainv\u00e4lisest\u00e4 yhteisty\u00f6st\u00e4 ja sektorirajat ylitt\u00e4v\u00e4st\u00e4 yhteisty\u00f6st\u00e4..<\/p>\n<p>Projekti edist\u00e4\u00e4 <b> resurssi- ja materiaalitehokkuutta,<\/b> kuten energiank\u00e4yt\u00f6n tehostamista, ruokah\u00e4vikin v\u00e4hent\u00e4mist\u00e4, energiatehokasta liikkumista ja kest\u00e4v\u00e4\u00e4 kulutusta.<\/p>\n<p>[\/et_pb_accordion_item][et_pb_accordion_item title=&#8221;Luonnonvarayhteisty\u00f6&#8221; _builder_version=&#8221;4.22.1&#8243; _module_preset=&#8221;default&#8221; global_colors_info=&#8221;{}&#8221; open=&#8221;off&#8221;]<\/p>\n<p>Luonnonvarayhteisty\u00f6hankkeessa lis\u00e4t\u00e4\u00e4n asiantuntemusta ja yli sektorirajojen tapahtuvaa yhteisty\u00f6t\u00e4 sek\u00e4 <b>luonnonvarojen<\/b> ett\u00e4 <b>luonnon monimuotoisuuden<\/b> osalta.<\/p>\n<p>Hankkeella lis\u00e4t\u00e4\u00e4n tietoa <b>valuma-alueiden<\/b> painetekij\u00f6ist\u00e4 ja vesiensuojelusta,<b><\/b><b>ravinteiden kierr\u00e4tyksest\u00e4<\/b> ja k\u00e4ytett\u00e4viss\u00e4 olevista uusista menetelmist\u00e4 sek\u00e4 luodaan asukkaille, yhdistyksille ja yritt\u00e4jille ideoita ja virikkeit\u00e4 uusista yhteisty\u00f6- ja liiketoimintamahdollisuuksista Yhteisty\u00f6hankkeessa etsit\u00e4\u00e4n ratkaisuja <b>hiilen sidonnan tehostamiseen<\/b><b>,<\/b> ravinteiden tehokkaaseen k\u00e4ytt\u00f6\u00f6n ja kierr\u00e4tt\u00e4miseen sek\u00e4 <b>riskienhallintaan<\/b> s\u00e4\u00e4n \u00e4\u00e4ri-ilmi\u00f6iden lis\u00e4\u00e4ntyess\u00e4. Hankkeessa edistet\u00e4\u00e4n luonnon monimuotoisuutta. Hanke edist\u00e4\u00e4 biologista monimuotoisuutta.<\/p>\n<p>[\/et_pb_accordion_item][et_pb_accordion_item title=&#8221;Tukialue&#8221; _builder_version=&#8221;4.22.1&#8243; _module_preset=&#8221;default&#8221; global_colors_info=&#8221;{}&#8221; open=&#8221;off&#8221;]<\/p>\n<p><a title=\"Tukikartta\" href=\"https:\/\/hkp.maanmittauslaitos.fi\/hkp\/published\/fi\/c2e07f2d-4f70-49ad-ae1a-5853fe7d03e1\">T\u00e4st\u00e4 kartasta voit<\/a><span> tarkistaa sijaitseeko yrityksesi tuettavalla alueella. Alueet joille rahoitusta ei voida my\u00f6nt\u00e4\u00e4 on merkitty karttaa mustalla ja valkoisella. Jos klikkaat karttaa, saat lis\u00e4tietoja paikasta: alueen Leader-ryhm\u00e4st\u00e4 ja alueen sijainnista kaupunki-maaseutuluokituksessa.<\/span><\/p>\n<p>[\/et_pb_accordion_item][et_pb_accordion_item title=&#8221;Kehitt\u00e4mishankkeen hyv\u00e4ksytt\u00e4v\u00e4t kustannukset&#8221; _builder_version=&#8221;4.22.1&#8243; _module_preset=&#8221;default&#8221; global_colors_info=&#8221;{}&#8221; open=&#8221;off&#8221;]<\/p>\n<p class=\"py\">St\u00f6d kan beviljas f\u00f6r f\u00f6ljande beh\u00f6vliga och sk\u00e4liga kostnader f\u00f6r ett utvecklingsprojekt:<\/p>\n<ul>\n<li class=\"py\">henkil\u00f6st\u00f6kulut<\/li>\n<li class=\"py\">matkakulut<\/li>\n<li class=\"py\">ostopalveluista aiheutuvat hankintakulut<\/li>\n<li class=\"py\">vuokrakulut,<\/li>\n<li class=\"py\">pienhankinnat ja kohtuulliset tarjoilukustannukset hankkeen kokous-, koulutus- ja tiedotustilaisuuksissa<\/li>\n<li class=\"py\">arpeelliset ja kohtuulliset kustannukset, jotka liittyv\u00e4t kansainv\u00e4liseen yhteisty\u00f6h\u00f6n ja aiheutuvat ulkopuolisten asiantuntijoiden kutsumisesta suomalaisen osapuolen j\u00e4rjest\u00e4miin tilaisuuksiin sek\u00e4 kustannukset, jotka liittyv\u00e4t hankkeeseen sis\u00e4ltyv\u00e4n kansainv\u00e4lisen yhteisty\u00f6n koordinointiin muussa valtiossa toimivan yhteisty\u00f6kumppanin kanssa<\/li>\n<li class=\"py\">pilottihankkeissa tarvittavien v\u00e4lineiden ja laitteiden poistot silt\u00e4 osin ja silt\u00e4 ajalta kuin niit\u00e4 k\u00e4ytet\u00e4\u00e4n hankkeessa<\/li>\n<li class=\"py\">muut kehitt\u00e4mishankkeen toteuttamisesta aiheutuvat tarpeelliset ja kohtuulliset kustannukset<\/li>\n<\/ul>\n<p>.<\/p>\n<p>[\/et_pb_accordion_item][et_pb_accordion_item title=&#8221;Tuen ulkopuolelle j\u00e4\u00e4v\u00e4t kustannukset&#8221; _builder_version=&#8221;4.22.1&#8243; _module_preset=&#8221;default&#8221; global_colors_info=&#8221;{}&#8221; open=&#8221;off&#8221;]<\/p>\n<ul>\n<li>sellaisten hankintojen kustannuksiin, jotka on tehty hakijalta, hakijayhteis\u00f6ss\u00e4 p\u00e4\u00e4t\u00f6svaltaa k\u00e4ytt\u00e4v\u00e4lt\u00e4 henkil\u00f6lt\u00e4 tai h\u00e4nen perheenj\u00e4senelt\u00e4\u00e4n tai h\u00e4nen tai h\u00e4nen perheenj\u00e4senens\u00e4 m\u00e4\u00e4r\u00e4ysvallassa olevalta yritykselt\u00e4, jollei hankinnasta ole hankittu riitt\u00e4v\u00e4sti tarjouksia muilta asianmukaisilta tahoilta<\/li>\n<li>korkoihin, provisioihin ja varainsiirtoveroon sek\u00e4 muihin investoinnin tai muun toimenpiteen rahoituksesta aiheutuviin kustannuksiin<\/li>\n<li>leasingkustannuksiin, jos sopimuksen kohteena oleva kone tai laite sopimusehtojen mukaisesti siirtyy hakijan omistukseen<\/li>\n<li>osamaksulla hankittavan koneen tai laitteen maksueriin, jos hankitun omaisuuden omistusoikeus ei siirry hankkeen toteutusaikana<\/li>\n<li>tietoliikenneverkkoinvestoinnin yhteydess\u00e4 tilaajaliittym\u00e4n rakentamisesta johtuviin kustannuksiin, jotka aiheutuvat liittym\u00e4n viimeisen 100 metrin rakentamisesta laskettuna yksityisen loppuk\u00e4ytt\u00e4j\u00e4n asuinrakennuksen tai toimipaikan sein\u00e4st\u00e4<\/li>\n<li>arvonlis\u00e4veroon, joka ei j\u00e4\u00e4 hakijan lopulliseksi kustannukseksi, jos hakija ei esit\u00e4 selvityst\u00e4 siit\u00e4, ett\u00e4 kustannuksesta ei ole mahdollista saada arvonlis\u00e4veron v\u00e4hennyst\u00e4 tai palautusta<\/li>\n<li>kustannuksiin, jotka eiv\u00e4t j\u00e4\u00e4 hakijan lopulliseksi menoksi palautuksen, hyvityksen tai muun vastaavan syyn johdosta<\/li>\n<li>kustannuksiin, jotka aiheutuvat hakijan muusta kuin hankkeen toteuttamiseen liittyv\u00e4st\u00e4 s\u00e4\u00e4nn\u00f6llisest\u00e4 tavanomaisesta toiminnasta tai siihen liittyv\u00e4st\u00e4 suhdetoiminnasta<\/li>\n<li>palkkoihin ja palkkioihin silt\u00e4 osin, kuin ne ylitt\u00e4v\u00e4t vastaavasta teht\u00e4v\u00e4st\u00e4 yleisesti maksettavan palkan ja palkkion m\u00e4\u00e4r\u00e4n<\/li>\n<li>muihin palkkaukseen kuuluviin kustannuksiin kuin lakis\u00e4\u00e4teisist\u00e4 tai ty\u00f6nantajaa velvoittavasta ty\u00f6ehtosopimuksesta johtuviin kustannuksiin<\/li>\n<li>matkakustannuksiin silt\u00e4 osin, kuin ne ylitt\u00e4v\u00e4t m\u00e4\u00e4r\u00e4n, joka korvattaisiin matkan suorittamisen aikana voimassa olevan valtion matkustuss\u00e4\u00e4nn\u00f6n mukaan<\/li>\n<li>sellaisen ty\u00f6ntekij\u00e4n palkkauksesta aiheutuviin kustannuksiin, joka ei ole tukea haettaessa ollut hakijan vakinaisen viran haltija tai toistaiseksi voimassa olevassa ty\u00f6suhteessa oleva ty\u00f6ntekij\u00e4, jos hankkeen ty\u00f6ntekij\u00e4n ty\u00f6panos koko hankkeen alkuper\u00e4isess\u00e4 tukip\u00e4\u00e4t\u00f6ksess\u00e4 hyv\u00e4ksytyll\u00e4 toteuttamisajalta ylitt\u00e4\u00e4 yhden henkil\u00f6ty\u00f6vuoden eik\u00e4 kyseinen virka tai toimi ole ollut julkisesti haettavana<\/li>\n<li>virkamiehen matkakustannuksiin ja kokouspalkkioihin, jos teht\u00e4v\u00e4 kuuluu virkamiehen viranhoitoon.<\/li>\n<\/ul>\n<ul><\/ul>\n<p>[\/et_pb_accordion_item][et_pb_accordion_item title=&#8221;Hyv\u00e4ksytt\u00e4vien kustannusten kohtuullisuus&#8221; _builder_version=&#8221;4.22.1&#8243; _module_preset=&#8221;default&#8221; global_colors_info=&#8221;{}&#8221; open=&#8221;off&#8221;]<\/p>\n<p><span>Tukip\u00e4\u00e4t\u00f6st\u00e4 teht\u00e4ess\u00e4 on pyritt\u00e4v\u00e4 varmistamaan, ett\u00e4 toimenpiteen kustannusarvio on kohtuullinen silt\u00e4 osin kuin se on mahdollista. Jos hankintaan ei sovelleta julkisista hankinnoista ja k\u00e4ytt\u00f6oikeussopimuksista annettua lakia (1397\/2016), kustannusten kohtuullisuuden arvioinnissa voidaan k\u00e4ytt\u00e4\u00e4 viitekustannuksia <\/span><\/p>\n<p><span>Jos viitekustannuksia ei ole k\u00e4ytett\u00e4viss\u00e4, tuen hakijan tulee toimittaa v\u00e4hint\u00e4\u00e4n 3 000 euron suuruisissa hankinnoissa selvitys tavanomaisesta hintatasosta, riitt\u00e4v\u00e4 m\u00e4\u00e4r\u00e4 tarjouksia tai muu selvitys, jonka perusteella kustannusten kohtuullisuus on mahdollista arvioida. Tavanomaisella hintatasolla tarkoitetaan tavaran- tai palveluntoimittajien yleisesti k\u00e4ytt\u00e4mi\u00e4 hintoja. <\/span><\/p>\n<p><span>Alle 3 000 euron suuruisissa hankinnoissa viranomaisen on varmistettava hankinnan kustannusten kohtuullisuus, jos hankinnan kustannusten kohtuullisuutta on syyt\u00e4 ep\u00e4ill\u00e4.<\/span><\/p>\n<p>[\/et_pb_accordion_item][\/et_pb_accordion][\/et_pb_column][\/et_pb_row][et_pb_row _builder_version=&#8221;4.22.1&#8243; _module_preset=&#8221;default&#8221; max_width=&#8221;980px&#8221; custom_padding=&#8221;0px||50px||false|false&#8221; border_color_bottom=&#8221;#E3DCD5&#8243; locked=&#8221;off&#8221; global_colors_info=&#8221;{}&#8221;][et_pb_column type=&#8221;4_4&#8243; _builder_version=&#8221;4.22.1&#8243; _module_preset=&#8221;default&#8221; global_colors_info=&#8221;{}&#8221;][et_pb_divider _builder_version=&#8221;4.22.1&#8243; _module_preset=&#8221;default&#8221; global_colors_info=&#8221;{}&#8221;][\/et_pb_divider][\/et_pb_column][\/et_pb_row][et_pb_row column_structure=&#8221;1_2,1_2&#8243; _builder_version=&#8221;4.22.1&#8243; _module_preset=&#8221;default&#8221; width=&#8221;100%&#8221; custom_padding=&#8221;27px|||||&#8221; locked=&#8221;off&#8221; global_colors_info=&#8221;{}&#8221;][et_pb_column type=&#8221;1_2&#8243; _builder_version=&#8221;4.22.1&#8243; _module_preset=&#8221;default&#8221; global_colors_info=&#8221;{}&#8221;][et_pb_text _builder_version=&#8221;4.22.1&#8243; _module_preset=&#8221;default&#8221; text_font=&#8221;|300|||||||&#8221; global_colors_info=&#8221;{}&#8221;]<\/p>\n<div class=\"landing-header\">\n<div class=\"header-text\">\n<div class=\"landing-header\">\n<div class=\"header-text\">\n<h2><b>Yritys- ja viljelij\u00e4ryhm\u00e4hankkeet<\/b><\/h2>\n<p>Yhteisty\u00f6hankkeessa ryhm\u00e4 yrityksi\u00e4 kehitt\u00e4\u00e4 toimintaansa sek\u00e4 yhteisill\u00e4 kehitt\u00e4mistoimenpiteill\u00e4 ett\u00e4 tarvittaessa yrityskohtaisesti. Tavoitteena voi olla esimerkiksi tuotannollisen yhteisty\u00f6n kehitt\u00e4minen, markkinointi- ja myyntiyhteisty\u00f6n kehitt\u00e4minen tai tuoteperheen suunnittelu. Yhteisty\u00f6t\u00e4 voidaan yritysryhm\u00e4hankkeessa rakentaa niin, ett\u00e4 lopputuloksena voisi olla esimerkiksi yrityksi\u00e4 palvelevan osuuskunnan perustaminen tai matkailuyritysten vientirenkaan k\u00e4ynnist\u00e4minen.<\/p>\n<p>Yhteiset kehitystoimenpiteet, joiden tavoitteena on<br \/>\u2013 kehitt\u00e4\u00e4 yhteisty\u00f6t\u00e4 tuotannnon \/ markkinoinnin \/ myynnin osalta<br \/>\u2013 suunnitella tuoteperhe<br \/>\u2013 toteuttaa vastaavaa kehityst\u00e4<\/p>\n<p>Tarvittaessa yrityskohtaisia kehitystoimenpiteit\u00e4.<\/p>\n<p>Tuensaaja, eli Tuensaajana eli hankkeen hallinnoijana voi olla kehitt\u00e4misorganisaatio: neuvontaj\u00e4rjest\u00f6, kehitt\u00e4misyhti\u00f6 tai muu vastaava julkisoikeudellinen tai yksityisoikeudellinen yhteis\u00f6.<\/p>\n<\/div>\n<\/div>\n<\/div>\n<\/div>\n<p>[\/et_pb_text][et_pb_button button_url=&#8221;https:\/\/www.ruokavirasto.fi\/sv\/stod\/tjanster-och-naringsutveckling-pa-landsbygden\/utveckling-och-samarbete\/foretagsgrupper\/&#8221; button_text=&#8221;Lue lis\u00e4\u00e4&#8221; module_class=&#8221;rmbtnlnk1&#8243; _builder_version=&#8221;4.22.1&#8243; _module_preset=&#8221;default&#8221; custom_button=&#8221;on&#8221; button_text_size=&#8221;16px&#8221; button_bg_color=&#8221;RGBA(255,255,255,0)&#8221; button_border_width=&#8221;0px&#8221; button_icon=&#8221;&#x35;||divi||400&#8243; button_on_hover=&#8221;off&#8221; custom_padding=&#8221;0px|0px|0px|0px|false|false&#8221; locked=&#8221;off&#8221; global_colors_info=&#8221;{}&#8221;][\/et_pb_button][\/et_pb_column][et_pb_column type=&#8221;1_2&#8243; _builder_version=&#8221;4.22.1&#8243; _module_preset=&#8221;default&#8221; global_colors_info=&#8221;{}&#8221;][et_pb_accordion _builder_version=&#8221;4.22.1&#8243; _module_preset=&#8221;default&#8221; toggle_level=&#8221;h6&#8243; body_font_size=&#8221;14px&#8221; global_colors_info=&#8221;{}&#8221;][et_pb_accordion_item title=&#8221;Yritysryhm\u00e4hankkeet&#8221; open=&#8221;on&#8221; _builder_version=&#8221;4.22.1&#8243; _module_preset=&#8221;default&#8221; global_colors_info=&#8221;{}&#8221;]<\/p>\n<p><span>Yritysryhm\u00e4hankkeessa ryhm\u00e4n pieni\u00e4 tai keskisuuria yrityksi\u00e4 tulee kehitt\u00e4\u00e4 toimintaansa erityisesti yhteisill\u00e4 kehitt\u00e4mistoimenpiteill\u00e4 ja tarvittaessa lis\u00e4ksi yrityskohtaisilla kehitt\u00e4mistoimenpiteill\u00e4. <\/span><\/p>\n<p><span>Toimenpiteiden tavoitteena tulee olla tuotannollisen yhteisty\u00f6n tai markkinointi- ja myyntiyhteisty\u00f6n kehitt\u00e4minen, tuoteperheen suunnittelu tai muu vastaava kehitt\u00e4minen. <\/span><\/p>\n<p><span>Yritysryhm\u00e4\u00e4n tulee kuulua v\u00e4hint\u00e4\u00e4n kolme ja enint\u00e4\u00e4n kymmenen yrityst\u00e4 Tukea voidaan my\u00f6nt\u00e4\u00e4 niin, ett\u00e4 tuki kohdennetaan osallistujayrityksille v\u00e4h\u00e4merkityksisen\u00e4 tukena St\u00f6dtagaren, som fungerar som projektadministrat\u00f6r, ska utg\u00f6ras av en utvecklarorganisation.<\/span><\/p>\n<p>3\u201410 yrityst\u00e4<\/p>\n<p>Tukea voi saada korkeintaan 75 % hyv\u00e4ksytt\u00e4vist\u00e4 kustannuksista.<\/p>\n<p>Tuki maksetaan j\u00e4lkik\u00e4teen, joten tarvitset hankkeen k\u00e4ynnist\u00e4miseen omaa rahoitusta.<\/p>\n<p>[\/et_pb_accordion_item][et_pb_accordion_item title=&#8221;Viljelij\u00e4ryhm\u00e4&#8221; _builder_version=&#8221;4.22.1&#8243; _module_preset=&#8221;default&#8221; global_colors_info=&#8221;{}&#8221; open=&#8221;off&#8221;]<\/p>\n<p>&nbsp;<\/p>\n<p><span>Yhteisty\u00f6hankkeessa ryhm\u00e4 viljelij\u00f6it\u00e4 kehitt\u00e4\u00e4 toimintaansa sek\u00e4 yhteisill\u00e4 kehitt\u00e4mistoimenpiteill\u00e4 ett\u00e4 tarvittaessa maatilakohtaisesti. <\/span><\/p>\n<p><span>Tavoitteena voi olla esimerkiksi ty\u00f6nteon ja tuotannollisen yhteisty\u00f6n kehitt\u00e4minen tai muu vastaava kehitt\u00e4minen. Viljelij\u00e4ryhm\u00e4\u00e4n voi kuulua v\u00e4hint\u00e4\u00e4n kolme ja korkeintaan kymmenen maatilaa tai maataloustuotteiden jalostajayrityst\u00e4 St\u00f6dtagaren, som fungerar som projektadministrat\u00f6r, ska utg\u00f6ras av en utvecklarorganisation.<\/span><\/p>\n<ul>\n<li><span>3\u201410 viljelij\u00e4\u00e4.<\/span><\/li>\n<li>Tukea voi saada korkeintaan 75 % hyv\u00e4ksytt\u00e4vist\u00e4 kustannuksista.<\/li>\n<li>Tuki maksetaan j\u00e4lkik\u00e4teen, joten tarvitset hankkeen k\u00e4ynnist\u00e4miseen omaa rahoitusta.<\/li>\n<\/ul>\n<p>[\/et_pb_accordion_item][et_pb_accordion_item title=&#8221;Tukialue&#8221; _builder_version=&#8221;4.22.1&#8243; _module_preset=&#8221;default&#8221; global_colors_info=&#8221;{}&#8221; open=&#8221;off&#8221;]<\/p>\n<p><a title=\"Tukikartta\" href=\"https:\/\/hkp.maanmittauslaitos.fi\/hkp\/published\/fi\/c2e07f2d-4f70-49ad-ae1a-5853fe7d03e1\">T\u00e4st\u00e4 kartasta voit<\/a><span> tarkistaa sijaitseeko yrityksesi tuettavalla alueella. Alueet joille rahoitusta ei voida my\u00f6nt\u00e4\u00e4 on merkitty karttaa mustalla ja valkoisella. Jos klikkaat karttaa, saat lis\u00e4tietoja paikasta: alueen Leader-ryhm\u00e4st\u00e4 ja alueen sijainnista kaupunki-maaseutuluokituksessa.<\/span><\/p>\n<p>[\/et_pb_accordion_item][et_pb_accordion_item title=&#8221;Kehitt\u00e4mishankkeen hyv\u00e4ksytt\u00e4v\u00e4t kustannukset&#8221; _builder_version=&#8221;4.22.1&#8243; _module_preset=&#8221;default&#8221; global_colors_info=&#8221;{}&#8221; open=&#8221;off&#8221;]<\/p>\n<p class=\"py\">St\u00f6d kan beviljas f\u00f6r f\u00f6ljande beh\u00f6vliga och sk\u00e4liga kostnader f\u00f6r ett utvecklingsprojekt:<\/p>\n<ul>\n<li class=\"py\">henkil\u00f6st\u00f6kulut<\/li>\n<li class=\"py\">matkakulut<\/li>\n<li class=\"py\">ostopalveluista aiheutuvat hankintakulut<\/li>\n<li class=\"py\">vuokrakulut,<\/li>\n<li class=\"py\">pienhankinnat ja kohtuulliset tarjoilukustannukset hankkeen kokous-, koulutus- ja tiedotustilaisuuksissa<\/li>\n<li class=\"py\">arpeelliset ja kohtuulliset kustannukset, jotka liittyv\u00e4t kansainv\u00e4liseen yhteisty\u00f6h\u00f6n ja aiheutuvat ulkopuolisten asiantuntijoiden kutsumisesta suomalaisen osapuolen j\u00e4rjest\u00e4miin tilaisuuksiin sek\u00e4 kustannukset, jotka liittyv\u00e4t hankkeeseen sis\u00e4ltyv\u00e4n kansainv\u00e4lisen yhteisty\u00f6n koordinointiin muussa valtiossa toimivan yhteisty\u00f6kumppanin kanssa<\/li>\n<li class=\"py\">pilottihankkeissa tarvittavien v\u00e4lineiden ja laitteiden poistot silt\u00e4 osin ja silt\u00e4 ajalta kuin niit\u00e4 k\u00e4ytet\u00e4\u00e4n hankkeessa<\/li>\n<li class=\"py\">muut kehitt\u00e4mishankkeen toteuttamisesta aiheutuvat tarpeelliset ja kohtuulliset kustannukset<\/li>\n<\/ul>\n<p>.<\/p>\n<p>[\/et_pb_accordion_item][et_pb_accordion_item title=&#8221;Tuen ulkopuolelle j\u00e4\u00e4v\u00e4t kustannukset&#8221; _builder_version=&#8221;4.22.1&#8243; _module_preset=&#8221;default&#8221; global_colors_info=&#8221;{}&#8221; open=&#8221;off&#8221;]<\/p>\n<ul>\n<li>sellaisten hankintojen kustannuksiin, jotka on tehty hakijalta, hakijayhteis\u00f6ss\u00e4 p\u00e4\u00e4t\u00f6svaltaa k\u00e4ytt\u00e4v\u00e4lt\u00e4 henkil\u00f6lt\u00e4 tai h\u00e4nen perheenj\u00e4senelt\u00e4\u00e4n tai h\u00e4nen tai h\u00e4nen perheenj\u00e4senens\u00e4 m\u00e4\u00e4r\u00e4ysvallassa olevalta yritykselt\u00e4, jollei hankinnasta ole hankittu riitt\u00e4v\u00e4sti tarjouksia muilta asianmukaisilta tahoilta<\/li>\n<li>korkoihin, provisioihin ja varainsiirtoveroon sek\u00e4 muihin investoinnin tai muun toimenpiteen rahoituksesta aiheutuviin kustannuksiin<\/li>\n<li>leasingkustannuksiin, jos sopimuksen kohteena oleva kone tai laite sopimusehtojen mukaisesti siirtyy hakijan omistukseen<\/li>\n<li>osamaksulla hankittavan koneen tai laitteen maksueriin, jos hankitun omaisuuden omistusoikeus ei siirry hankkeen toteutusaikana<\/li>\n<li>tietoliikenneverkkoinvestoinnin yhteydess\u00e4 tilaajaliittym\u00e4n rakentamisesta johtuviin kustannuksiin, jotka aiheutuvat liittym\u00e4n viimeisen 100 metrin rakentamisesta laskettuna yksityisen loppuk\u00e4ytt\u00e4j\u00e4n asuinrakennuksen tai toimipaikan sein\u00e4st\u00e4<\/li>\n<li>arvonlis\u00e4veroon, joka ei j\u00e4\u00e4 hakijan lopulliseksi kustannukseksi, jos hakija ei esit\u00e4 selvityst\u00e4 siit\u00e4, ett\u00e4 kustannuksesta ei ole mahdollista saada arvonlis\u00e4veron v\u00e4hennyst\u00e4 tai palautusta<\/li>\n<li>kustannuksiin, jotka eiv\u00e4t j\u00e4\u00e4 hakijan lopulliseksi menoksi palautuksen, hyvityksen tai muun vastaavan syyn johdosta<\/li>\n<li>kustannuksiin, jotka aiheutuvat hakijan muusta kuin hankkeen toteuttamiseen liittyv\u00e4st\u00e4 s\u00e4\u00e4nn\u00f6llisest\u00e4 tavanomaisesta toiminnasta tai siihen liittyv\u00e4st\u00e4 suhdetoiminnasta<\/li>\n<li>palkkoihin ja palkkioihin silt\u00e4 osin, kuin ne ylitt\u00e4v\u00e4t vastaavasta teht\u00e4v\u00e4st\u00e4 yleisesti maksettavan palkan ja palkkion m\u00e4\u00e4r\u00e4n<\/li>\n<li>muihin palkkaukseen kuuluviin kustannuksiin kuin lakis\u00e4\u00e4teisist\u00e4 tai ty\u00f6nantajaa velvoittavasta ty\u00f6ehtosopimuksesta johtuviin kustannuksiin<\/li>\n<li>matkakustannuksiin silt\u00e4 osin, kuin ne ylitt\u00e4v\u00e4t m\u00e4\u00e4r\u00e4n, joka korvattaisiin matkan suorittamisen aikana voimassa olevan valtion matkustuss\u00e4\u00e4nn\u00f6n mukaan<\/li>\n<li>sellaisen ty\u00f6ntekij\u00e4n palkkauksesta aiheutuviin kustannuksiin, joka ei ole tukea haettaessa ollut hakijan vakinaisen viran haltija tai toistaiseksi voimassa olevassa ty\u00f6suhteessa oleva ty\u00f6ntekij\u00e4, jos hankkeen ty\u00f6ntekij\u00e4n ty\u00f6panos koko hankkeen alkuper\u00e4isess\u00e4 tukip\u00e4\u00e4t\u00f6ksess\u00e4 hyv\u00e4ksytyll\u00e4 toteuttamisajalta ylitt\u00e4\u00e4 yhden henkil\u00f6ty\u00f6vuoden eik\u00e4 kyseinen virka tai toimi ole ollut julkisesti haettavana<\/li>\n<li>virkamiehen matkakustannuksiin ja kokouspalkkioihin, jos teht\u00e4v\u00e4 kuuluu virkamiehen viranhoitoon.<\/li>\n<\/ul>\n<ul><\/ul>\n<p>[\/et_pb_accordion_item][et_pb_accordion_item title=&#8221;Hyv\u00e4ksytt\u00e4vien kustannusten kohtuullisuus&#8221; _builder_version=&#8221;4.22.1&#8243; _module_preset=&#8221;default&#8221; global_colors_info=&#8221;{}&#8221; open=&#8221;off&#8221;]<\/p>\n<p><span>Tukip\u00e4\u00e4t\u00f6st\u00e4 teht\u00e4ess\u00e4 on pyritt\u00e4v\u00e4 varmistamaan, ett\u00e4 toimenpiteen kustannusarvio on kohtuullinen silt\u00e4 osin kuin se on mahdollista. Jos hankintaan ei sovelleta julkisista hankinnoista ja k\u00e4ytt\u00f6oikeussopimuksista annettua lakia (1397\/2016), kustannusten kohtuullisuuden arvioinnissa voidaan k\u00e4ytt\u00e4\u00e4 viitekustannuksia <\/span><\/p>\n<p><span>Jos viitekustannuksia ei ole k\u00e4ytett\u00e4viss\u00e4, tuen hakijan tulee toimittaa v\u00e4hint\u00e4\u00e4n 3 000 euron suuruisissa hankinnoissa selvitys tavanomaisesta hintatasosta, riitt\u00e4v\u00e4 m\u00e4\u00e4r\u00e4 tarjouksia tai muu selvitys, jonka perusteella kustannusten kohtuullisuus on mahdollista arvioida. Tavanomaisella hintatasolla tarkoitetaan tavaran- tai palveluntoimittajien yleisesti k\u00e4ytt\u00e4mi\u00e4 hintoja. <\/span><\/p>\n<p><span>Alle 3 000 euron suuruisissa hankinnoissa viranomaisen on varmistettava hankinnan kustannusten kohtuullisuus, jos hankinnan kustannusten kohtuullisuutta on syyt\u00e4 ep\u00e4ill\u00e4.<\/span><\/p>\n<p>[\/et_pb_accordion_item][\/et_pb_accordion][\/et_pb_column][\/et_pb_row][et_pb_row _builder_version=&#8221;4.22.1&#8243; _module_preset=&#8221;default&#8221; global_colors_info=&#8221;{}&#8221;][et_pb_column type=&#8221;4_4&#8243; _builder_version=&#8221;4.22.1&#8243; _module_preset=&#8221;default&#8221; global_colors_info=&#8221;{}&#8221;][et_pb_divider _builder_version=&#8221;4.22.1&#8243; _module_preset=&#8221;default&#8221; global_colors_info=&#8221;{}&#8221;][\/et_pb_divider][\/et_pb_column][\/et_pb_row][et_pb_row column_structure=&#8221;1_3,1_3,1_3&#8243; _builder_version=&#8221;4.22.1&#8243; _module_preset=&#8221;default&#8221; custom_padding=&#8221;0px||0px||true|false&#8221; locked=&#8221;off&#8221; global_colors_info=&#8221;{}&#8221;][et_pb_column type=&#8221;1_3&#8243; _builder_version=&#8221;4.22.1&#8243; _module_preset=&#8221;default&#8221; global_colors_info=&#8221;{}&#8221;][et_pb_blurb title=&#8221;Ideasta projektiksi&#8221; image=&#8221;http:\/\/aktion.fi\/wp-content\/uploads\/2023\/09\/Yritykset.jpg&#8221; module_class=&#8221;blbtp1&#8243; _builder_version=&#8221;4.22.1&#8243; _module_preset=&#8221;default&#8221; header_level=&#8221;h3&#8243; header_text_color=&#8221;#0070A8&#8243; body_font=&#8221;|300|||||||&#8221; global_colors_info=&#8221;{}&#8221;]<\/p>\n<p><span>Matka ideasta hankkeeksi voi tuntua pitk\u00e4lt\u00e4 ja vaikealta. T\u00e4nne olemme koonneet askeleita, joilla projektin valmistelu ja toteutus sujuu mutkattomasti ja voit vied\u00e4 ideaasi eteenp\u00e4in.<\/span><\/p>\n<p>[\/et_pb_blurb][et_pb_button button_url=&#8221;https:\/\/aktion.fi\/fi\/ideasta-hankkeeksi\/&#8221; button_text=&#8221;Lue lis\u00e4\u00e4&#8221; module_class=&#8221;rmbtnlnk1&#8243; _builder_version=&#8221;4.22.1&#8243; _module_preset=&#8221;default&#8221; custom_button=&#8221;on&#8221; button_text_size=&#8221;16px&#8221; button_bg_color=&#8221;RGBA(255,255,255,0)&#8221; button_border_width=&#8221;0px&#8221; button_icon=&#8221;&#x35;||divi||400&#8243; button_on_hover=&#8221;off&#8221; custom_padding=&#8221;0px|0px|0px|0px|false|false&#8221; global_colors_info=&#8221;{}&#8221;][\/et_pb_button][\/et_pb_column][et_pb_column type=&#8221;1_3&#8243; _builder_version=&#8221;4.22.1&#8243; _module_preset=&#8221;default&#8221; global_colors_info=&#8221;{}&#8221;][et_pb_blurb title=&#8221;Meid\u00e4n strategia&#8221; image=&#8221;http:\/\/aktion.fi\/wp-content\/uploads\/2023\/09\/yhteisot.jpg&#8221; module_class=&#8221;blbtp1&#8243; _builder_version=&#8221;4.22.1&#8243; _module_preset=&#8221;default&#8221; header_level=&#8221;h3&#8243; header_text_color=&#8221;#0070A8&#8243; body_font=&#8221;|300|||||||&#8221; locked=&#8221;off&#8221; global_colors_info=&#8221;{}&#8221;]<\/p>\n<p><span>Strategiamme <\/span> <strong>Meid\u00e4n Pohjanmaamme<\/strong> <span>on meid\u00e4n yhteinen kehitt\u00e4mistavoitteemme luoda paikka, jossa on edellytykset rakentaa hyv\u00e4\u00e4 ja kest\u00e4v\u00e4\u00e4 tulevaisuutta.<\/span><\/p>\n<p>[\/et_pb_blurb][et_pb_button button_url=&#8221;https:\/\/aktion.fi\/aktionosterbotten\/strategi\/&#8221; button_text=&#8221;Lue lis\u00e4\u00e4&#8221; module_class=&#8221;rmbtnlnk1&#8243; _builder_version=&#8221;4.22.1&#8243; _module_preset=&#8221;default&#8221; custom_button=&#8221;on&#8221; button_text_size=&#8221;16px&#8221; button_bg_color=&#8221;RGBA(255,255,255,0)&#8221; button_border_width=&#8221;0px&#8221; button_icon=&#8221;&#x35;||divi||400&#8243; button_on_hover=&#8221;off&#8221; custom_padding=&#8221;0px|0px|0px|0px|false|false&#8221; locked=&#8221;off&#8221; global_colors_info=&#8221;{}&#8221;][\/et_pb_button][\/et_pb_column][et_pb_column type=&#8221;1_3&#8243; _builder_version=&#8221;4.22.1&#8243; _module_preset=&#8221;default&#8221; global_colors_info=&#8221;{}&#8221;][et_pb_blurb title=&#8221;Valintakriteerit&#8221; image=&#8221;http:\/\/aktion.fi\/wp-content\/uploads\/2023\/09\/kylat.jpg&#8221; module_class=&#8221;blbtp1&#8243; _builder_version=&#8221;4.22.1&#8243; _module_preset=&#8221;default&#8221; header_level=&#8221;h3&#8243; header_text_color=&#8221;#0070A8&#8243; body_font=&#8221;|300|||||||&#8221; locked=&#8221;off&#8221; global_colors_info=&#8221;{}&#8221;]<\/p>\n<p>Saadakseen rahoitusta, hankkeen tulee t\u00e4ytt\u00e4\u00e4 tietyt valintakriteerit.<\/p>\n<p>[\/et_pb_blurb][et_pb_button button_url=&#8221;https:\/\/aktion.fi\/fi\/valintakriteerit\/&#8221; button_text=&#8221;Lue lis\u00e4\u00e4&#8221; module_class=&#8221;rmbtnlnk1&#8243; _builder_version=&#8221;4.22.1&#8243; _module_preset=&#8221;default&#8221; custom_button=&#8221;on&#8221; button_text_size=&#8221;16px&#8221; button_bg_color=&#8221;RGBA(255,255,255,0)&#8221; button_border_width=&#8221;0px&#8221; button_icon=&#8221;&#x35;||divi||400&#8243; button_on_hover=&#8221;off&#8221; custom_padding=&#8221;0px|0px|0px|0px|false|false&#8221; locked=&#8221;off&#8221; global_colors_info=&#8221;{}&#8221;][\/et_pb_button][\/et_pb_column][\/et_pb_row][\/et_pb_section][et_pb_section fb_built=&#8221;1&#8243; _builder_version=&#8221;4.22.1&#8243; _module_preset=&#8221;default&#8221; custom_padding=&#8221;0px||0px||true|false&#8221; locked=&#8221;off&#8221; global_colors_info=&#8221;{}&#8221;][et_pb_row _builder_version=&#8221;4.22.1&#8243; _module_preset=&#8221;default&#8221; global_colors_info=&#8221;{}&#8221;][et_pb_column type=&#8221;4_4&#8243; _builder_version=&#8221;4.22.1&#8243; _module_preset=&#8221;default&#8221; global_colors_info=&#8221;{}&#8221;][et_pb_cta title=&#8221;Ota yhteytt\u00e4 Leader-neuvojiimme tai t\u00e4yt\u00e4 idealomake.&#8221; _builder_version=&#8221;4.25.2&#8243; _module_preset=&#8221;default&#8221; header_level=&#8221;h3&#8243; header_text_color=&#8221;#000000&#8243; background_color=&#8221;#E3DCD5&#8243; max_height=&#8221;575px&#8221; hover_enabled=&#8221;0&#8243; global_colors_info=&#8221;{}&#8221; button_url=&#8221;https:\/\/aktion.fi\/ideblankett\/&#8221; link_option_url=&#8221;https:\/\/aktion.fi\/ideblankett\/&#8221; url_new_window=&#8221;on&#8221; link_option_url_new_window=&#8221;on&#8221; sticky_enabled=&#8221;0&#8243;][\/et_pb_cta][\/et_pb_column][\/et_pb_row][et_pb_row column_structure=&#8221;1_4,1_4,1_4,1_4&#8243; _builder_version=&#8221;4.22.1&#8243; _module_preset=&#8221;default&#8221; background_color=&#8221;#FFFFFF&#8221; custom_padding=&#8221;0px||100px||false|false&#8221; global_colors_info=&#8221;{}&#8221;][et_pb_column type=&#8221;1_4&#8243; _builder_version=&#8221;4.22.1&#8243; _module_preset=&#8221;default&#8221; global_colors_info=&#8221;{}&#8221;][\/et_pb_column][et_pb_column type=&#8221;1_4&#8243; _builder_version=&#8221;4.22.1&#8243; _module_preset=&#8221;default&#8221; global_colors_info=&#8221;{}&#8221;][et_pb_team_member name=&#8221;Maria Carstensen&#8221; position=&#8221;Leader-neuvoja&#8221; image_url=&#8221;http:\/\/aktion.fi\/wp-content\/uploads\/2024\/05\/2.png&#8221; _builder_version=&#8221;4.22.1&#8243; _module_preset=&#8221;default&#8221; body_text_color=&#8221;#0070A8&#8243; text_orientation=&#8221;center&#8221; global_colors_info=&#8221;{}&#8221;]<\/p>\n<p>050 465 2630<\/p>\n<p>maria.carstensen@aktion.fi<\/p>\n<p>[\/et_pb_team_member][\/et_pb_column][et_pb_column type=&#8221;1_4&#8243; _builder_version=&#8221;4.22.1&#8243; _module_preset=&#8221;default&#8221; global_colors_info=&#8221;{}&#8221;][et_pb_team_member name=&#8221;Isabella Wiklund&#8221; position=&#8221;Leader-neuvoja&#8221; image_url=&#8221;http:\/\/aktion.fi\/wp-content\/uploads\/2024\/05\/1.png&#8221; _builder_version=&#8221;4.22.1&#8243; _module_preset=&#8221;default&#8221; body_text_color=&#8221;#0070A8&#8243; text_orientation=&#8221;center&#8221; global_colors_info=&#8221;{}&#8221;]<\/p>\n<p>0400 125 572<\/p>\n<p>isabella.wiklund@aktion.fi<\/p>\n<p>[\/et_pb_team_member][\/et_pb_column][et_pb_column type=&#8221;1_4&#8243; _builder_version=&#8221;4.22.1&#8243; _module_preset=&#8221;default&#8221; global_colors_info=&#8221;{}&#8221;][\/et_pb_column][\/et_pb_row][\/et_pb_section]<\/p>\n","protected":false},"excerpt":{"rendered":"<p>\t\t\t<!-- Flexy Breadcrumb -->\r\n\t\t\t<div class=\"fbc fbc-page\">\r\n\r\n\t\t\t\t<!-- Breadcrumb wrapper -->\r\n\t\t\t\t<div class=\"fbc-wrap\">\r\n\r\n\t\t\t\t\t<!-- Ordered list-->\r\n\t\t\t\t\t<ol class=\"fbc-items\" itemscope itemtype=\"https:\/\/schema.org\/BreadcrumbList\">\r\n\t\t\t\t\t\t            <li itemprop=\"itemListElement\" itemscope itemtype=\"https:\/\/schema.org\/ListItem\">\r\n                <span itemprop=\"name\">\r\n                    <!-- Home Link -->\r\n                    <a itemprop=\"item\" href=\"https:\/\/aktion.fi\">\r\n                    \r\n                                                    <i class=\"fa fa-home\" aria-hidden=\"true\"><\/i>Home                    <\/a>\r\n                <\/span>\r\n                <meta itemprop=\"position\" content=\"1\" \/><!-- Meta Position-->\r\n             <\/li><li><span class=\"fbc-separator\">\/<\/span><\/li><li class=\"active\" itemprop=\"itemListElement\" itemscope itemtype=\"https:\/\/schema.org\/ListItem\"><span itemprop=\"name\" title=\"Blogi\">Blogi<\/span><meta itemprop=\"position\" content=\"2\" \/><\/li>\t\t\t\t\t<\/ol>\r\n\t\t\t\t\t<div class=\"clearfix\"><\/div>\r\n\t\t\t\t<\/div>\r\n\t\t\t<\/div>\r\n\t\t\tKehitys ja yhteisty\u00f6 Yritysten, elinkeinojen ja maaseudun palvelujen kehitt\u00e4misen yhteisty\u00f6hankkeet Monipuoliset mahdollisuudet kehitt\u00e4\u00e4 elinkeinoja ja palveluja maaseudulla. Yhteisty\u00f6hanke voi olla paikallinen, alueellinen, alueiden v\u00e4linen, valtakunnallinen tai kansainv\u00e4linen. Tukitaso vaihtelee: korkeintaan [&hellip;]<\/p>\n","protected":false},"author":2,"featured_media":0,"parent":304625,"menu_order":0,"comment_status":"closed","ping_status":"closed","template":"","meta":{"_acf_changed":false,"_et_pb_use_builder":"on","_et_pb_old_content":"","_et_gb_content_width":"","footnotes":""},"class_list":["post-304633","page","type-page","status-publish","hentry"],"acf":[],"_links":{"self":[{"href":"https:\/\/aktion.fi\/fi\/wp-json\/wp\/v2\/pages\/304633","targetHints":{"allow":["GET"]}}],"collection":[{"href":"https:\/\/aktion.fi\/fi\/wp-json\/wp\/v2\/pages"}],"about":[{"href":"https:\/\/aktion.fi\/fi\/wp-json\/wp\/v2\/types\/page"}],"author":[{"embeddable":true,"href":"https:\/\/aktion.fi\/fi\/wp-json\/wp\/v2\/users\/2"}],"replies":[{"embeddable":true,"href":"https:\/\/aktion.fi\/fi\/wp-json\/wp\/v2\/comments?post=304633"}],"version-history":[{"count":5,"href":"https:\/\/aktion.fi\/fi\/wp-json\/wp\/v2\/pages\/304633\/revisions"}],"predecessor-version":[{"id":309733,"href":"https:\/\/aktion.fi\/fi\/wp-json\/wp\/v2\/pages\/304633\/revisions\/309733"}],"up":[{"embeddable":true,"href":"https:\/\/aktion.fi\/fi\/wp-json\/wp\/v2\/pages\/304625"}],"wp:attachment":[{"href":"https:\/\/aktion.fi\/fi\/wp-json\/wp\/v2\/media?parent=304633"}],"curies":[{"name":"wp","href":"https:\/\/api.w.org\/{rel}","templated":true}]}}