{"id":305714,"date":"2024-06-05T06:57:18","date_gmt":"2024-06-05T03:57:18","guid":{"rendered":"https:\/\/aktion.fi\/aktion-osterbotten\/yhdistyksemme\/"},"modified":"2025-06-11T12:38:12","modified_gmt":"2025-06-11T09:38:12","slug":"yhdistyksemme","status":"publish","type":"page","link":"https:\/\/aktion.fi\/fi\/tietoameista\/yhdistyksemme\/","title":{"rendered":"Yhdistyksemme"},"content":{"rendered":"<p>[et_pb_section fb_built=&#8221;1&#8243; module_id=&#8221;mbantp2&#8243; _builder_version=&#8221;4.22.1&#8243; _module_preset=&#8221;default&#8221; background_color=&#8221;#FFFFFF&#8221; background_image=&#8221;http:\/\/aktion.fi\/wp-content\/uploads\/2024\/06\/IMG_3764-2-scaled.jpeg&#8221; module_alignment=&#8221;center&#8221; custom_padding=&#8221;6%|20%|6%|20%|true|true&#8221; saved_tabs=&#8221;all&#8221; global_colors_info=&#8221;{}&#8221;][et_pb_row module_id=&#8221;brdcrms&#8221; _builder_version=&#8221;4.22.1&#8243; _module_preset=&#8221;default&#8221; global_colors_info=&#8221;{}&#8221;][et_pb_column type=&#8221;4_4&#8243; _builder_version=&#8221;4.22.1&#8243; _module_preset=&#8221;default&#8221; global_colors_info=&#8221;{}&#8221;][et_pb_text _builder_version=&#8221;4.22.1&#8243; _module_preset=&#8221;default&#8221; global_colors_info=&#8221;{}&#8221;]<\/p>\n\t\t\t<!-- Flexy Breadcrumb -->\r\n\t\t\t<div class=\"fbc fbc-page\">\r\n\r\n\t\t\t\t<!-- Breadcrumb wrapper -->\r\n\t\t\t\t<div class=\"fbc-wrap\">\r\n\r\n\t\t\t\t\t<!-- Ordered list-->\r\n\t\t\t\t\t<ol class=\"fbc-items\" itemscope itemtype=\"https:\/\/schema.org\/BreadcrumbList\">\r\n\t\t\t\t\t\t            <li itemprop=\"itemListElement\" itemscope itemtype=\"https:\/\/schema.org\/ListItem\">\r\n                <span itemprop=\"name\">\r\n                    <!-- Home Link -->\r\n                    <a itemprop=\"item\" href=\"https:\/\/aktion.fi\">\r\n                    \r\n                                                    <i class=\"fa fa-home\" aria-hidden=\"true\"><\/i>Home                    <\/a>\r\n                <\/span>\r\n                <meta itemprop=\"position\" content=\"1\" \/><!-- Meta Position-->\r\n             <\/li><li><span class=\"fbc-separator\">\/<\/span><\/li><li class=\"active\" itemprop=\"itemListElement\" itemscope itemtype=\"https:\/\/schema.org\/ListItem\"><span itemprop=\"name\" title=\"Blogi\">Blogi<\/span><meta itemprop=\"position\" content=\"2\" \/><\/li>\t\t\t\t\t<\/ol>\r\n\t\t\t\t\t<div class=\"clearfix\"><\/div>\r\n\t\t\t\t<\/div>\r\n\t\t\t<\/div>\r\n\t\t\t\n<p>[\/et_pb_text][\/et_pb_column][\/et_pb_row][et_pb_row module_id=&#8221;inpghdng&#8221; _builder_version=&#8221;4.22.1&#8243; _module_preset=&#8221;default&#8221; global_colors_info=&#8221;{}&#8221;][et_pb_column type=&#8221;4_4&#8243; _builder_version=&#8221;4.22.1&#8243; _module_preset=&#8221;default&#8221; global_colors_info=&#8221;{}&#8221;][et_pb_text _builder_version=&#8221;4.22.1&#8243; _module_preset=&#8221;default&#8221; header_text_color=&#8221;#FFFFFF&#8221; header_font_size=&#8221;60px&#8221; header_font_size_tablet=&#8221;50px&#8221; header_font_size_phone=&#8221;40px&#8221; header_font_size_last_edited=&#8221;on|phone&#8221; header_text_shadow_style=&#8221;preset2&#8243; header_text_shadow_horizontal_length=&#8221;0.01em&#8221; header_text_shadow_vertical_length=&#8221;0.03em&#8221; global_colors_info=&#8221;{}&#8221;]<\/p>\n<h1>Aktion \u00d6sterbotten<\/h1>\n<p>[\/et_pb_text][\/et_pb_column][\/et_pb_row][\/et_pb_section][et_pb_section fb_built=&#8221;1&#8243; _builder_version=&#8221;4.22.1&#8243; _module_preset=&#8221;default&#8221; custom_padding=&#8221;80px||||false|false&#8221; global_colors_info=&#8221;{}&#8221;][et_pb_row _builder_version=&#8221;4.22.1&#8243; _module_preset=&#8221;default&#8221; max_width=&#8221;980px&#8221; custom_padding=&#8221;0px||20px||false|false&#8221; border_color_bottom=&#8221;#E3DCD5&#8243; locked=&#8221;off&#8221; global_colors_info=&#8221;{}&#8221;][et_pb_column type=&#8221;4_4&#8243; _builder_version=&#8221;4.22.1&#8243; _module_preset=&#8221;default&#8221; global_colors_info=&#8221;{}&#8221;][et_pb_text module_class=&#8221;intro2&#8243; _builder_version=&#8221;4.22.1&#8243; _module_preset=&#8221;default&#8221; text_font=&#8221;|300|||||||&#8221; global_colors_info=&#8221;{}&#8221;]<\/p>\n<p>Aktion \u00d6sterbotten r.f. on poliittisesti sitoutumaton etuj\u00e4rjest\u00f6, joka edist\u00e4\u00e4 maaseudun kehityst\u00e4 alueellaan ja tekee yhteisty\u00f6t\u00e4 organisaatioiden ja yhdistysten kanssa, jotka harjoittavat paikallista innovatiivista kehitysty\u00f6t\u00e4. <span>Me Aktion \u00d6sterbottenilla haluamme olla se majakan valo, joka ohjaa asukkaita, yrityksi\u00e4 ja yhdistyksi\u00e4 valoisampaan tulevaisuuteen.<\/span><\/p>\n<p>[\/et_pb_text][\/et_pb_column][\/et_pb_row][et_pb_row _builder_version=&#8221;4.22.1&#8243; _module_preset=&#8221;default&#8221; max_width=&#8221;980px&#8221; custom_padding=&#8221;0px||60px||false|false&#8221; border_width_bottom=&#8221;2px&#8221; border_color_bottom=&#8221;#E3DCD5&#8243; locked=&#8221;off&#8221; global_colors_info=&#8221;{}&#8221;][et_pb_column type=&#8221;4_4&#8243; _builder_version=&#8221;4.22.1&#8243; _module_preset=&#8221;default&#8221; global_colors_info=&#8221;{}&#8221;][et_pb_text _builder_version=&#8221;4.27.4&#8243; _module_preset=&#8221;default&#8221; text_font=&#8221;|300|||||||&#8221; hover_enabled=&#8221;0&#8243; global_colors_info=&#8221;{}&#8221; sticky_enabled=&#8221;0&#8243;]<\/p>\n<p>Pohjanmaan kalatalousjohtajien rannikkoalueiden toimintaryhm\u00e4 (KAG) on yksi Suomen yhteens\u00e4 11:st\u00e4 kalatalousjohtajien alueesta. KAG on osa Aktion \u00d6sterbotten rf:t\u00e4, ja sen toiminta-alue on rannikko Kristiinankaupungista Kokkolaan.<\/p>\n<p>Teht\u00e4v\u00e4mme on kehitt\u00e4\u00e4 kalastusalaa, vesiviljely\u00e4 ja rannikkoyhteis\u00f6j\u00e4 Euroopan meri-, kalastus- ja vesiviljelyrahaston (EMKVR), valtion sek\u00e4 alueen kuntien varoilla.<\/p>\n<p>Rannikkotoimintaryhm\u00e4 tarjoaa rahoitusta voittoa tavoittelemattomille kehitys- ja investointihankkeille, joilla tuetaan esimerkiksi kalastusta, vesiviljely\u00e4, rannikkokulttuuria ja -verkostoja, kalojen elinymp\u00e4rist\u00f6j\u00e4, teknologista kehityst\u00e4, innovaatioita, tutkimusta ja uutta tiet\u00e4myst\u00e4 alalla. Hankerahoitusta voivat hakea kalastajat, yritt\u00e4j\u00e4t, yhdistykset, kaikenlaiset j\u00e4rjest\u00f6t tai kunnat\/kaupungit.<\/p>\n<p><span><\/span><\/p>\n<p><span style=\"font-size: 16px;\">Aktion \u00d6sterbotten toimii kakisikielisen Pohjanmaan Leader-ryhm\u00e4n\u00e4. <span>Leader-toiminnan keskeinen ajatus on, ett\u00e4 paikalliset asukkaat tiet\u00e4v\u00e4t parhaiten, miten omaa kotiseutua on paras kehitt\u00e4\u00e4. Suomesta l\u00f6ytyy 52 Leader-ryhm\u00e4\u00e4, jotka my\u00f6nt\u00e4v\u00e4t rahoitusta yritys- ja yhdistyshankkeille sek\u00e4 muiden yhteis\u00f6jen kehitt\u00e4mishankkeille. Tarkoituksena on hy\u00f6dynt\u00e4\u00e4 paikallista asiantuntemusta ja osaamista oman paikkakunnan parhaaksi. <\/span> Aktion Pohjanmaa tukee koko kaksikielist\u00e4 Pohjanmaata Kokkolasta Kristiinankaupunkiin lukuun ottamatta Vaasan ja Kokkolan keskustoja. <\/span><\/p>\n<p><span>LEADER on EU:n maaseudun kehitt\u00e4misen tukiohjelma vuosille 2023-2027. Tuki koostuu EU:n varoista, valtion\/kunnan varoista ja yksityisist\u00e4 rahoitusosuuksista joko rahana tai ty\u00f6voimana (talkooty\u00f6). Aktion \u00d6sterbotten neuvoo hakijoita ja tekee p\u00e4\u00e4t\u00f6kset LEADER-hankkeista. ELY-keskus tarkastaa p\u00e4\u00e4t\u00f6sten lainmukaisuuden ja my\u00f6nt\u00e4\u00e4 avustukset Pohjanmaan Aktian LEADER-kiinti\u00f6st\u00e4.<\/span><span> <\/span><\/p>\n<p><span style=\"font-size: 16px;\">Jos haluat lis\u00e4tietoja ohjelmastrategiastamme, k\u00e4y osoitteessa<\/span><span style=\"font-size: 16px;\">: <\/span> <a href=\"https:\/\/aktion.fi\/fi\/strategia\/\" target=\"_blank\" rel=\"noopener\" title=\"Strategia\">Pohjanmaamme 2030<span style=\"font-size: 16px;\">.<\/span><\/a><\/p>\n<p><span style=\"font-size: 16px;\"><\/span><\/p>\n<p>Pohjanmaan kalatalousjohtajien rannikkoalueiden toimintaryhm\u00e4 (KAG) on yksi Suomen yhteens\u00e4 11:st\u00e4 kalatalousjohtajien alueesta. KAG on osa Aktion \u00d6sterbotten rf:t\u00e4, ja sen toiminta-alue on rannikko Kristiinankaupungista Kokkolaan.<\/p>\n<p>Teht\u00e4v\u00e4mme on kehitt\u00e4\u00e4 kalastusalaa, vesiviljely\u00e4 ja rannikkoyhteis\u00f6j\u00e4 Euroopan meri-, kalastus- ja vesiviljelyrahaston (EMKVR), valtion sek\u00e4 alueen kuntien varoilla.<\/p>\n<p>Rannikkotoimintaryhm\u00e4 tarjoaa rahoitusta voittoa tavoittelemattomille kehitys- ja investointihankkeille, joilla tuetaan esimerkiksi kalastusta, vesiviljely\u00e4, rannikkokulttuuria ja -verkostoja, kalojen elinymp\u00e4rist\u00f6j\u00e4, teknologista kehityst\u00e4, innovaatioita, tutkimusta ja uutta tiet\u00e4myst\u00e4 alalla. Hankerahoitusta voivat hakea kalastajat, yritt\u00e4j\u00e4t, yhdistykset, kaikenlaiset j\u00e4rjest\u00f6t tai kunnat\/kaupungit.<\/p>\n<p>T\u00e4\u00e4lt\u00e4 l\u00f6yd\u00e4t kalaleader-strategiamme <a href=\"https:\/\/aktion.fi\/fi\/kalatalous\/kalaleader-strategia\/\">\u00c4lyk\u00e4s resilienssi elinvoimaisesta merest\u00e4. <\/a><\/p>\n<p>Kyl\u00e4toiminta pyrkii lis\u00e4\u00e4m\u00e4\u00e4n kyl\u00e4yhdistysten ja yksityishenkil\u00f6iden m\u00e4\u00e4r\u00e4\u00e4 Aktion \u00d6sterbotten r.f.:n j\u00e4senin\u00e4 lis\u00e4\u00e4m\u00e4ll\u00e4 tietoisuutta Aktion \u00d6sterbotten r.f.:n kyl\u00e4toiminnasta. Kyl\u00e4toimintaa kohtavat kyl\u00e4toimikunta ja kyl\u00e4koordinaattori. Kyl\u00e4ty\u00f6ryhm\u00e4n j\u00e4senet valitsee Aktion \u00d6sterbottenin syyskokous (6-8 henkil\u00f6\u00e4). Toimintaa rahoitetaan valtionavustuksella, joka kanavoidaan Suomen Kyl\u00e4t ry:n kautta, sek\u00e4 mahdollisilla omilla hankkeilla.<\/p>\n<p>&nbsp;<\/p>\n<p>[\/et_pb_text][\/et_pb_column][\/et_pb_row][\/et_pb_section][et_pb_section fb_built=&#8221;1&#8243; module_id=&#8221;our-op&#8221; _builder_version=&#8221;4.22.1&#8243; _module_preset=&#8221;default&#8221; custom_padding=&#8221;48px||90px||false|false&#8221; locked=&#8221;off&#8221; global_colors_info=&#8221;{}&#8221;][et_pb_row column_structure=&#8221;1_2,1_2&#8243; _builder_version=&#8221;4.22.1&#8243; _module_preset=&#8221;default&#8221; custom_margin=&#8221;||50px||false|false&#8221; custom_padding=&#8221;0px||0px||true|false&#8221; global_colors_info=&#8221;{}&#8221;][et_pb_column type=&#8221;1_2&#8243; _builder_version=&#8221;4.22.1&#8243; _module_preset=&#8221;default&#8221; global_colors_info=&#8221;{}&#8221;][et_pb_blurb title=&#8221;Strategia&#8221; image=&#8221;http:\/\/aktion.fi\/wp-content\/uploads\/2024\/06\/kotisivukuvake-2.png&#8221; module_class=&#8221;blbtp1&#8243; _builder_version=&#8221;4.22.1&#8243; _module_preset=&#8221;default&#8221; header_level=&#8221;h3&#8243; header_text_color=&#8221;#0070A8&#8243; header_font_size=&#8221;22px&#8221; body_font=&#8221;|300|||||||&#8221; locked=&#8221;off&#8221; global_colors_info=&#8221;{}&#8221;]<\/p>\n<p>Strategiamme <strong>Meid\u00e4n Pohjanmaamme<\/strong> on meid\u00e4n yhteinen kehitt\u00e4mistavoitteemme luoda paikka, jossa on edellytykset rakentaa hyv\u00e4\u00e4 ja kest\u00e4v\u00e4\u00e4 tulevaisuutta.<\/p>\n<p>[\/et_pb_blurb][et_pb_button button_url=&#8221;https:\/\/aktion.fi\/fi\/strategia\/&#8221; button_text=&#8221;Lue lis\u00e4\u00e4&#8221; module_class=&#8221;rmbtnlnk3&#8243; _builder_version=&#8221;4.27.4&#8243; _module_preset=&#8221;default&#8221; custom_button=&#8221;on&#8221; button_text_size=&#8221;16px&#8221; button_bg_color=&#8221;RGBA(255,255,255,0)&#8221; button_border_width=&#8221;0px&#8221; button_icon=&#8221;&#x35;||divi||400&#8243; button_on_hover=&#8221;off&#8221; custom_padding=&#8221;0px|0px|0px|0px|false|false&#8221; hover_enabled=&#8221;0&#8243; locked=&#8221;off&#8221; global_colors_info=&#8221;{}&#8221; sticky_enabled=&#8221;0&#8243;][\/et_pb_button][\/et_pb_column][et_pb_column type=&#8221;1_2&#8243; _builder_version=&#8221;4.22.1&#8243; _module_preset=&#8221;default&#8221; global_colors_info=&#8221;{}&#8221;][et_pb_blurb title=&#8221;Omat projektimme&#8221; image=&#8221;http:\/\/aktion.fi\/wp-content\/uploads\/2023\/10\/Investeringar.jpg&#8221; module_class=&#8221;blbtp1&#8243; _builder_version=&#8221;4.22.1&#8243; _module_preset=&#8221;default&#8221; header_level=&#8221;h3&#8243; header_text_color=&#8221;#0070A8&#8243; header_font_size=&#8221;22px&#8221; body_font=&#8221;|300|||||||&#8221; locked=&#8221;off&#8221; global_colors_info=&#8221;{}&#8221;]<\/p>\n<p><span>Me toteutamme my\u00f6s omia projekteja, jotka tukevat strategiaamme.<\/span><\/p>\n<p>[\/et_pb_blurb][et_pb_button button_url=&#8221;https:\/\/aktion.fi\/aktionosterbotten\/varaprojekt\/&#8221; button_text=&#8221;Lue lis\u00e4\u00e4&#8221; module_class=&#8221;rmbtnlnk3&#8243; _builder_version=&#8221;4.22.1&#8243; _module_preset=&#8221;default&#8221; custom_button=&#8221;on&#8221; button_text_size=&#8221;16px&#8221; button_bg_color=&#8221;RGBA(255,255,255,0)&#8221; button_border_width=&#8221;0px&#8221; button_icon=&#8221;&#x35;||divi||400&#8243; button_on_hover=&#8221;off&#8221; custom_padding=&#8221;0px|0px|0px|0px|false|false&#8221; locked=&#8221;off&#8221; global_colors_info=&#8221;{}&#8221;][\/et_pb_button][\/et_pb_column][\/et_pb_row][et_pb_row column_structure=&#8221;1_3,1_3,1_3&#8243; _builder_version=&#8221;4.22.1&#8243; _module_preset=&#8221;default&#8221; custom_padding=&#8221;0px||0px||true|false&#8221; global_colors_info=&#8221;{}&#8221;][et_pb_column type=&#8221;1_3&#8243; _builder_version=&#8221;4.22.1&#8243; _module_preset=&#8221;default&#8221; global_colors_info=&#8221;{}&#8221;][et_pb_blurb title=&#8221;Yhteystiedot&#8221; image=&#8221;http:\/\/aktion.fi\/wp-content\/uploads\/2023\/10\/Yhteystiedot.jpg&#8221; module_class=&#8221;blbtp1&#8243; _builder_version=&#8221;4.22.1&#8243; _module_preset=&#8221;default&#8221; header_level=&#8221;h3&#8243; header_text_color=&#8221;#0070A8&#8243; body_font=&#8221;|300|||||||&#8221; global_colors_info=&#8221;{}&#8221;]<\/p>\n<p><span>T\u00e4\u00e4lt\u00e4 l\u00f6yd\u00e4t henkil\u00f6st\u00f6mme yhteystiedot. <\/span><span style=\"font-size: 16px;\">\u00c4l\u00e4 ep\u00e4r\u00f6i ottaa meihin yhteytt\u00e4!<\/span><\/p>\n<p>[\/et_pb_blurb][et_pb_button button_url=&#8221;https:\/\/aktion.fi\/aktionosterbotten\/kontaktaoss\/&#8221; button_text=&#8221;Lue lis\u00e4\u00e4&#8221; module_class=&#8221;rmbtnlnk3&#8243; _builder_version=&#8221;4.22.1&#8243; _module_preset=&#8221;default&#8221; custom_button=&#8221;on&#8221; button_text_size=&#8221;16px&#8221; button_bg_color=&#8221;RGBA(255,255,255,0)&#8221; button_border_width=&#8221;0px&#8221; button_icon=&#8221;&#x35;||divi||400&#8243; button_on_hover=&#8221;off&#8221; custom_padding=&#8221;0px|0px|0px|0px|false|false&#8221; global_colors_info=&#8221;{}&#8221;][\/et_pb_button][\/et_pb_column][et_pb_column type=&#8221;1_3&#8243; _builder_version=&#8221;4.22.1&#8243; _module_preset=&#8221;default&#8221; global_colors_info=&#8221;{}&#8221;][et_pb_blurb title=&#8221;Hallitus ja komiteat&#8221; image=&#8221;http:\/\/aktion.fi\/wp-content\/uploads\/2023\/10\/Hallitus-ja-jaostot.jpg&#8221; module_class=&#8221;blbtp1&#8243; _builder_version=&#8221;4.22.1&#8243; _module_preset=&#8221;default&#8221; header_level=&#8221;h3&#8243; header_text_color=&#8221;#0070A8&#8243; body_font=&#8221;|300|||||||&#8221; locked=&#8221;off&#8221; global_colors_info=&#8221;{}&#8221;]<\/p>\n<p><span>Ty\u00f6t\u00e4mme ohjaavat Leader-ryhm\u00e4n hallitus,<\/span> <span>kyl\u00e4toimikunta ja kalaleader-ty\u00f6ryhm\u00e4. <\/span><\/p>\n<p>[\/et_pb_blurb][et_pb_button button_url=&#8221;https:\/\/aktion.fi\/aktionosterbotten\/styrelsen\/&#8221; button_text=&#8221;Lue lis\u00e4\u00e4&#8221; module_class=&#8221;rmbtnlnk3&#8243; _builder_version=&#8221;4.22.1&#8243; _module_preset=&#8221;default&#8221; custom_button=&#8221;on&#8221; button_text_size=&#8221;16px&#8221; button_bg_color=&#8221;RGBA(255,255,255,0)&#8221; button_border_width=&#8221;0px&#8221; button_icon=&#8221;&#x35;||divi||400&#8243; button_on_hover=&#8221;off&#8221; custom_padding=&#8221;0px|0px|0px|0px|false|false&#8221; locked=&#8221;off&#8221; global_colors_info=&#8221;{}&#8221;][\/et_pb_button][\/et_pb_column][et_pb_column type=&#8221;1_3&#8243; _builder_version=&#8221;4.22.1&#8243; _module_preset=&#8221;default&#8221; global_colors_info=&#8221;{}&#8221;][et_pb_blurb title=&#8221;J\u00e4seninfo&#8221; image=&#8221;http:\/\/aktion.fi\/wp-content\/uploads\/2023\/09\/Liity-jasenneeksi.jpg&#8221; module_class=&#8221;blbtp1&#8243; _builder_version=&#8221;4.22.1&#8243; _module_preset=&#8221;default&#8221; header_level=&#8221;h3&#8243; header_text_color=&#8221;#0070A8&#8243; body_font=&#8221;|300|||||||&#8221; locked=&#8221;off&#8221; global_colors_info=&#8221;{}&#8221;]<\/p>\n<p>Tietoa siit\u00e4, miten voit liitty\u00e4 j\u00e4seneksi ja vuosikokousp\u00e4iv\u00e4m\u00e4\u00e4rist\u00e4.<\/p>\n<p>[\/et_pb_blurb][et_pb_button button_url=&#8221;https:\/\/aktion.fi\/aktionosterbotten\/blimedlem\/&#8221; button_text=&#8221;Lue lis\u00e4\u00e4&#8221; module_class=&#8221;rmbtnlnk3&#8243; _builder_version=&#8221;4.22.1&#8243; _module_preset=&#8221;default&#8221; custom_button=&#8221;on&#8221; button_text_size=&#8221;16px&#8221; button_bg_color=&#8221;RGBA(255,255,255,0)&#8221; button_border_width=&#8221;0px&#8221; button_icon=&#8221;&#x35;||divi||400&#8243; button_on_hover=&#8221;off&#8221; custom_padding=&#8221;0px|0px|0px|0px|false|false&#8221; locked=&#8221;off&#8221; global_colors_info=&#8221;{}&#8221;][\/et_pb_button][\/et_pb_column][\/et_pb_row][\/et_pb_section]<\/p>\n","protected":false},"excerpt":{"rendered":"<p>\t\t\t<!-- Flexy Breadcrumb -->\r\n\t\t\t<div class=\"fbc fbc-page\">\r\n\r\n\t\t\t\t<!-- Breadcrumb wrapper -->\r\n\t\t\t\t<div class=\"fbc-wrap\">\r\n\r\n\t\t\t\t\t<!-- Ordered list-->\r\n\t\t\t\t\t<ol class=\"fbc-items\" itemscope itemtype=\"https:\/\/schema.org\/BreadcrumbList\">\r\n\t\t\t\t\t\t            <li itemprop=\"itemListElement\" itemscope itemtype=\"https:\/\/schema.org\/ListItem\">\r\n                <span itemprop=\"name\">\r\n                    <!-- Home Link -->\r\n                    <a itemprop=\"item\" href=\"https:\/\/aktion.fi\">\r\n                    \r\n                                                    <i class=\"fa fa-home\" aria-hidden=\"true\"><\/i>Home                    <\/a>\r\n                <\/span>\r\n                <meta itemprop=\"position\" content=\"1\" \/><!-- Meta Position-->\r\n             <\/li><li><span class=\"fbc-separator\">\/<\/span><\/li><li class=\"active\" itemprop=\"itemListElement\" itemscope itemtype=\"https:\/\/schema.org\/ListItem\"><span itemprop=\"name\" title=\"Blogi\">Blogi<\/span><meta itemprop=\"position\" content=\"2\" \/><\/li>\t\t\t\t\t<\/ol>\r\n\t\t\t\t\t<div class=\"clearfix\"><\/div>\r\n\t\t\t\t<\/div>\r\n\t\t\t<\/div>\r\n\t\t\tAktion \u00d6sterbottenAktion \u00d6sterbotten r.f. on poliittisesti sitoutumaton etuj\u00e4rjest\u00f6, joka edist\u00e4\u00e4 maaseudun kehityst\u00e4 alueellaan ja tekee yhteisty\u00f6t\u00e4 organisaatioiden ja yhdistysten kanssa, jotka harjoittavat paikallista innovatiivista kehitysty\u00f6t\u00e4. Me Aktion \u00d6sterbottenilla haluamme olla [&hellip;]<\/p>\n","protected":false},"author":3,"featured_media":0,"parent":304551,"menu_order":0,"comment_status":"closed","ping_status":"closed","template":"","meta":{"_acf_changed":false,"_et_pb_use_builder":"on","_et_pb_old_content":"","_et_gb_content_width":"","footnotes":""},"class_list":["post-305714","page","type-page","status-publish","hentry"],"acf":[],"_links":{"self":[{"href":"https:\/\/aktion.fi\/fi\/wp-json\/wp\/v2\/pages\/305714","targetHints":{"allow":["GET"]}}],"collection":[{"href":"https:\/\/aktion.fi\/fi\/wp-json\/wp\/v2\/pages"}],"about":[{"href":"https:\/\/aktion.fi\/fi\/wp-json\/wp\/v2\/types\/page"}],"author":[{"embeddable":true,"href":"https:\/\/aktion.fi\/fi\/wp-json\/wp\/v2\/users\/3"}],"replies":[{"embeddable":true,"href":"https:\/\/aktion.fi\/fi\/wp-json\/wp\/v2\/comments?post=305714"}],"version-history":[{"count":5,"href":"https:\/\/aktion.fi\/fi\/wp-json\/wp\/v2\/pages\/305714\/revisions"}],"predecessor-version":[{"id":312054,"href":"https:\/\/aktion.fi\/fi\/wp-json\/wp\/v2\/pages\/305714\/revisions\/312054"}],"up":[{"embeddable":true,"href":"https:\/\/aktion.fi\/fi\/wp-json\/wp\/v2\/pages\/304551"}],"wp:attachment":[{"href":"https:\/\/aktion.fi\/fi\/wp-json\/wp\/v2\/media?parent=305714"}],"curies":[{"name":"wp","href":"https:\/\/api.w.org\/{rel}","templated":true}]}}