{"id":311393,"date":"2025-01-10T10:04:37","date_gmt":"2025-01-10T07:04:37","guid":{"rendered":"https:\/\/aktion.fi\/?post_type=project&#038;p=311393"},"modified":"2025-12-04T14:18:30","modified_gmt":"2025-12-04T11:18:30","slug":"opintomatka-sloveniaan","status":"publish","type":"project","link":"https:\/\/aktion.fi\/fi\/project\/opintomatka-sloveniaan\/","title":{"rendered":"OPINTOMATKA SLOVENIAAN"},"content":{"rendered":"<p>[et_pb_section fb_built=&#8221;1&#8243; module_id=&#8221;mbantp2&#8243; _builder_version=&#8221;4.22.1&#8243; _module_preset=&#8221;default&#8221; background_color=&#8221;#FFFFFF&#8221; background_image=&#8221;http:\/\/aktion.fi\/wp-content\/uploads\/2023\/10\/Aktion-osterbotten.jpg&#8221; module_alignment=&#8221;center&#8221; custom_padding=&#8221;6%|20%|6%|20%|true|true&#8221; saved_tabs=&#8221;all&#8221; locked=&#8221;off&#8221; global_colors_info=&#8221;{}&#8221; theme_builder_area=&#8221;post_content&#8221;][et_pb_row module_id=&#8221;brdcrms&#8221; _builder_version=&#8221;4.22.1&#8243; _module_preset=&#8221;default&#8221; global_colors_info=&#8221;{}&#8221; theme_builder_area=&#8221;post_content&#8221;][et_pb_column type=&#8221;4_4&#8243; _builder_version=&#8221;4.22.1&#8243; _module_preset=&#8221;default&#8221; global_colors_info=&#8221;{}&#8221; theme_builder_area=&#8221;post_content&#8221;][et_pb_text _builder_version=&#8221;4.22.1&#8243; _module_preset=&#8221;default&#8221; global_colors_info=&#8221;{}&#8221; theme_builder_area=&#8221;post_content&#8221;]<\/p>\n\t\t\t<!-- Flexy Breadcrumb -->\r\n\t\t\t<div class=\"fbc fbc-page\">\r\n\r\n\t\t\t\t<!-- Breadcrumb wrapper -->\r\n\t\t\t\t<div class=\"fbc-wrap\">\r\n\r\n\t\t\t\t\t<!-- Ordered list-->\r\n\t\t\t\t\t<ol class=\"fbc-items\" itemscope itemtype=\"https:\/\/schema.org\/BreadcrumbList\">\r\n\t\t\t\t\t\t            <li itemprop=\"itemListElement\" itemscope itemtype=\"https:\/\/schema.org\/ListItem\">\r\n                <span itemprop=\"name\">\r\n                    <!-- Home Link -->\r\n                    <a itemprop=\"item\" href=\"https:\/\/aktion.fi\">\r\n                    \r\n                                                    <i class=\"fa fa-home\" aria-hidden=\"true\"><\/i>Home                    <\/a>\r\n                <\/span>\r\n                <meta itemprop=\"position\" content=\"1\" \/><!-- Meta Position-->\r\n             <\/li><li><span class=\"fbc-separator\">\/<\/span><\/li><li class=\"active\" itemprop=\"itemListElement\" itemscope itemtype=\"https:\/\/schema.org\/ListItem\"><span itemprop=\"name\" title=\"Blogi\">Blogi<\/span><meta itemprop=\"position\" content=\"2\" \/><\/li>\t\t\t\t\t<\/ol>\r\n\t\t\t\t\t<div class=\"clearfix\"><\/div>\r\n\t\t\t\t<\/div>\r\n\t\t\t<\/div>\r\n\t\t\t\n<p>[\/et_pb_text][\/et_pb_column][\/et_pb_row][et_pb_row module_id=&#8221;inpghdng&#8221; _builder_version=&#8221;4.22.1&#8243; _module_preset=&#8221;default&#8221; global_colors_info=&#8221;{}&#8221; theme_builder_area=&#8221;post_content&#8221;][et_pb_column type=&#8221;4_4&#8243; _builder_version=&#8221;4.22.1&#8243; _module_preset=&#8221;default&#8221; global_colors_info=&#8221;{}&#8221; theme_builder_area=&#8221;post_content&#8221;][et_pb_text _builder_version=&#8221;4.22.1&#8243; _module_preset=&#8221;default&#8221; header_text_color=&#8221;#FFFFFF&#8221; header_font_size=&#8221;60px&#8221; header_font_size_tablet=&#8221;50px&#8221; header_font_size_phone=&#8221;40px&#8221; header_font_size_last_edited=&#8221;on|phone&#8221; header_text_shadow_style=&#8221;preset2&#8243; header_text_shadow_horizontal_length=&#8221;0.01em&#8221; header_text_shadow_vertical_length=&#8221;0.03em&#8221; global_colors_info=&#8221;{}&#8221; theme_builder_area=&#8221;post_content&#8221;]<\/p>\n<h1><span class=\"OYPEnA font-feature-liga-off font-feature-clig-off font-feature-calt-off text-decoration-none text-strikethrough-none\">OPINTOMATKA<\/span> SLOVENIAAN 17.-20.6.2024<\/h1>\n<p>[\/et_pb_text][\/et_pb_column][\/et_pb_row][\/et_pb_section][et_pb_section fb_built=&#8221;1&#8243; _builder_version=&#8221;4.22.1&#8243; _module_preset=&#8221;default&#8221; custom_padding=&#8221;80px||||false|false&#8221; locked=&#8221;off&#8221; global_colors_info=&#8221;{}&#8221; theme_builder_area=&#8221;post_content&#8221;][et_pb_row _builder_version=&#8221;4.27.4&#8243; _module_preset=&#8221;default&#8221; max_width=&#8221;980px&#8221; custom_padding=&#8221;0px||14px||false|false&#8221; border_style_all=&#8221;none&#8221; border_width_bottom=&#8221;2px&#8221; border_color_bottom=&#8221;#E3DCD5&#8243; locked=&#8221;off&#8221; global_colors_info=&#8221;{}&#8221; theme_builder_area=&#8221;post_content&#8221;][et_pb_column type=&#8221;4_4&#8243; _builder_version=&#8221;4.22.1&#8243; _module_preset=&#8221;default&#8221; global_colors_info=&#8221;{}&#8221; theme_builder_area=&#8221;post_content&#8221;][et_pb_heading title=&#8221;OPINTOMATKA SLOVENIAAN 17.-20.6.2024&#8243; _builder_version=&#8221;4.22.1&#8243; _module_preset=&#8221;default&#8221; global_colors_info=&#8221;{}&#8221; theme_builder_area=&#8221;post_content&#8221;][\/et_pb_heading][\/et_pb_column][\/et_pb_row][et_pb_row _builder_version=&#8221;4.27.4&#8243; _module_preset=&#8221;default&#8221; max_width=&#8221;980px&#8221; custom_padding=&#8221;0px||60px||false|false&#8221; border_width_bottom=&#8221;2px&#8221; border_color_bottom=&#8221;#E3DCD5&#8243; locked=&#8221;off&#8221; global_colors_info=&#8221;{}&#8221; theme_builder_area=&#8221;post_content&#8221;][et_pb_column type=&#8221;4_4&#8243; _builder_version=&#8221;4.22.1&#8243; _module_preset=&#8221;default&#8221; global_colors_info=&#8221;{}&#8221; theme_builder_area=&#8221;post_content&#8221;][et_pb_image src=&#8221;https:\/\/aktion.fi\/wp-content\/uploads\/2025\/01\/Matriket-matkakertomukset-Slovenia-3.png&#8221; title_text=&#8221;Matriket matkakertomukset Slovenia (3)&#8221; _builder_version=&#8221;4.27.4&#8243; _module_preset=&#8221;default&#8221; hover_enabled=&#8221;0&#8243; global_colors_info=&#8221;{}&#8221; theme_builder_area=&#8221;post_content&#8221; sticky_enabled=&#8221;0&#8243;][\/et_pb_image][et_pb_text _builder_version=&#8221;4.22.1&#8243; _module_preset=&#8221;default&#8221; text_font=&#8221;|300|||||||&#8221; global_colors_info=&#8221;{}&#8221; theme_builder_area=&#8221;post_content&#8221;]<\/p>\n<h1><\/h1>\n<p><span class=\"OYPEnA font-feature-liga-off font-feature-clig-off font-feature-calt-off text-decoration-none text-strikethrough-none\">Projektin kansainv\u00e4lisen osuuden viimeinen opintomatka suuntautui Sloveniaan, joka on toiminut projektin p\u00e4\u00e4partnerina. Majoituimme Mekinje-luostarissa, mist\u00e4 k\u00e4sin tutustuimme l\u00e4hialueen toimijoihin. Ensimm\u00e4isen\u00e4 p\u00e4iv\u00e4n\u00e4 nousimme Velika Planina vuorille, jossa tutustuimme vuorten matkailutoimintoihin ja perinteiseen paimentolaiskyl\u00e4\u00e4n, jonne kyl\u00e4l\u00e4iset tuovat lehmi\u00e4 laiduntamaan kes\u00e4n ajaksi. Siell\u00e4 saimme my\u00f6s ty\u00f6n\u00e4yt\u00f6ksen perinteisest\u00e4 juuston valmistuksesta.<\/span><span class=\"OYPEnA font-feature-liga-off font-feature-clig-off font-feature-calt-off text-decoration-none text-strikethrough-none white-space-prewrap\"> <\/span><\/p>\n<p class=\"cvGsUA direction-ltr align-justify para-style-body\"><span style=\"font-size: 16px;\"><\/span><\/p>\n<h4><\/h4>\n<div class=\"mb-2 flex gap-3 empty:hidden -ml-2\">\n<div class=\"items-center justify-start rounded-xl p-1 flex\"><\/div>\n<\/div>\n<p>[\/et_pb_text][et_pb_image src=&#8221;https:\/\/aktion.fi\/wp-content\/uploads\/2025\/01\/Matriket-matkakertomukset-Slovenia.png&#8221; title_text=&#8221;Matriket matkakertomukset Slovenia&#8221; _builder_version=&#8221;4.27.4&#8243; _module_preset=&#8221;default&#8221; hover_enabled=&#8221;0&#8243; global_colors_info=&#8221;{}&#8221; theme_builder_area=&#8221;post_content&#8221; sticky_enabled=&#8221;0&#8243;][\/et_pb_image][et_pb_text _builder_version=&#8221;4.22.1&#8243; _module_preset=&#8221;default&#8221; text_font=&#8221;|300|||||||&#8221; global_colors_info=&#8221;{}&#8221; theme_builder_area=&#8221;post_content&#8221;]<\/p>\n<h1><\/h1>\n<p><span class=\"OYPEnA font-feature-liga-off font-feature-clig-off font-feature-calt-off text-decoration-none text-strikethrough-none\">Toisena p\u00e4iv\u00e4n\u00e4 tutustuimme aamiaisen j\u00e4lkeen luostarin yrttipuutarhaan, jossa kasvatetaan kymmenitt\u00e4in yrttej\u00e4 joita hy\u00f6dynnet\u00e4\u00e4n omien tuotteiden valmistukseen.<\/span><span class=\"OYPEnA font-feature-liga-off font-feature-clig-off font-feature-calt-off text-decoration-none text-strikethrough-none white-space-prewrap\"> <\/span><span class=\"OYPEnA font-feature-liga-off font-feature-clig-off font-feature-calt-off text-decoration-none text-strikethrough-none\">Aamup\u00e4iv\u00e4ll\u00e4 osallistuimme konferenssiin, jossa osallistujamaat esitteliv\u00e4t omia parhaita k\u00e4yt\u00e4nt\u00f6j\u00e4\u00e4n lyhyist\u00e4 toimitusketjuista. Jonas Harald esitteli REKO-toimintamallia, jota olikin l\u00e4hdetty alueella jo kokeilemaan. <\/span><\/p>\n<p class=\"cvGsUA direction-ltr align-justify para-style-body\"><span style=\"font-size: 16px;\"><\/span><\/p>\n<h4><\/h4>\n<div class=\"mb-2 flex gap-3 empty:hidden -ml-2\">\n<div class=\"items-center justify-start rounded-xl p-1 flex\"><\/div>\n<\/div>\n<p>[\/et_pb_text][et_pb_image src=&#8221;https:\/\/aktion.fi\/wp-content\/uploads\/2025\/01\/Matriket-matkakertomukset-Slovenia-1.png&#8221; title_text=&#8221;Matriket matkakertomukset Slovenia (1)&#8221; _builder_version=&#8221;4.27.4&#8243; _module_preset=&#8221;default&#8221; hover_enabled=&#8221;0&#8243; global_colors_info=&#8221;{}&#8221; theme_builder_area=&#8221;post_content&#8221; sticky_enabled=&#8221;0&#8243;][\/et_pb_image][et_pb_text _builder_version=&#8221;4.22.1&#8243; _module_preset=&#8221;default&#8221; text_font=&#8221;|300|||||||&#8221; global_colors_info=&#8221;{}&#8221; theme_builder_area=&#8221;post_content&#8221;]<\/p>\n<h1><\/h1>\n<p><span class=\"OYPEnA font-feature-liga-off font-feature-clig-off font-feature-calt-off text-decoration-none text-strikethrough-none\">Lounaan j\u00e4lkeen vierailimme Homar-luomutilalla ja Kompostorna 1000 cvetov kompostointilaitoksella, jossa tutustuimme kompostointiin. Vierailimme my\u00f6s Pr&#8217; Ropet -opetustilalla, joka tarjoaa monipuolista koulutusta eri ik\u00e4ryhmille ja toimii esimerkkin\u00e4 yhteis\u00f6llisest\u00e4 maataloudesta. Tutustuimme lis\u00e4ksi paikalliseen pienpanimoon ja nautimme illallisen kalafarmilla.<\/span><\/p>\n<p class=\"cvGsUA direction-ltr align-justify para-style-body\"><span style=\"font-size: 16px;\"><\/span><\/p>\n<h4><\/h4>\n<div class=\"mb-2 flex gap-3 empty:hidden -ml-2\">\n<div class=\"items-center justify-start rounded-xl p-1 flex\"><\/div>\n<\/div>\n<p>[\/et_pb_text][et_pb_image src=&#8221;https:\/\/aktion.fi\/wp-content\/uploads\/2025\/01\/Matriket-matkakertomukset-Slovenia-2.png&#8221; _builder_version=&#8221;4.27.4&#8243; _module_preset=&#8221;default&#8221; theme_builder_area=&#8221;post_content&#8221; title_text=&#8221;Matriket matkakertomukset Slovenia (2)&#8221; hover_enabled=&#8221;0&#8243; sticky_enabled=&#8221;0&#8243;][\/et_pb_image][et_pb_text _builder_version=&#8221;4.22.1&#8243; _module_preset=&#8221;default&#8221; text_font=&#8221;|300|||||||&#8221; global_colors_info=&#8221;{}&#8221; theme_builder_area=&#8221;post_content&#8221;]<\/p>\n<h1><\/h1>\n<p><span class=\"OYPEnA font-feature-liga-off font-feature-clig-off font-feature-calt-off text-decoration-none text-strikethrough-none\">Kolmantena p\u00e4iv\u00e4n\u00e4 tutustuimme Kamnik-Savinjan alueeseen ja kuulimme puhtaiden luonnonvesien kehitt\u00e4mishankkeesta ja saimme nauttia kauniiden maisemien lis\u00e4ksi raikkaasta l\u00e4hdevedest\u00e4. Patikoinnin j\u00e4lkeen tutustuimme Farm Pr\u2019Flajsman maatilaan, joka on perinteinen slovenialainen maatila, joka tuottaa erilaisia vihanneksia joita myyd\u00e4\u00e4n viikottain markkinoilla. Maatilan j\u00e4lkeen vierailimme paikallisessa koulussa, jossa oli oma puutarha jota lapset hoitivat osana opetusta.<\/span><span class=\"OYPEnA font-feature-liga-off font-feature-clig-off font-feature-calt-off text-decoration-none text-strikethrough-none white-space-prewrap\"> <\/span><span class=\"OYPEnA font-feature-liga-off font-feature-clig-off font-feature-calt-off text-decoration-none text-strikethrough-none\">Illalla p\u00e4\u00e4simme tutustumaan Dobrote Dolenjske yritykseen, joka liiketoimintamalli oli kiinnostava. He tuottivat eri tuottajien raaka-aineista erilaisia ruokatuotteita saman br\u00e4ndin alla. P\u00e4iv\u00e4llisen nautimme kyl\u00e4keskuksessa, jossa toimi my\u00f6s mehil\u00e4isyhdistys.<\/span><\/p>\n<p>&nbsp;<\/p>\n<p>&nbsp;<\/p>\n<p class=\"cvGsUA direction-ltr align-justify para-style-body\"><span style=\"font-size: 16px;\"><\/span><\/p>\n<h4><\/h4>\n<div class=\"mb-2 flex gap-3 empty:hidden -ml-2\">\n<div class=\"items-center justify-start rounded-xl p-1 flex\"><\/div>\n<\/div>\n<p>[\/et_pb_text][\/et_pb_column][\/et_pb_row][\/et_pb_section]<\/p>\n","protected":false},"excerpt":{"rendered":"<p>\t\t\t<!-- Flexy Breadcrumb -->\r\n\t\t\t<div class=\"fbc fbc-page\">\r\n\r\n\t\t\t\t<!-- Breadcrumb wrapper -->\r\n\t\t\t\t<div class=\"fbc-wrap\">\r\n\r\n\t\t\t\t\t<!-- Ordered list-->\r\n\t\t\t\t\t<ol class=\"fbc-items\" itemscope itemtype=\"https:\/\/schema.org\/BreadcrumbList\">\r\n\t\t\t\t\t\t            <li itemprop=\"itemListElement\" itemscope itemtype=\"https:\/\/schema.org\/ListItem\">\r\n                <span itemprop=\"name\">\r\n                    <!-- Home Link -->\r\n                    <a itemprop=\"item\" href=\"https:\/\/aktion.fi\">\r\n                    \r\n                                                    <i class=\"fa fa-home\" aria-hidden=\"true\"><\/i>Home                    <\/a>\r\n                <\/span>\r\n                <meta itemprop=\"position\" content=\"1\" \/><!-- Meta Position-->\r\n             <\/li><li><span class=\"fbc-separator\">\/<\/span><\/li><li class=\"active\" itemprop=\"itemListElement\" itemscope itemtype=\"https:\/\/schema.org\/ListItem\"><span itemprop=\"name\" title=\"Blogi\">Blogi<\/span><meta itemprop=\"position\" content=\"2\" \/><\/li>\t\t\t\t\t<\/ol>\r\n\t\t\t\t\t<div class=\"clearfix\"><\/div>\r\n\t\t\t\t<\/div>\r\n\t\t\t<\/div>\r\n\t\t\tOPINTOMATKA SLOVENIAAN 17.-20.6.2024 Projektin kansainv\u00e4lisen osuuden viimeinen opintomatka suuntautui Sloveniaan, joka on toiminut projektin p\u00e4\u00e4partnerina. Majoituimme Mekinje-luostarissa, mist\u00e4 k\u00e4sin tutustuimme l\u00e4hialueen toimijoihin. Ensimm\u00e4isen\u00e4 p\u00e4iv\u00e4n\u00e4 nousimme Velika Planina vuorille, jossa tutustuimme [&hellip;]<\/p>\n","protected":false},"author":3,"featured_media":0,"template":"","meta":{"_acf_changed":false,"_et_pb_use_builder":"on","_et_pb_old_content":"","_et_gb_content_width":"","footnotes":""},"project_category":[202],"project_tag":[],"class_list":["post-311393","project","type-project","status-publish","hentry","project_category-slovenia"],"acf":[],"_links":{"self":[{"href":"https:\/\/aktion.fi\/fi\/wp-json\/wp\/v2\/project\/311393","targetHints":{"allow":["GET"]}}],"collection":[{"href":"https:\/\/aktion.fi\/fi\/wp-json\/wp\/v2\/project"}],"about":[{"href":"https:\/\/aktion.fi\/fi\/wp-json\/wp\/v2\/types\/project"}],"author":[{"embeddable":true,"href":"https:\/\/aktion.fi\/fi\/wp-json\/wp\/v2\/users\/3"}],"version-history":[{"count":2,"href":"https:\/\/aktion.fi\/fi\/wp-json\/wp\/v2\/project\/311393\/revisions"}],"predecessor-version":[{"id":311411,"href":"https:\/\/aktion.fi\/fi\/wp-json\/wp\/v2\/project\/311393\/revisions\/311411"}],"wp:attachment":[{"href":"https:\/\/aktion.fi\/fi\/wp-json\/wp\/v2\/media?parent=311393"}],"wp:term":[{"taxonomy":"project_category","embeddable":true,"href":"https:\/\/aktion.fi\/fi\/wp-json\/wp\/v2\/project_category?post=311393"},{"taxonomy":"project_tag","embeddable":true,"href":"https:\/\/aktion.fi\/fi\/wp-json\/wp\/v2\/project_tag?post=311393"}],"curies":[{"name":"wp","href":"https:\/\/api.w.org\/{rel}","templated":true}]}}